{"id":5043,"date":"2023-07-19T18:04:26","date_gmt":"2023-07-20T00:04:26","guid":{"rendered":"https:\/\/jacophotographer.com\/photography\/blanco-y-negro\/"},"modified":"2025-10-30T15:39:27","modified_gmt":"2025-10-30T21:39:27","slug":"blanco-y-negro","status":"publish","type":"avada_portfolio","link":"https:\/\/jacophotographer.com\/es\/photography\/blanco-y-negro\/","title":{"rendered":"BLANCO Y NEGRO"},"content":{"rendered":"<p><div class=\"fusion-fullwidth fullwidth-box fusion-builder-row-1 fusion-flex-container fusion-parallax-none nonhundred-percent-fullwidth non-hundred-percent-height-scrolling\" style=\"--awb-border-radius-top-left:0px;--awb-border-radius-top-right:0px;--awb-border-radius-bottom-right:0px;--awb-border-radius-bottom-left:0px;--awb-padding-right:5%;--awb-padding-left:5%;--awb-min-height:400px;--awb-background-image:url(&quot;https:\/\/jacophotographer.com\/wp-content\/uploads\/2023\/07\/Black-White-Photography-Costa-Rica-1.jpeg&quot;);--awb-background-size:cover;--awb-flex-wrap:wrap;\" ><div class=\"fusion-builder-row fusion-row fusion-flex-align-items-flex-start fusion-flex-content-wrap\" style=\"max-width:1331.2px;margin-left: calc(-4% \/ 2 );margin-right: calc(-4% \/ 2 );\"><\/div><\/div><div class=\"fusion-fullwidth fullwidth-box fusion-builder-row-2 fusion-flex-container nonhundred-percent-fullwidth non-hundred-percent-height-scrolling\" style=\"--link_hover_color: #00bcd4;--awb-background-position:left top;--awb-border-sizes-top:0px;--awb-border-sizes-bottom:0px;--awb-border-sizes-left:0px;--awb-border-sizes-right:0px;--awb-border-radius-top-left:0px;--awb-border-radius-top-right:0px;--awb-border-radius-bottom-right:0px;--awb-border-radius-bottom-left:0px;--awb-padding-top:50px;--awb-padding-right:5%;--awb-padding-bottom:50px;--awb-padding-left:5%;--awb-flex-wrap:wrap;\" ><div class=\"fusion-builder-row fusion-row fusion-flex-align-items-center fusion-flex-content-wrap\" style=\"max-width:calc( 1280px + 10px );margin-left: calc(-10px \/ 2 );margin-right: calc(-10px \/ 2 );\"><div class=\"fusion-layout-column fusion_builder_column fusion-builder-column-0 fusion_builder_column_1_1 1_1 fusion-flex-column\" style=\"--awb-padding-right:0px;--awb-padding-left:0px;--awb-padding-right-medium:0px;--awb-padding-left-medium:0px;--awb-padding-right-small:0px;--awb-padding-left-small:0px;--awb-bg-position:center top;--awb-bg-size:cover;--awb-width-large:100%;--awb-margin-top-large:0px;--awb-spacing-right-large:20px;--awb-margin-bottom-large:20px;--awb-spacing-left-large:5px;--awb-width-medium:100%;--awb-order-medium:0;--awb-spacing-right-medium:5px;--awb-spacing-left-medium:5px;--awb-width-small:100%;--awb-order-small:0;--awb-spacing-right-small:5px;--awb-spacing-left-small:5px;\"><div class=\"fusion-column-wrapper fusion-column-has-shadow fusion-flex-justify-content-flex-start fusion-content-layout-column\"><div class=\"fusion-title title fusion-title-1 fusion-sep-none fusion-title-text fusion-title-size-four\" style=\"--awb-text-color:var(--awb-color1);--awb-margin-top-small:0px;--awb-margin-right-small:0px;--awb-margin-bottom-small:0px;--awb-margin-left-small:0px;--awb-margin-bottom-medium:10px;--awb-font-size:var(--awb-typography2-font-size);\"><h4 class=\"fusion-title-heading title-heading-left fusion-responsive-typography-calculated\" style=\"font-family:var(--awb-typography2-font-family);font-weight:var(--awb-typography2-font-weight);font-style:var(--awb-typography2-font-style);margin:0;letter-spacing:var(--awb-typography2-letter-spacing);text-transform:var(--awb-typography2-text-transform);font-size:1em;--fontSize:25;--minFontSize:25;line-height:var(--awb-typography2-line-height);\">A\u00f1ade un toque perfecto de textura.<\/h4><\/div><div class=\"fusion-title title fusion-title-2 fusion-sep-none fusion-title-text fusion-title-size-one\" style=\"--awb-text-color:var(--awb-color8);--awb-margin-top-small:0px;--awb-margin-right-small:0px;--awb-margin-bottom-small:0px;--awb-margin-left-small:0px;--awb-margin-bottom-medium:5px;--awb-font-size:var(--awb-typography1-font-size);\"><h1 class=\"fusion-title-heading title-heading-left fusion-responsive-typography-calculated\" style=\"font-family:var(--awb-typography1-font-family);font-weight:var(--awb-typography1-font-weight);font-style:var(--awb-typography1-font-style);margin:0;letter-spacing:var(--awb-typography1-letter-spacing);text-transform:var(--awb-typography1-text-transform);font-size:1em;--fontSize:45;line-height:var(--awb-typography1-line-height);\">BLANCO Y NEGRO<\/h1><\/div><div class=\"fusion-title title fusion-title-3 fusion-sep-none fusion-title-text fusion-title-size-five\" style=\"--awb-margin-bottom:10px;--awb-margin-top-small:0px;--awb-margin-right-small:0px;--awb-margin-bottom-small:10px;--awb-margin-left-small:0px;--awb-margin-bottom-medium:10px;--awb-font-size:var(--awb-typography3-font-size);\"><h5 class=\"fusion-title-heading title-heading-left fusion-responsive-typography-calculated\" style=\"font-family:var(--awb-typography3-font-family);font-weight:var(--awb-typography3-font-weight);font-style:var(--awb-typography3-font-style);margin:0;letter-spacing:var(--awb-typography3-letter-spacing);text-transform:var(--awb-typography3-text-transform);font-size:1em;--fontSize:20;--minFontSize:20;line-height:var(--awb-typography3-line-height);\">Por Pacific Photography Costa Rica<\/h5><\/div><nav class=\"fusion-breadcrumbs fusion-breadcrumbs-1\" style=\"--awb-breadcrumb-sep:&#039;\/&#039;;\" aria-label=\"Breadcrumb\"><ol class=\"awb-breadcrumb-list\"><li class=\"fusion-breadcrumb-item\"  aria-hidden=\"true\"><span  class=\"fusion-breadcrumb-prefix\">Photography:<\/span><\/li><li class=\"fusion-breadcrumb-item awb-breadcrumb-sep awb-home\" ><a href=\"https:\/\/jacophotographer.com\/es\/\" class=\"fusion-breadcrumb-link\"><span >Home<\/span><\/a><\/li><\/ol><\/nav><div class=\"fusion-separator fusion-full-width-sep\" style=\"align-self: center;margin-left: auto;margin-right: auto;margin-bottom:25px;width:100%;\"><\/div><div class=\"fusion-text fusion-text-1 fusion-text-no-margin\" style=\"--awb-font-size:var(--awb-typography4-font-size);--awb-line-height:var(--awb-typography4-line-height);--awb-letter-spacing:var(--awb-typography4-letter-spacing);--awb-text-transform:var(--awb-typography4-text-transform);--awb-margin-top:0px;--awb-margin-right:0px;--awb-margin-bottom:25px;--awb-margin-left:0px;--awb-text-font-family:var(--awb-typography4-font-family);--awb-text-font-weight:var(--awb-typography4-font-weight);--awb-text-font-style:var(--awb-typography4-font-style);\"><p>La fotograf\u00eda en blanco y negro es una t\u00e9cnica que captura im\u00e1genes en tonos grises en lugar de en color. Se ha utilizado ampliamente a lo largo de la historia de la fotograf\u00eda y es admirada por su aspecto cl\u00e1sico e intemporal.<\/p>\n<p>Incluso hoy en d\u00eda, muchos fot\u00f3grafos eligen la fotograf\u00eda en blanco y negro para crear im\u00e1genes \u00fanicas y art\u00edsticas. Una de las razones por las que la fotograf\u00eda en blanco y negro es tan eficaz es que permite al espectador centrarse en el contraste y la textura del motivo. Sin la distracci\u00f3n del color, el ojo se centra en las formas y patrones de la imagen, lo que resulta en una experiencia visual m\u00e1s impactante.<\/p>\n<\/div><div class=\"fusion-builder-row fusion-builder-row-inner fusion-row fusion-flex-align-items-center fusion-flex-content-wrap\" style=\"--awb-flex-grow:0;--awb-flex-grow-medium:0;--awb-flex-grow-small:0;--awb-flex-shrink:0;--awb-flex-shrink-medium:0;--awb-flex-shrink-small:0;width:calc( 100% + 10px ) !important;max-width:calc( 100% + 10px ) !important;margin-left: calc(-10px \/ 2 );margin-right: calc(-10px \/ 2 );\"><div class=\"fusion-layout-column fusion_builder_column_inner fusion-builder-nested-column-0 fusion_builder_column_inner_1_1 1_1 fusion-flex-column\" style=\"--awb-bg-size:cover;--awb-width-large:100%;--awb-margin-top-large:0px;--awb-spacing-right-large:5px;--awb-margin-bottom-large:0px;--awb-spacing-left-large:5px;--awb-width-medium:100%;--awb-order-medium:0;--awb-spacing-right-medium:5px;--awb-spacing-left-medium:5px;--awb-width-small:100%;--awb-order-small:0;--awb-spacing-right-small:5px;--awb-spacing-left-small:5px;\"><div class=\"fusion-column-wrapper fusion-column-has-shadow fusion-flex-justify-content-flex-start fusion-content-layout-row fusion-flex-align-items-center\"><div ><a class=\"fusion-button button-flat fusion-button-default-size button-default fusion-button-default button-1 fusion-button-default-span fusion-button-default-type\" style=\"--awb-margin-top:5px;--awb-margin-right:5px;--awb-margin-bottom:5px;\" target=\"_self\" title=\"Precios de fotograf\u00eda en Costa Rica\" aria-label=\"Precios de fotograf\u00eda en Costa Rica\" href=\"https:\/\/jacophotographer.com\/photo-prices\/\"><span class=\"fusion-button-text awb-button__text awb-button__text--default\">Precios de fotograf\u00eda<\/span><i class=\"fa-camera fas awb-button__icon awb-button__icon--default button-icon-right\" aria-hidden=\"true\"><\/i><\/a><\/div><div ><a class=\"fusion-button button-flat fusion-button-default-size button-default fusion-button-default button-2 fusion-button-default-span fusion-button-default-type\" style=\"--awb-margin-top:5px;--awb-margin-bottom:5px;--awb-margin-left:5px;\" target=\"_self\" title=\"Precios de v\u00eddeo en Costa Rica\" aria-label=\"Precios de v\u00eddeo en Costa Rica\" href=\"https:\/\/jacophotographer.com\/video-prices\/\"><span class=\"fusion-button-text awb-button__text awb-button__text--default\">Precios de video<\/span><i class=\"fa-video fas awb-button__icon awb-button__icon--default button-icon-right\" aria-hidden=\"true\"><\/i><\/a><\/div><\/div><\/div><\/div><\/div><\/div><\/div><\/div><div class=\"fusion-fullwidth fullwidth-box fusion-builder-row-3 fusion-flex-container nonhundred-percent-fullwidth non-hundred-percent-height-scrolling\" style=\"--awb-border-radius-top-left:0px;--awb-border-radius-top-right:0px;--awb-border-radius-bottom-right:0px;--awb-border-radius-bottom-left:0px;--awb-padding-top:0px;--awb-padding-right:5%;--awb-padding-bottom:50px;--awb-padding-left:5%;--awb-flex-wrap:wrap;\" ><div class=\"fusion-builder-row fusion-row fusion-flex-align-items-center fusion-flex-justify-content-center fusion-flex-content-wrap\" style=\"max-width:1331.2px;margin-left: calc(-4% \/ 2 );margin-right: calc(-4% \/ 2 );\"><div class=\"fusion-layout-column fusion_builder_column fusion-builder-column-1 fusion_builder_column_1_1 1_1 fusion-flex-column\" style=\"--awb-bg-size:cover;--awb-width-large:100%;--awb-margin-top-large:0px;--awb-spacing-right-large:1.92%;--awb-margin-bottom-large:0px;--awb-spacing-left-large:1.92%;--awb-width-medium:100%;--awb-order-medium:0;--awb-spacing-right-medium:1.92%;--awb-spacing-left-medium:1.92%;--awb-width-small:100%;--awb-order-small:0;--awb-spacing-right-small:1.92%;--awb-spacing-left-small:1.92%;\"><div class=\"fusion-column-wrapper fusion-column-has-shadow fusion-flex-justify-content-flex-start fusion-content-layout-column\"><div class=\"awb-gallery-wrapper awb-gallery-wrapper-1 button-span-no\" style=\"--more-btn-alignment:center;margin-top:0PX;margin-right:0PX;margin-bottom:0PX;margin-left:0PX;\"><div style=\"margin:-5px;--awb-bordersize:0px;--awb-border-radius:20px;--awb-columns-medium:25%;--awb-columns-small:50%;\" class=\"fusion-gallery fusion-gallery-container fusion-grid-4 fusion-columns-total-26 fusion-gallery-layout-grid fusion-gallery-1\"><div style=\"padding:5px;\" class=\"fusion-grid-column fusion-gallery-column fusion-gallery-column-4 hover-type-none\"><div class=\"fusion-gallery-image\"><img decoding=\"async\" src=\"https:\/\/jacophotographer.com\/wp-content\/uploads\/2024\/04\/Black-White-Wedding-Photography-6.jpeg\" width=\"534\" height=\"800\" alt=\"Fotograf\u00eda en blanco y negro, fotograf\u00eda del Pac\u00edfico Costa Rica\" title=\"Fotograf\u00eda en blanco y negro, fotograf\u00eda del Pac\u00edfico Costa Rica\" aria-label=\"Fotograf\u00eda en blanco y negro, fotograf\u00eda del Pac\u00edfico Costa Rica\" class=\"img-responsive wp-image-6009\" srcset=\"https:\/\/jacophotographer.com\/wp-content\/uploads\/2024\/04\/Black-White-Wedding-Photography-6-200x300.jpeg 200w, https:\/\/jacophotographer.com\/wp-content\/uploads\/2024\/04\/Black-White-Wedding-Photography-6-400x599.jpeg 400w, https:\/\/jacophotographer.com\/wp-content\/uploads\/2024\/04\/Black-White-Wedding-Photography-6.jpeg 534w\" sizes=\"(min-width: 2200px) 100vw, (min-width: 870px) 316px, (min-width: 794px) 422px, (min-width: 717px) 633px, (min-width: 640px) 717px, \" \/><\/div><\/div><div style=\"padding:5px;\" class=\"fusion-grid-column fusion-gallery-column fusion-gallery-column-4 hover-type-none\"><div class=\"fusion-gallery-image\"><img decoding=\"async\" src=\"https:\/\/jacophotographer.com\/wp-content\/uploads\/2024\/04\/Black-White-Wedding-Photography-5.jpeg\" width=\"532\" height=\"800\" alt=\"Fotograf\u00eda en blanco y negro, fotograf\u00eda del Pac\u00edfico Costa Rica\" title=\"Fotograf\u00eda en blanco y negro, fotograf\u00eda del Pac\u00edfico Costa Rica\" aria-label=\"Fotograf\u00eda en blanco y negro, fotograf\u00eda del Pac\u00edfico Costa Rica\" class=\"img-responsive wp-image-6007\" srcset=\"https:\/\/jacophotographer.com\/wp-content\/uploads\/2024\/04\/Black-White-Wedding-Photography-5-200x301.jpeg 200w, https:\/\/jacophotographer.com\/wp-content\/uploads\/2024\/04\/Black-White-Wedding-Photography-5-400x602.jpeg 400w, https:\/\/jacophotographer.com\/wp-content\/uploads\/2024\/04\/Black-White-Wedding-Photography-5.jpeg 532w\" sizes=\"(min-width: 2200px) 100vw, (min-width: 870px) 316px, (min-width: 794px) 422px, (min-width: 717px) 633px, (min-width: 640px) 717px, \" \/><\/div><\/div><div style=\"padding:5px;\" class=\"fusion-grid-column fusion-gallery-column fusion-gallery-column-4 hover-type-none\"><div class=\"fusion-gallery-image\"><img decoding=\"async\" src=\"https:\/\/jacophotographer.com\/wp-content\/uploads\/2024\/04\/Black-White-Wedding-Photography-4.jpeg\" width=\"800\" height=\"532\" alt=\"Fotograf\u00eda en blanco y negro, fotograf\u00eda del Pac\u00edfico Costa Rica\" title=\"Fotograf\u00eda en blanco y negro, fotograf\u00eda del Pac\u00edfico Costa Rica\" aria-label=\"Fotograf\u00eda en blanco y negro, fotograf\u00eda del Pac\u00edfico Costa Rica\" class=\"img-responsive wp-image-6005\" srcset=\"https:\/\/jacophotographer.com\/wp-content\/uploads\/2024\/04\/Black-White-Wedding-Photography-4-200x133.jpeg 200w, https:\/\/jacophotographer.com\/wp-content\/uploads\/2024\/04\/Black-White-Wedding-Photography-4-400x266.jpeg 400w, https:\/\/jacophotographer.com\/wp-content\/uploads\/2024\/04\/Black-White-Wedding-Photography-4-600x399.jpeg 600w, https:\/\/jacophotographer.com\/wp-content\/uploads\/2024\/04\/Black-White-Wedding-Photography-4.jpeg 800w\" sizes=\"(min-width: 2200px) 100vw, (min-width: 870px) 316px, (min-width: 794px) 422px, (min-width: 717px) 633px, (min-width: 640px) 717px, \" \/><\/div><\/div><div style=\"padding:5px;\" class=\"fusion-grid-column fusion-gallery-column fusion-gallery-column-4 hover-type-none\"><div class=\"fusion-gallery-image\"><img decoding=\"async\" src=\"https:\/\/jacophotographer.com\/wp-content\/uploads\/2024\/04\/Black-White-Wedding-Photography-3.jpeg\" width=\"800\" height=\"532\" alt=\"Fotograf\u00eda en blanco y negro, fotograf\u00eda del Pac\u00edfico Costa Rica\" title=\"Fotograf\u00eda en blanco y negro, fotograf\u00eda del Pac\u00edfico Costa Rica\" aria-label=\"Fotograf\u00eda en blanco y negro, fotograf\u00eda del Pac\u00edfico Costa Rica\" class=\"img-responsive wp-image-6003\" srcset=\"https:\/\/jacophotographer.com\/wp-content\/uploads\/2024\/04\/Black-White-Wedding-Photography-3-200x133.jpeg 200w, https:\/\/jacophotographer.com\/wp-content\/uploads\/2024\/04\/Black-White-Wedding-Photography-3-400x266.jpeg 400w, https:\/\/jacophotographer.com\/wp-content\/uploads\/2024\/04\/Black-White-Wedding-Photography-3-600x399.jpeg 600w, https:\/\/jacophotographer.com\/wp-content\/uploads\/2024\/04\/Black-White-Wedding-Photography-3.jpeg 800w\" sizes=\"(min-width: 2200px) 100vw, (min-width: 870px) 316px, (min-width: 794px) 422px, (min-width: 717px) 633px, (min-width: 640px) 717px, \" \/><\/div><\/div><div class=\"clearfix\"><\/div><div style=\"padding:5px;\" class=\"fusion-grid-column fusion-gallery-column fusion-gallery-column-4 hover-type-none\"><div class=\"fusion-gallery-image\"><img decoding=\"async\" src=\"https:\/\/jacophotographer.com\/wp-content\/uploads\/2024\/04\/Black-White-Wedding-Photography-2.jpeg\" width=\"800\" height=\"532\" alt=\"Fotograf\u00eda en blanco y negro, fotograf\u00eda del Pac\u00edfico Costa Rica\" title=\"Fotograf\u00eda en blanco y negro, fotograf\u00eda del Pac\u00edfico Costa Rica\" aria-label=\"Fotograf\u00eda en blanco y negro, fotograf\u00eda del Pac\u00edfico Costa Rica\" class=\"img-responsive wp-image-6001\" srcset=\"https:\/\/jacophotographer.com\/wp-content\/uploads\/2024\/04\/Black-White-Wedding-Photography-2-200x133.jpeg 200w, https:\/\/jacophotographer.com\/wp-content\/uploads\/2024\/04\/Black-White-Wedding-Photography-2-400x266.jpeg 400w, https:\/\/jacophotographer.com\/wp-content\/uploads\/2024\/04\/Black-White-Wedding-Photography-2-600x399.jpeg 600w, https:\/\/jacophotographer.com\/wp-content\/uploads\/2024\/04\/Black-White-Wedding-Photography-2.jpeg 800w\" sizes=\"(min-width: 2200px) 100vw, (min-width: 870px) 316px, (min-width: 794px) 422px, (min-width: 717px) 633px, (min-width: 640px) 717px, \" \/><\/div><\/div><div style=\"padding:5px;\" class=\"fusion-grid-column fusion-gallery-column fusion-gallery-column-4 hover-type-none\"><div class=\"fusion-gallery-image\"><img decoding=\"async\" src=\"https:\/\/jacophotographer.com\/wp-content\/uploads\/2024\/04\/Black-White-Wedding-Photography-1.jpeg\" width=\"800\" height=\"534\" alt=\"Fotograf\u00eda en blanco y negro, fotograf\u00eda del Pac\u00edfico Costa Rica\" title=\"Fotograf\u00eda en blanco y negro, fotograf\u00eda del Pac\u00edfico Costa Rica\" aria-label=\"Fotograf\u00eda en blanco y negro, fotograf\u00eda del Pac\u00edfico Costa Rica\" class=\"img-responsive wp-image-5999\" srcset=\"https:\/\/jacophotographer.com\/wp-content\/uploads\/2024\/04\/Black-White-Wedding-Photography-1-200x134.jpeg 200w, https:\/\/jacophotographer.com\/wp-content\/uploads\/2024\/04\/Black-White-Wedding-Photography-1-400x267.jpeg 400w, https:\/\/jacophotographer.com\/wp-content\/uploads\/2024\/04\/Black-White-Wedding-Photography-1-600x401.jpeg 600w, https:\/\/jacophotographer.com\/wp-content\/uploads\/2024\/04\/Black-White-Wedding-Photography-1.jpeg 800w\" sizes=\"(min-width: 2200px) 100vw, (min-width: 870px) 316px, (min-width: 794px) 422px, (min-width: 717px) 633px, (min-width: 640px) 717px, \" \/><\/div><\/div><div style=\"padding:5px;\" class=\"fusion-grid-column fusion-gallery-column fusion-gallery-column-4 hover-type-none\"><div class=\"fusion-gallery-image\"><img decoding=\"async\" src=\"https:\/\/jacophotographer.com\/wp-content\/uploads\/2023\/07\/Black-White-Photography-Costa-Rica-2.jpeg\" width=\"667\" height=\"1000\" alt=\"\" title=\"Fotograf\u00eda en blanco y negro Costa Rica-2\" aria-label=\"Fotograf\u00eda en blanco y negro Costa Rica-2\" class=\"img-responsive wp-image-4997\" srcset=\"https:\/\/jacophotographer.com\/wp-content\/uploads\/2023\/07\/Black-White-Photography-Costa-Rica-2-200x300.jpeg 200w, https:\/\/jacophotographer.com\/wp-content\/uploads\/2023\/07\/Black-White-Photography-Costa-Rica-2-400x600.jpeg 400w, https:\/\/jacophotographer.com\/wp-content\/uploads\/2023\/07\/Black-White-Photography-Costa-Rica-2-600x900.jpeg 600w, https:\/\/jacophotographer.com\/wp-content\/uploads\/2023\/07\/Black-White-Photography-Costa-Rica-2.jpeg 667w\" sizes=\"(min-width: 2200px) 100vw, (min-width: 870px) 316px, (min-width: 794px) 422px, (min-width: 717px) 633px, (min-width: 640px) 717px, \" \/><\/div><\/div><div style=\"padding:5px;\" class=\"fusion-grid-column fusion-gallery-column fusion-gallery-column-4 hover-type-none\"><div class=\"fusion-gallery-image\"><img decoding=\"async\" src=\"https:\/\/jacophotographer.com\/wp-content\/uploads\/2023\/07\/Black-White-Photography-Costa-Rica-3.jpeg\" width=\"667\" height=\"1000\" alt=\"\" title=\"Fotograf\u00eda en blanco y negro Costa Rica-3\" aria-label=\"Fotograf\u00eda en blanco y negro Costa Rica-3\" class=\"img-responsive wp-image-4999\" srcset=\"https:\/\/jacophotographer.com\/wp-content\/uploads\/2023\/07\/Black-White-Photography-Costa-Rica-3-200x300.jpeg 200w, https:\/\/jacophotographer.com\/wp-content\/uploads\/2023\/07\/Black-White-Photography-Costa-Rica-3-400x600.jpeg 400w, https:\/\/jacophotographer.com\/wp-content\/uploads\/2023\/07\/Black-White-Photography-Costa-Rica-3-600x900.jpeg 600w, https:\/\/jacophotographer.com\/wp-content\/uploads\/2023\/07\/Black-White-Photography-Costa-Rica-3.jpeg 667w\" sizes=\"(min-width: 2200px) 100vw, (min-width: 870px) 316px, (min-width: 794px) 422px, (min-width: 717px) 633px, (min-width: 640px) 717px, \" \/><\/div><\/div><div class=\"clearfix\"><\/div><div style=\"padding:5px;\" class=\"fusion-grid-column fusion-gallery-column fusion-gallery-column-4 hover-type-none\"><div class=\"fusion-gallery-image\"><img decoding=\"async\" src=\"https:\/\/jacophotographer.com\/wp-content\/uploads\/2023\/07\/Black-White-Photography-Costa-Rica-4.jpeg\" width=\"667\" height=\"1000\" alt=\"\" title=\"Fotograf\u00eda en blanco y negro Costa Rica-4\" aria-label=\"Fotograf\u00eda en blanco y negro Costa Rica-4\" class=\"img-responsive wp-image-5001\" srcset=\"https:\/\/jacophotographer.com\/wp-content\/uploads\/2023\/07\/Black-White-Photography-Costa-Rica-4-200x300.jpeg 200w, https:\/\/jacophotographer.com\/wp-content\/uploads\/2023\/07\/Black-White-Photography-Costa-Rica-4-400x600.jpeg 400w, https:\/\/jacophotographer.com\/wp-content\/uploads\/2023\/07\/Black-White-Photography-Costa-Rica-4-600x900.jpeg 600w, https:\/\/jacophotographer.com\/wp-content\/uploads\/2023\/07\/Black-White-Photography-Costa-Rica-4.jpeg 667w\" sizes=\"(min-width: 2200px) 100vw, (min-width: 870px) 316px, (min-width: 794px) 422px, (min-width: 717px) 633px, (min-width: 640px) 717px, \" \/><\/div><\/div><div style=\"padding:5px;\" class=\"fusion-grid-column fusion-gallery-column fusion-gallery-column-4 hover-type-none\"><div class=\"fusion-gallery-image\"><img decoding=\"async\" src=\"https:\/\/jacophotographer.com\/wp-content\/uploads\/2023\/07\/Black-White-Photography-Costa-Rica-5.jpeg\" width=\"667\" height=\"1000\" alt=\"\" title=\"Fotograf\u00eda en blanco y negro Costa Rica-5\" aria-label=\"Fotograf\u00eda en blanco y negro Costa Rica-5\" class=\"img-responsive wp-image-5003\" srcset=\"https:\/\/jacophotographer.com\/wp-content\/uploads\/2023\/07\/Black-White-Photography-Costa-Rica-5-200x300.jpeg 200w, https:\/\/jacophotographer.com\/wp-content\/uploads\/2023\/07\/Black-White-Photography-Costa-Rica-5-400x600.jpeg 400w, https:\/\/jacophotographer.com\/wp-content\/uploads\/2023\/07\/Black-White-Photography-Costa-Rica-5-600x900.jpeg 600w, https:\/\/jacophotographer.com\/wp-content\/uploads\/2023\/07\/Black-White-Photography-Costa-Rica-5.jpeg 667w\" sizes=\"(min-width: 2200px) 100vw, (min-width: 870px) 316px, (min-width: 794px) 422px, (min-width: 717px) 633px, (min-width: 640px) 717px, \" \/><\/div><\/div><div style=\"padding:5px;\" class=\"fusion-grid-column fusion-gallery-column fusion-gallery-column-4 hover-type-none\"><div class=\"fusion-gallery-image\"><img decoding=\"async\" src=\"https:\/\/jacophotographer.com\/wp-content\/uploads\/2023\/07\/Black-White-Photography-Costa-Rica-6.jpeg\" width=\"667\" height=\"1000\" alt=\"\" title=\"Fotograf\u00eda en blanco y negro Costa Rica-6\" aria-label=\"Fotograf\u00eda en blanco y negro Costa Rica-6\" class=\"img-responsive wp-image-5005\" srcset=\"https:\/\/jacophotographer.com\/wp-content\/uploads\/2023\/07\/Black-White-Photography-Costa-Rica-6-200x300.jpeg 200w, https:\/\/jacophotographer.com\/wp-content\/uploads\/2023\/07\/Black-White-Photography-Costa-Rica-6-400x600.jpeg 400w, https:\/\/jacophotographer.com\/wp-content\/uploads\/2023\/07\/Black-White-Photography-Costa-Rica-6-600x900.jpeg 600w, https:\/\/jacophotographer.com\/wp-content\/uploads\/2023\/07\/Black-White-Photography-Costa-Rica-6.jpeg 667w\" sizes=\"(min-width: 2200px) 100vw, (min-width: 870px) 316px, (min-width: 794px) 422px, (min-width: 717px) 633px, (min-width: 640px) 717px, \" \/><\/div><\/div><div style=\"padding:5px;\" class=\"fusion-grid-column fusion-gallery-column fusion-gallery-column-4 hover-type-none\"><div class=\"fusion-gallery-image\"><img decoding=\"async\" src=\"https:\/\/jacophotographer.com\/wp-content\/uploads\/2023\/07\/Black-White-Photography-Costa-Rica-7.jpeg\" width=\"667\" height=\"1000\" alt=\"\" title=\"Fotograf\u00eda en blanco y negro Costa Rica-7\" aria-label=\"Fotograf\u00eda en blanco y negro Costa Rica-7\" class=\"img-responsive wp-image-5007\" srcset=\"https:\/\/jacophotographer.com\/wp-content\/uploads\/2023\/07\/Black-White-Photography-Costa-Rica-7-200x300.jpeg 200w, https:\/\/jacophotographer.com\/wp-content\/uploads\/2023\/07\/Black-White-Photography-Costa-Rica-7-400x600.jpeg 400w, https:\/\/jacophotographer.com\/wp-content\/uploads\/2023\/07\/Black-White-Photography-Costa-Rica-7-600x900.jpeg 600w, https:\/\/jacophotographer.com\/wp-content\/uploads\/2023\/07\/Black-White-Photography-Costa-Rica-7.jpeg 667w\" sizes=\"(min-width: 2200px) 100vw, (min-width: 870px) 316px, (min-width: 794px) 422px, (min-width: 717px) 633px, (min-width: 640px) 717px, \" \/><\/div><\/div><div class=\"clearfix\"><\/div><div style=\"padding:5px;\" class=\"fusion-grid-column fusion-gallery-column fusion-gallery-column-4 hover-type-none\"><div class=\"fusion-gallery-image\"><img decoding=\"async\" src=\"https:\/\/jacophotographer.com\/wp-content\/uploads\/2023\/07\/Black-White-Photography-Costa-Rica-8.jpeg\" width=\"667\" height=\"1000\" alt=\"\" title=\"Fotograf\u00eda en blanco y negro Costa Rica-8\" aria-label=\"Fotograf\u00eda en blanco y negro Costa Rica-8\" class=\"img-responsive wp-image-5009\" srcset=\"https:\/\/jacophotographer.com\/wp-content\/uploads\/2023\/07\/Black-White-Photography-Costa-Rica-8-200x300.jpeg 200w, https:\/\/jacophotographer.com\/wp-content\/uploads\/2023\/07\/Black-White-Photography-Costa-Rica-8-400x600.jpeg 400w, https:\/\/jacophotographer.com\/wp-content\/uploads\/2023\/07\/Black-White-Photography-Costa-Rica-8-600x900.jpeg 600w, https:\/\/jacophotographer.com\/wp-content\/uploads\/2023\/07\/Black-White-Photography-Costa-Rica-8.jpeg 667w\" sizes=\"(min-width: 2200px) 100vw, (min-width: 870px) 316px, (min-width: 794px) 422px, (min-width: 717px) 633px, (min-width: 640px) 717px, \" \/><\/div><\/div><div style=\"padding:5px;\" class=\"fusion-grid-column fusion-gallery-column fusion-gallery-column-4 hover-type-none\"><div class=\"fusion-gallery-image\"><img decoding=\"async\" src=\"\" width=\"\" height=\"\" alt=\"\" title=\"\" aria-label=\"\" class=\"img-responsive wp-image-\"  \/><\/div><\/div><div style=\"padding:5px;\" class=\"fusion-grid-column fusion-gallery-column fusion-gallery-column-4 hover-type-none\"><div class=\"fusion-gallery-image\"><img decoding=\"async\" src=\"https:\/\/jacophotographer.com\/wp-content\/uploads\/2023\/07\/Black-White-Photography-Costa-Rica-9.jpeg\" width=\"667\" height=\"1000\" alt=\"\" title=\"Fotograf\u00eda en blanco y negro Costa Rica-9\" aria-label=\"Fotograf\u00eda en blanco y negro Costa Rica-9\" class=\"img-responsive wp-image-5011\" srcset=\"https:\/\/jacophotographer.com\/wp-content\/uploads\/2023\/07\/Black-White-Photography-Costa-Rica-9-200x300.jpeg 200w, https:\/\/jacophotographer.com\/wp-content\/uploads\/2023\/07\/Black-White-Photography-Costa-Rica-9-400x600.jpeg 400w, https:\/\/jacophotographer.com\/wp-content\/uploads\/2023\/07\/Black-White-Photography-Costa-Rica-9-600x900.jpeg 600w, https:\/\/jacophotographer.com\/wp-content\/uploads\/2023\/07\/Black-White-Photography-Costa-Rica-9.jpeg 667w\" sizes=\"(min-width: 2200px) 100vw, (min-width: 870px) 316px, (min-width: 794px) 422px, (min-width: 717px) 633px, (min-width: 640px) 717px, \" \/><\/div><\/div><div style=\"padding:5px;\" class=\"fusion-grid-column fusion-gallery-column fusion-gallery-column-4 hover-type-none\"><div class=\"fusion-gallery-image\"><img decoding=\"async\" src=\"https:\/\/jacophotographer.com\/wp-content\/uploads\/2023\/07\/Black-White-Photography-Costa-Rica-10.jpeg\" width=\"667\" height=\"1000\" alt=\"\" title=\"Fotograf\u00eda en blanco y negro Costa Rica-10\" aria-label=\"Fotograf\u00eda en blanco y negro Costa Rica-10\" class=\"img-responsive wp-image-5013\" srcset=\"https:\/\/jacophotographer.com\/wp-content\/uploads\/2023\/07\/Black-White-Photography-Costa-Rica-10-200x300.jpeg 200w, https:\/\/jacophotographer.com\/wp-content\/uploads\/2023\/07\/Black-White-Photography-Costa-Rica-10-400x600.jpeg 400w, https:\/\/jacophotographer.com\/wp-content\/uploads\/2023\/07\/Black-White-Photography-Costa-Rica-10-600x900.jpeg 600w, https:\/\/jacophotographer.com\/wp-content\/uploads\/2023\/07\/Black-White-Photography-Costa-Rica-10.jpeg 667w\" sizes=\"(min-width: 2200px) 100vw, (min-width: 870px) 316px, (min-width: 794px) 422px, (min-width: 717px) 633px, (min-width: 640px) 717px, \" \/><\/div><\/div><div class=\"clearfix\"><\/div><div style=\"padding:5px;\" class=\"fusion-grid-column fusion-gallery-column fusion-gallery-column-4 hover-type-none\"><div class=\"fusion-gallery-image\"><img decoding=\"async\" src=\"https:\/\/jacophotographer.com\/wp-content\/uploads\/2023\/07\/Black-White-Photography-Costa-Rica-11.jpeg\" width=\"667\" height=\"1000\" alt=\"\" title=\"Fotograf\u00eda en blanco y negro Costa Rica-11\" aria-label=\"Fotograf\u00eda en blanco y negro Costa Rica-11\" class=\"img-responsive wp-image-5015\" srcset=\"https:\/\/jacophotographer.com\/wp-content\/uploads\/2023\/07\/Black-White-Photography-Costa-Rica-11-200x300.jpeg 200w, https:\/\/jacophotographer.com\/wp-content\/uploads\/2023\/07\/Black-White-Photography-Costa-Rica-11-400x600.jpeg 400w, https:\/\/jacophotographer.com\/wp-content\/uploads\/2023\/07\/Black-White-Photography-Costa-Rica-11-600x900.jpeg 600w, https:\/\/jacophotographer.com\/wp-content\/uploads\/2023\/07\/Black-White-Photography-Costa-Rica-11.jpeg 667w\" sizes=\"(min-width: 2200px) 100vw, (min-width: 870px) 316px, (min-width: 794px) 422px, (min-width: 717px) 633px, (min-width: 640px) 717px, \" \/><\/div><\/div><div style=\"padding:5px;\" class=\"fusion-grid-column fusion-gallery-column fusion-gallery-column-4 hover-type-none\"><div class=\"fusion-gallery-image\"><img decoding=\"async\" src=\"https:\/\/jacophotographer.com\/wp-content\/uploads\/2023\/07\/Black-White-Photography-Costa-Rica-12.jpeg\" width=\"667\" height=\"1000\" alt=\"\" title=\"Fotograf\u00eda en blanco y negro Costa Rica-12\" aria-label=\"Fotograf\u00eda en blanco y negro Costa Rica-12\" class=\"img-responsive wp-image-5017\" srcset=\"https:\/\/jacophotographer.com\/wp-content\/uploads\/2023\/07\/Black-White-Photography-Costa-Rica-12-200x300.jpeg 200w, https:\/\/jacophotographer.com\/wp-content\/uploads\/2023\/07\/Black-White-Photography-Costa-Rica-12-400x600.jpeg 400w, https:\/\/jacophotographer.com\/wp-content\/uploads\/2023\/07\/Black-White-Photography-Costa-Rica-12-600x900.jpeg 600w, https:\/\/jacophotographer.com\/wp-content\/uploads\/2023\/07\/Black-White-Photography-Costa-Rica-12.jpeg 667w\" sizes=\"(min-width: 2200px) 100vw, (min-width: 870px) 316px, (min-width: 794px) 422px, (min-width: 717px) 633px, (min-width: 640px) 717px, \" \/><\/div><\/div><div style=\"padding:5px;\" class=\"fusion-grid-column fusion-gallery-column fusion-gallery-column-4 hover-type-none\"><div class=\"fusion-gallery-image\"><img decoding=\"async\" src=\"https:\/\/jacophotographer.com\/wp-content\/uploads\/2023\/07\/Black-White-Photography-Costa-Rica-13.jpeg\" width=\"667\" height=\"1000\" alt=\"\" title=\"Fotograf\u00eda en blanco y negro Costa Rica-13\" aria-label=\"Fotograf\u00eda en blanco y negro Costa Rica-13\" class=\"img-responsive wp-image-5019\" srcset=\"https:\/\/jacophotographer.com\/wp-content\/uploads\/2023\/07\/Black-White-Photography-Costa-Rica-13-200x300.jpeg 200w, https:\/\/jacophotographer.com\/wp-content\/uploads\/2023\/07\/Black-White-Photography-Costa-Rica-13-400x600.jpeg 400w, https:\/\/jacophotographer.com\/wp-content\/uploads\/2023\/07\/Black-White-Photography-Costa-Rica-13-600x900.jpeg 600w, https:\/\/jacophotographer.com\/wp-content\/uploads\/2023\/07\/Black-White-Photography-Costa-Rica-13.jpeg 667w\" sizes=\"(min-width: 2200px) 100vw, (min-width: 870px) 316px, (min-width: 794px) 422px, (min-width: 717px) 633px, (min-width: 640px) 717px, \" \/><\/div><\/div><div style=\"padding:5px;\" class=\"fusion-grid-column fusion-gallery-column fusion-gallery-column-4 hover-type-none\"><div class=\"fusion-gallery-image\"><img decoding=\"async\" src=\"https:\/\/jacophotographer.com\/wp-content\/uploads\/2023\/07\/Black-White-Photography-Costa-Rica-14.jpeg\" width=\"667\" height=\"1000\" alt=\"\" title=\"Fotograf\u00eda en blanco y negro Costa Rica-14\" aria-label=\"Fotograf\u00eda en blanco y negro Costa Rica-14\" class=\"img-responsive wp-image-5021\" srcset=\"https:\/\/jacophotographer.com\/wp-content\/uploads\/2023\/07\/Black-White-Photography-Costa-Rica-14-200x300.jpeg 200w, https:\/\/jacophotographer.com\/wp-content\/uploads\/2023\/07\/Black-White-Photography-Costa-Rica-14-400x600.jpeg 400w, https:\/\/jacophotographer.com\/wp-content\/uploads\/2023\/07\/Black-White-Photography-Costa-Rica-14-600x900.jpeg 600w, https:\/\/jacophotographer.com\/wp-content\/uploads\/2023\/07\/Black-White-Photography-Costa-Rica-14.jpeg 667w\" sizes=\"(min-width: 2200px) 100vw, (min-width: 870px) 316px, (min-width: 794px) 422px, (min-width: 717px) 633px, (min-width: 640px) 717px, \" \/><\/div><\/div><div class=\"clearfix\"><\/div><div style=\"padding:5px;\" class=\"fusion-grid-column fusion-gallery-column fusion-gallery-column-4 hover-type-none\"><div class=\"fusion-gallery-image\"><img decoding=\"async\" src=\"https:\/\/jacophotographer.com\/wp-content\/uploads\/2023\/07\/Black-White-Photography-Costa-Rica-15.jpeg\" width=\"667\" height=\"1000\" alt=\"\" title=\"Fotograf\u00eda en blanco y negro Costa Rica-15\" aria-label=\"Fotograf\u00eda en blanco y negro Costa Rica-15\" class=\"img-responsive wp-image-5023\" srcset=\"https:\/\/jacophotographer.com\/wp-content\/uploads\/2023\/07\/Black-White-Photography-Costa-Rica-15-200x300.jpeg 200w, https:\/\/jacophotographer.com\/wp-content\/uploads\/2023\/07\/Black-White-Photography-Costa-Rica-15-400x600.jpeg 400w, https:\/\/jacophotographer.com\/wp-content\/uploads\/2023\/07\/Black-White-Photography-Costa-Rica-15-600x900.jpeg 600w, https:\/\/jacophotographer.com\/wp-content\/uploads\/2023\/07\/Black-White-Photography-Costa-Rica-15.jpeg 667w\" sizes=\"(min-width: 2200px) 100vw, (min-width: 870px) 316px, (min-width: 794px) 422px, (min-width: 717px) 633px, (min-width: 640px) 717px, \" \/><\/div><\/div><div style=\"padding:5px;\" class=\"fusion-grid-column fusion-gallery-column fusion-gallery-column-4 hover-type-none\"><div class=\"fusion-gallery-image\"><img decoding=\"async\" src=\"https:\/\/jacophotographer.com\/wp-content\/uploads\/2023\/07\/Black-White-Photography-Costa-Rica-16.jpeg\" width=\"667\" height=\"1000\" alt=\"\" title=\"Fotograf\u00eda en blanco y negro Costa Rica-16\" aria-label=\"Fotograf\u00eda en blanco y negro Costa Rica-16\" class=\"img-responsive wp-image-5025\" srcset=\"https:\/\/jacophotographer.com\/wp-content\/uploads\/2023\/07\/Black-White-Photography-Costa-Rica-16-200x300.jpeg 200w, https:\/\/jacophotographer.com\/wp-content\/uploads\/2023\/07\/Black-White-Photography-Costa-Rica-16-400x600.jpeg 400w, https:\/\/jacophotographer.com\/wp-content\/uploads\/2023\/07\/Black-White-Photography-Costa-Rica-16-600x900.jpeg 600w, https:\/\/jacophotographer.com\/wp-content\/uploads\/2023\/07\/Black-White-Photography-Costa-Rica-16.jpeg 667w\" sizes=\"(min-width: 2200px) 100vw, (min-width: 870px) 316px, (min-width: 794px) 422px, (min-width: 717px) 633px, (min-width: 640px) 717px, \" \/><\/div><\/div><div style=\"padding:5px;\" class=\"fusion-grid-column fusion-gallery-column fusion-gallery-column-4 hover-type-none\"><div class=\"fusion-gallery-image\"><img decoding=\"async\" src=\"https:\/\/jacophotographer.com\/wp-content\/uploads\/2023\/07\/Black-White-Photography-Costa-Rica-17.jpeg\" width=\"667\" height=\"1000\" alt=\"\" title=\"Fotograf\u00eda en blanco y negro Costa Rica-17\" aria-label=\"Fotograf\u00eda en blanco y negro Costa Rica-17\" class=\"img-responsive wp-image-5027\" srcset=\"https:\/\/jacophotographer.com\/wp-content\/uploads\/2023\/07\/Black-White-Photography-Costa-Rica-17-200x300.jpeg 200w, https:\/\/jacophotographer.com\/wp-content\/uploads\/2023\/07\/Black-White-Photography-Costa-Rica-17-400x600.jpeg 400w, https:\/\/jacophotographer.com\/wp-content\/uploads\/2023\/07\/Black-White-Photography-Costa-Rica-17-600x900.jpeg 600w, https:\/\/jacophotographer.com\/wp-content\/uploads\/2023\/07\/Black-White-Photography-Costa-Rica-17.jpeg 667w\" sizes=\"(min-width: 2200px) 100vw, (min-width: 870px) 316px, (min-width: 794px) 422px, (min-width: 717px) 633px, (min-width: 640px) 717px, \" \/><\/div><\/div><div style=\"padding:5px;\" class=\"fusion-grid-column fusion-gallery-column fusion-gallery-column-4 hover-type-none\"><div class=\"fusion-gallery-image\"><img decoding=\"async\" src=\"https:\/\/jacophotographer.com\/wp-content\/uploads\/2023\/07\/Black-White-Photography-Costa-Rica-18.jpeg\" width=\"\" height=\"\" alt=\"\" title=\"Fotograf\u00eda en blanco y negro Costa Rica-18\" aria-label=\"Fotograf\u00eda en blanco y negro Costa Rica-18\" class=\"img-responsive wp-image-5029\"  \/><\/div><\/div><div class=\"clearfix\"><\/div><div style=\"padding:5px;\" class=\"fusion-grid-column fusion-gallery-column fusion-gallery-column-4 hover-type-none\"><div class=\"fusion-gallery-image\"><img decoding=\"async\" src=\"https:\/\/jacophotographer.com\/wp-content\/uploads\/2023\/07\/Black-White-Photography-Costa-Rica-19.jpeg\" width=\"800\" height=\"534\" alt=\"\" title=\"Fotograf\u00eda en blanco y negro Costa Rica-19\" aria-label=\"Fotograf\u00eda en blanco y negro Costa Rica-19\" class=\"img-responsive wp-image-5031\" srcset=\"https:\/\/jacophotographer.com\/wp-content\/uploads\/2023\/07\/Black-White-Photography-Costa-Rica-19-200x134.jpeg 200w, https:\/\/jacophotographer.com\/wp-content\/uploads\/2023\/07\/Black-White-Photography-Costa-Rica-19-400x267.jpeg 400w, https:\/\/jacophotographer.com\/wp-content\/uploads\/2023\/07\/Black-White-Photography-Costa-Rica-19-600x401.jpeg 600w, https:\/\/jacophotographer.com\/wp-content\/uploads\/2023\/07\/Black-White-Photography-Costa-Rica-19.jpeg 800w\" sizes=\"(min-width: 2200px) 100vw, (min-width: 870px) 316px, (min-width: 794px) 422px, (min-width: 717px) 633px, (min-width: 640px) 717px, \" \/><\/div><\/div><div style=\"padding:5px;\" class=\"fusion-grid-column fusion-gallery-column fusion-gallery-column-4 hover-type-none\"><div class=\"fusion-gallery-image\"><img decoding=\"async\" src=\"https:\/\/jacophotographer.com\/wp-content\/uploads\/2023\/07\/Black-White-Photography-Costa-Rica-20.jpeg\" width=\"800\" height=\"534\" alt=\"Fotograf\u00eda en blanco y negro Costa Rica\" title=\"Fotograf\u00eda en blanco y negro Costa Rica\" aria-label=\"Fotograf\u00eda en blanco y negro Costa Rica\" class=\"img-responsive wp-image-5033\" srcset=\"https:\/\/jacophotographer.com\/wp-content\/uploads\/2023\/07\/Black-White-Photography-Costa-Rica-20-200x134.jpeg 200w, https:\/\/jacophotographer.com\/wp-content\/uploads\/2023\/07\/Black-White-Photography-Costa-Rica-20-400x267.jpeg 400w, https:\/\/jacophotographer.com\/wp-content\/uploads\/2023\/07\/Black-White-Photography-Costa-Rica-20-600x401.jpeg 600w, https:\/\/jacophotographer.com\/wp-content\/uploads\/2023\/07\/Black-White-Photography-Costa-Rica-20.jpeg 800w\" sizes=\"(min-width: 2200px) 100vw, (min-width: 870px) 316px, (min-width: 794px) 422px, (min-width: 717px) 633px, (min-width: 640px) 717px, \" \/><\/div><\/div><\/div><\/div><\/div><\/div><\/div><\/div><div class=\"fusion-fullwidth fullwidth-box fusion-builder-row-4 fusion-flex-container has-pattern-background has-mask-background nonhundred-percent-fullwidth non-hundred-percent-height-scrolling\" style=\"--awb-background-position:left top;--awb-border-sizes-top:0px;--awb-border-sizes-bottom:0px;--awb-border-sizes-left:0px;--awb-border-sizes-right:0px;--awb-border-radius-top-left:0px;--awb-border-radius-top-right:0px;--awb-border-radius-bottom-right:0px;--awb-border-radius-bottom-left:0px;--awb-padding-top:50px;--awb-padding-right:5%;--awb-padding-bottom:50px;--awb-padding-left:5%;--awb-padding-right-small:5%;--awb-padding-left-small:5%;--awb-margin-top:0px;--awb-margin-bottom:0px;--awb-margin-top-small:0%;--awb-background-image:linear-gradient(180deg, var(--awb-color7) 0%,hsla(var(--awb-color3-h),var(--awb-color3-s),var(--awb-color3-l),calc(var(--awb-color3-a) - 75%)) 100%);--awb-flex-wrap:wrap;\" ><div class=\"awb-background-mask\" style=\"background-image:  url(data:image\/svg+xml;utf8,%3Csvg%20width%3D%221920%22%20height%3D%22954%22%20fill%3D%22none%22%20xmlns%3D%22http%3A%2F%2Fwww.w3.org%2F2000%2Fsvg%22%3E%3Cg%20clip-path%3D%22url%28%23prefix__clip0_58_787%29%22%20fill-rule%3D%22evenodd%22%20clip-rule%3D%22evenodd%22%20fill%3D%22rgba%2832%2C188%2C210%2C1%29%22%3E%3Cpath%20d%3D%22M1660.78-198.081c41-37.158%20104.32-33.985%20141.42%207.087%20110.48%20122.305%20170.1%20282.332%20166.66%20447.27-3.44%20164.938-69.67%20322.331-185.14%20439.906-115.49%20117.578-271.47%20186.426-435.99%20192.395-164.52%205.968-325.06-51.397-448.719-160.304-41.528-36.574-45.591-99.941-9.074-141.535%2036.517-41.593%2099.784-45.662%20141.313-9.088%2085.25%2075.079%20195.89%20114.598%20309.23%20110.486%20113.35-4.112%20220.85-51.546%20300.47-132.611%2079.63-81.068%20125.32-189.63%20127.7-303.434%202.37-113.804-38.77-224.188-114.95-308.523-37.1-41.072-33.93-104.49%207.08-141.649z%22%2F%3E%3Cpath%20d%3D%22M1544.89%2037.429c50.71-22.192%20109.79.947%20131.97%2051.683a383.79%20383.79%200%200110.87%20279.732c-31.73%2091.288-96.71%20167.233-181.94%20212.762a384.921%20384.921%200%2001-278%2033.06c-93.53-24.262-174.53-82.823-226.82-164.088-29.965-46.559-16.532-108.606%2030-138.586%2046.53-29.979%20108.54-16.538%20138.51%2030.021%2024.99%2038.834%2063.75%2066.898%20108.61%2078.536a184.603%20184.603%200%2000133.31-15.847c40.83-21.815%2071.88-58.154%2087.03-101.727a183.148%20183.148%200%2000-5.19-133.5c-22.18-50.735.95-109.854%2051.65-132.046z%22%2F%3E%3C%2Fg%3E%3Cdefs%3E%3CclipPath%20id%3D%22prefix__clip0_58_787%22%3E%3Cpath%20fill%3D%22%23fff%22%20d%3D%22M0%200h1920v954H0z%22%2F%3E%3C%2FclipPath%3E%3C%2Fdefs%3E%3C%2Fsvg%3E);opacity: 0.25 ;transform: scale(-1, -1);mix-blend-mode:normal;\"><\/div><div class=\"fusion-builder-row fusion-row fusion-flex-align-items-center fusion-flex-justify-content-center fusion-flex-content-wrap\" style=\"max-width:calc( 1280px + 20px );margin-left: calc(-20px \/ 2 );margin-right: calc(-20px \/ 2 );\"><div class=\"fusion-layout-column fusion_builder_column fusion-builder-column-2 fusion_builder_column_1_1 1_1 fusion-flex-column\" style=\"--awb-padding-top-small:0px;--awb-padding-right-small:0px;--awb-padding-bottom-small:0px;--awb-padding-left-small:0px;--awb-bg-size:cover;--awb-width-large:100%;--awb-margin-top-large:0px;--awb-spacing-right-large:10px;--awb-margin-bottom-large:0px;--awb-spacing-left-large:10px;--awb-width-medium:100%;--awb-order-medium:0;--awb-spacing-right-medium:10px;--awb-margin-bottom-medium:20px;--awb-spacing-left-medium:10px;--awb-width-small:100%;--awb-order-small:0;--awb-spacing-right-small:10px;--awb-margin-bottom-small:0px;--awb-spacing-left-small:10px;\"><div class=\"fusion-column-wrapper fusion-column-has-shadow fusion-flex-justify-content-flex-start fusion-content-layout-column\"><div class=\"fusion-title title fusion-title-4 fusion-sep-none fusion-title-center fusion-title-text fusion-title-size-three\" style=\"--awb-text-color:var(--awb-color8);--awb-margin-top-small:0px;--awb-margin-right-small:0px;--awb-margin-bottom-small:0px;--awb-margin-left-small:0px;--awb-margin-bottom-medium:5px;--awb-font-size:var(--awb-typography2-font-size);\"><h3 class=\"fusion-title-heading title-heading-center sm-text-align-left fusion-responsive-typography-calculated\" style=\"font-family:var(--awb-typography2-font-family);font-weight:var(--awb-typography2-font-weight);font-style:var(--awb-typography2-font-style);margin:0;letter-spacing:var(--awb-typography2-letter-spacing);text-transform:capitalize;font-size:1em;--fontSize:25;--minFontSize:25;line-height:var(--awb-typography2-line-height);\">Colecci\u00f3n y portafolio del Pac\u00edfico<\/h3><\/div><div class=\"fusion-text fusion-text-2 sm-text-align-left fusion-text-no-margin\" style=\"--awb-content-alignment:center;--awb-font-size:var(--awb-typography3-font-size);--awb-line-height:var(--awb-typography3-line-height);--awb-letter-spacing:var(--awb-typography3-letter-spacing);--awb-text-transform:var(--awb-typography3-text-transform);--awb-text-color:var(--awb-color1);--awb-margin-top:0px;--awb-margin-right:0px;--awb-margin-bottom:25px;--awb-margin-left:0px;--awb-text-font-family:var(--awb-typography3-font-family);--awb-text-font-weight:var(--awb-typography3-font-weight);--awb-text-font-style:var(--awb-typography3-font-style);\"><p>Pacific Photography Costa Rica<\/p>\n<\/div><div class=\"sm-text-align-left\" style=\"text-align:center;\"><a class=\"fusion-button button-flat fusion-button-default-size button-default fusion-button-default button-3 fusion-button-span-no fusion-button-default-type\" style=\"--awb-margin-bottom:25px;\" target=\"_self\" title=\"Ver nuestra lista completa de colecciones de Pacific Photography\" aria-label=\"Ver nuestra lista completa de colecciones de Pacific Photography\" href=\"https:\/\/jacophotographer.com\/es\/colecciones\/\"><span class=\"fusion-button-text awb-button__text awb-button__text--default\">Todas las colecciones<\/span><i class=\"fa-images fas awb-button__icon awb-button__icon--default button-icon-right\" aria-hidden=\"true\"><\/i><\/a><\/div><\/div><\/div><div class=\"fusion-layout-column fusion_builder_column fusion-builder-column-3 fusion_builder_column_1_1 1_1 fusion-flex-column\" style=\"--awb-bg-size:cover;--awb-width-large:100%;--awb-margin-top-large:0px;--awb-spacing-right-large:10px;--awb-margin-bottom-large:0px;--awb-spacing-left-large:10px;--awb-width-medium:100%;--awb-order-medium:0;--awb-spacing-right-medium:10px;--awb-margin-bottom-medium:20px;--awb-spacing-left-medium:10px;--awb-width-small:100%;--awb-order-small:0;--awb-spacing-right-small:10px;--awb-margin-bottom-small:0px;--awb-spacing-left-small:10px;\"><div class=\"fusion-column-wrapper fusion-column-has-shadow fusion-flex-justify-content-flex-start fusion-content-layout-column\"><div class=\"fusion-post-cards fusion-post-cards-1 fusion-grid-archive fusion-grid-columns-4\" style=\"--awb-column-spacing:10px;--awb-dots-align:center;--awb-active-filter-border-size:3px;--awb-filters-height:36px;--awb-row-spacing:10px;--awb-margin-top:0px;--awb-margin-right:0px;--awb-margin-bottom:0px;--awb-margin-left:0px;--awb-columns-medium:50%;--awb-columns-small:50%;\" data-post-type-label=\"portfolio\"><ul class=\"fusion-grid fusion-grid-4 fusion-flex-align-items-flex-start fusion-grid-posts-cards\"><li class=\"fusion-layout-column fusion_builder_column fusion-builder-column-4 fusion-flex-column fusion-column-inner-bg-wrapper post-card fusion-grid-column fusion-post-cards-grid-column\" style=\"--awb-padding-bottom:3%;--awb-overflow:hidden;--awb-inner-bg-color:var(--awb-color7);--awb-inner-bg-color-hover:var(--awb-color7);--awb-inner-bg-size:cover;--awb-box-shadow:3px 3px 10px -5px #000000;;--awb-border-color:hsla(var(--awb-color8-h),var(--awb-color8-s),var(--awb-color8-l),calc(var(--awb-color8-a) - 80%));--awb-border-top:1px;--awb-border-right:1px;--awb-border-bottom:1px;--awb-border-left:1px;--awb-border-radius:10px 10px 10px 10px;--awb-inner-bg-border-radius:10px 10px 10px 10px;--awb-inner-bg-overflow:hidden;--awb-transform:scaleX(1) scaleY(1);--awb-transform-hover:scaleX(1.01) scaleY(1.01);--awb-filter:brightness(75%);--awb-filter-transition:filter 0.3s ease;--awb-filter-hover:brightness(100%);--awb-flex-grow:0;--awb-flex-shrink:0;--awb-flex-grow-medium:0;--awb-flex-shrink-medium:0;--awb-flex-grow-small:0;--awb-flex-shrink-small:0;\"><span class=\"fusion-column-inner-bg hover-type-none\"><a class=\"fusion-column-anchor\" href=\"https:\/\/jacophotographer.com\/es\/photography\/corporativo\/\" aria-label=\"View this collection and portfolio by Pacific Photography Costa Rica\"><span class=\"fusion-column-inner-bg-image\"><\/span><\/a><\/span><div class=\"fusion-column-wrapper fusion-column-has-shadow fusion-flex-justify-content-flex-start fusion-content-layout-column\"><div class=\"fusion-image-element \" style=\"--awb-aspect-ratio:2 \/ 1;--awb-object-position:50% 49%;--awb-caption-title-font-family:var(--h2_typography-font-family);--awb-caption-title-font-weight:var(--h2_typography-font-weight);--awb-caption-title-font-style:var(--h2_typography-font-style);--awb-caption-title-size:var(--h2_typography-font-size);--awb-caption-title-transform:var(--h2_typography-text-transform);--awb-caption-title-line-height:var(--h2_typography-line-height);--awb-caption-title-letter-spacing:var(--h2_typography-letter-spacing);\"><span class=\" fusion-imageframe imageframe-none imageframe-1 hover-type-none has-aspect-ratio\"><img decoding=\"async\" width=\"1999\" height=\"1334\" alt=\"Fot\u00f3grafos corporativos en Costa Rica - Pacific Photography CR\" title=\"Fot\u00f3grafos corporativos en Costa Rica &#8211; Pacific Photography CR\" src=\"https:\/\/jacophotographer.com\/wp-content\/uploads\/2024\/02\/Corporate-Photographers-in-Costa-Rica-Pacific-Photography-CR.jpg\" class=\"img-responsive wp-image-5956 img-with-aspect-ratio\" data-parent-fit=\"cover\" data-parent-container=\".fusion-image-element\" srcset=\"https:\/\/jacophotographer.com\/wp-content\/uploads\/2024\/02\/Corporate-Photographers-in-Costa-Rica-Pacific-Photography-CR-200x133.jpg 200w, https:\/\/jacophotographer.com\/wp-content\/uploads\/2024\/02\/Corporate-Photographers-in-Costa-Rica-Pacific-Photography-CR-400x267.jpg 400w, https:\/\/jacophotographer.com\/wp-content\/uploads\/2024\/02\/Corporate-Photographers-in-Costa-Rica-Pacific-Photography-CR-600x400.jpg 600w, https:\/\/jacophotographer.com\/wp-content\/uploads\/2024\/02\/Corporate-Photographers-in-Costa-Rica-Pacific-Photography-CR-800x534.jpg 800w, https:\/\/jacophotographer.com\/wp-content\/uploads\/2024\/02\/Corporate-Photographers-in-Costa-Rica-Pacific-Photography-CR-1200x801.jpg 1200w, https:\/\/jacophotographer.com\/wp-content\/uploads\/2024\/02\/Corporate-Photographers-in-Costa-Rica-Pacific-Photography-CR.jpg 1999w\" sizes=\"(max-width: 1024px) 100vw, (max-width: 767px) 100vw, 1999px\" \/><\/span><\/div><div class=\"fusion-title title fusion-title-5 fusion-sep-none fusion-title-center fusion-title-text fusion-title-size-four\" style=\"--awb-margin-top:15px;--awb-margin-right:3%;--awb-margin-left:3%;--awb-margin-top-small:15px;--awb-margin-right-small:3%;--awb-margin-bottom-small:0px;--awb-margin-left-small:3%;--awb-font-size:20px;\"><h4 class=\"fusion-title-heading title-heading-center fusion-responsive-typography-calculated\" style=\"font-family:var(--awb-typography2-font-family);font-weight:var(--awb-typography2-font-weight);font-style:var(--awb-typography2-font-style);margin:0;letter-spacing:var(--awb-typography2-letter-spacing);text-transform:var(--awb-typography2-text-transform);font-size:1em;--fontSize:20;--minFontSize:20;line-height:var(--awb-typography2-line-height);\">CORPORATIVO<\/h4><\/div><div class=\"fusion-title title fusion-title-6 fusion-sep-none fusion-title-center fusion-title-text fusion-title-size-paragraph\" style=\"--awb-text-color:hsla(var(--awb-color8-h),var(--awb-color8-s),var(--awb-color8-l),calc(var(--awb-color8-a) - 25%));--awb-margin-right:3%;--awb-margin-left:3%;--awb-margin-top-small:0px;--awb-margin-right-small:3%;--awb-margin-bottom-small:0px;--awb-margin-left-small:3%;--awb-font-size:12px;\"><p class=\"fusion-title-heading title-heading-center title-heading-tag fusion-responsive-typography-calculated\" style=\"font-family:var(--awb-typography5-font-family);font-weight:var(--awb-typography5-font-weight);font-style:var(--awb-typography5-font-style);margin:0;letter-spacing:var(--awb-typography5-letter-spacing);text-transform:var(--awb-typography5-text-transform);font-size:1em;--fontSize:12;--minFontSize:12;line-height:var(--awb-typography5-line-height);\">Colecci\u00f3n\/portfolio<\/p><\/div><\/div><\/li>\n<li class=\"fusion-layout-column fusion_builder_column fusion-builder-column-5 fusion-flex-column fusion-column-inner-bg-wrapper post-card fusion-grid-column fusion-post-cards-grid-column\" style=\"--awb-padding-bottom:3%;--awb-overflow:hidden;--awb-inner-bg-color:var(--awb-color7);--awb-inner-bg-color-hover:var(--awb-color7);--awb-inner-bg-size:cover;--awb-box-shadow:3px 3px 10px -5px #000000;;--awb-border-color:hsla(var(--awb-color8-h),var(--awb-color8-s),var(--awb-color8-l),calc(var(--awb-color8-a) - 80%));--awb-border-top:1px;--awb-border-right:1px;--awb-border-bottom:1px;--awb-border-left:1px;--awb-border-radius:10px 10px 10px 10px;--awb-inner-bg-border-radius:10px 10px 10px 10px;--awb-inner-bg-overflow:hidden;--awb-transform:scaleX(1) scaleY(1);--awb-transform-hover:scaleX(1.01) scaleY(1.01);--awb-filter:brightness(75%);--awb-filter-transition:filter 0.3s ease;--awb-filter-hover:brightness(100%);--awb-flex-grow:0;--awb-flex-shrink:0;--awb-flex-grow-medium:0;--awb-flex-shrink-medium:0;--awb-flex-grow-small:0;--awb-flex-shrink-small:0;\"><span class=\"fusion-column-inner-bg hover-type-none\"><a class=\"fusion-column-anchor\" href=\"https:\/\/jacophotographer.com\/es\/photography\/familia\/\" aria-label=\"View this collection and portfolio by Pacific Photography Costa Rica\"><span class=\"fusion-column-inner-bg-image\"><\/span><\/a><\/span><div class=\"fusion-column-wrapper fusion-column-has-shadow fusion-flex-justify-content-flex-start fusion-content-layout-column\"><div class=\"fusion-image-element \" style=\"--awb-aspect-ratio:2 \/ 1;--awb-object-position:50% 49%;--awb-caption-title-font-family:var(--h2_typography-font-family);--awb-caption-title-font-weight:var(--h2_typography-font-weight);--awb-caption-title-font-style:var(--h2_typography-font-style);--awb-caption-title-size:var(--h2_typography-font-size);--awb-caption-title-transform:var(--h2_typography-text-transform);--awb-caption-title-line-height:var(--h2_typography-line-height);--awb-caption-title-letter-spacing:var(--h2_typography-letter-spacing);\"><span class=\" fusion-imageframe imageframe-none imageframe-2 hover-type-none has-aspect-ratio\"><img decoding=\"async\" width=\"1170\" height=\"739\" alt=\"Fotograf\u00eda familiar por Pacific Photography Costa Rica\" title=\"Fotograf\u00eda familiar por Pacific Photography Costa Rica\" src=\"https:\/\/jacophotographer.com\/wp-content\/uploads\/2021\/08\/Family-Photography14.jpg\" class=\"img-responsive wp-image-2679 img-with-aspect-ratio\" data-parent-fit=\"cover\" data-parent-container=\".fusion-image-element\" srcset=\"https:\/\/jacophotographer.com\/wp-content\/uploads\/2021\/08\/Family-Photography14-200x126.jpg 200w, https:\/\/jacophotographer.com\/wp-content\/uploads\/2021\/08\/Family-Photography14-400x253.jpg 400w, https:\/\/jacophotographer.com\/wp-content\/uploads\/2021\/08\/Family-Photography14-600x379.jpg 600w, https:\/\/jacophotographer.com\/wp-content\/uploads\/2021\/08\/Family-Photography14-800x505.jpg 800w, https:\/\/jacophotographer.com\/wp-content\/uploads\/2021\/08\/Family-Photography14.jpg 1170w\" sizes=\"(max-width: 1024px) 100vw, (max-width: 767px) 100vw, 1170px\" \/><\/span><\/div><div class=\"fusion-title title fusion-title-7 fusion-sep-none fusion-title-center fusion-title-text fusion-title-size-four\" style=\"--awb-margin-top:15px;--awb-margin-right:3%;--awb-margin-left:3%;--awb-margin-top-small:15px;--awb-margin-right-small:3%;--awb-margin-bottom-small:0px;--awb-margin-left-small:3%;--awb-font-size:20px;\"><h4 class=\"fusion-title-heading title-heading-center fusion-responsive-typography-calculated\" style=\"font-family:var(--awb-typography2-font-family);font-weight:var(--awb-typography2-font-weight);font-style:var(--awb-typography2-font-style);margin:0;letter-spacing:var(--awb-typography2-letter-spacing);text-transform:var(--awb-typography2-text-transform);font-size:1em;--fontSize:20;--minFontSize:20;line-height:var(--awb-typography2-line-height);\">FAMILIA<\/h4><\/div><div class=\"fusion-title title fusion-title-8 fusion-sep-none fusion-title-center fusion-title-text fusion-title-size-paragraph\" style=\"--awb-text-color:hsla(var(--awb-color8-h),var(--awb-color8-s),var(--awb-color8-l),calc(var(--awb-color8-a) - 25%));--awb-margin-right:3%;--awb-margin-left:3%;--awb-margin-top-small:0px;--awb-margin-right-small:3%;--awb-margin-bottom-small:0px;--awb-margin-left-small:3%;--awb-font-size:12px;\"><p class=\"fusion-title-heading title-heading-center title-heading-tag fusion-responsive-typography-calculated\" style=\"font-family:var(--awb-typography5-font-family);font-weight:var(--awb-typography5-font-weight);font-style:var(--awb-typography5-font-style);margin:0;letter-spacing:var(--awb-typography5-letter-spacing);text-transform:var(--awb-typography5-text-transform);font-size:1em;--fontSize:12;--minFontSize:12;line-height:var(--awb-typography5-line-height);\">Colecci\u00f3n\/portfolio<\/p><\/div><\/div><\/li>\n<li class=\"fusion-layout-column fusion_builder_column fusion-builder-column-6 fusion-flex-column fusion-column-inner-bg-wrapper post-card fusion-grid-column fusion-post-cards-grid-column\" style=\"--awb-padding-bottom:3%;--awb-overflow:hidden;--awb-inner-bg-color:var(--awb-color7);--awb-inner-bg-color-hover:var(--awb-color7);--awb-inner-bg-size:cover;--awb-box-shadow:3px 3px 10px -5px #000000;;--awb-border-color:hsla(var(--awb-color8-h),var(--awb-color8-s),var(--awb-color8-l),calc(var(--awb-color8-a) - 80%));--awb-border-top:1px;--awb-border-right:1px;--awb-border-bottom:1px;--awb-border-left:1px;--awb-border-radius:10px 10px 10px 10px;--awb-inner-bg-border-radius:10px 10px 10px 10px;--awb-inner-bg-overflow:hidden;--awb-transform:scaleX(1) scaleY(1);--awb-transform-hover:scaleX(1.01) scaleY(1.01);--awb-filter:brightness(75%);--awb-filter-transition:filter 0.3s ease;--awb-filter-hover:brightness(100%);--awb-flex-grow:0;--awb-flex-shrink:0;--awb-flex-grow-medium:0;--awb-flex-shrink-medium:0;--awb-flex-grow-small:0;--awb-flex-shrink-small:0;\"><span class=\"fusion-column-inner-bg hover-type-none\"><a class=\"fusion-column-anchor\" href=\"https:\/\/jacophotographer.com\/es\/photography\/amor\/\" aria-label=\"View this collection and portfolio by Pacific Photography Costa Rica\"><span class=\"fusion-column-inner-bg-image\"><\/span><\/a><\/span><div class=\"fusion-column-wrapper fusion-column-has-shadow fusion-flex-justify-content-flex-start fusion-content-layout-column\"><div class=\"fusion-image-element \" style=\"--awb-aspect-ratio:2 \/ 1;--awb-object-position:50% 49%;--awb-caption-title-font-family:var(--h2_typography-font-family);--awb-caption-title-font-weight:var(--h2_typography-font-weight);--awb-caption-title-font-style:var(--h2_typography-font-style);--awb-caption-title-size:var(--h2_typography-font-size);--awb-caption-title-transform:var(--h2_typography-text-transform);--awb-caption-title-line-height:var(--h2_typography-line-height);--awb-caption-title-letter-spacing:var(--h2_typography-letter-spacing);\"><span class=\" fusion-imageframe imageframe-none imageframe-3 hover-type-none has-aspect-ratio\"><img decoding=\"async\" width=\"1170\" height=\"739\" alt=\"Fotograf\u00eda de amor, bodas, eventos, fot\u00f3grafos Jaco, Jaco Costa Rica, fot\u00f3grafos Jaco, fotograf\u00eda Jaco, fotograf\u00eda Costa Rica, fotograf\u00eda de bodas Jaco, fotograf\u00eda de bodas Costa Rica, fotograf\u00eda deportiva Jaco, fotograf\u00eda deportiva Costa Rica, sesiones de fotos familiares Jaco, sesiones de fotos familiares Costa Rica, sesiones de fotos privadas Jaco, sesiones de fotos privadas Costa Rica, sesiones de fotos de modelos Jaco, sesiones de fotos de modelos Costa Rica, fotograf\u00eda de naturaleza, fotograf\u00eda de vida silvestre, fotograf\u00eda de la cultura costarricense, fotograf\u00eda de viajes\" title=\"Fotograf\u00eda de amor, compromiso y bodas\" src=\"https:\/\/jacophotographer.com\/wp-content\/uploads\/2020\/04\/Wedding-and-Love-Photography-Costa-Rica.jpg\" class=\"img-responsive wp-image-2531 img-with-aspect-ratio\" data-parent-fit=\"cover\" data-parent-container=\".fusion-image-element\" srcset=\"https:\/\/jacophotographer.com\/wp-content\/uploads\/2020\/04\/Wedding-and-Love-Photography-Costa-Rica-200x126.jpg 200w, https:\/\/jacophotographer.com\/wp-content\/uploads\/2020\/04\/Wedding-and-Love-Photography-Costa-Rica-400x253.jpg 400w, https:\/\/jacophotographer.com\/wp-content\/uploads\/2020\/04\/Wedding-and-Love-Photography-Costa-Rica-600x379.jpg 600w, https:\/\/jacophotographer.com\/wp-content\/uploads\/2020\/04\/Wedding-and-Love-Photography-Costa-Rica-800x505.jpg 800w, https:\/\/jacophotographer.com\/wp-content\/uploads\/2020\/04\/Wedding-and-Love-Photography-Costa-Rica.jpg 1170w\" sizes=\"(max-width: 1024px) 100vw, (max-width: 767px) 100vw, 1170px\" \/><\/span><\/div><div class=\"fusion-title title fusion-title-9 fusion-sep-none fusion-title-center fusion-title-text fusion-title-size-four\" style=\"--awb-margin-top:15px;--awb-margin-right:3%;--awb-margin-left:3%;--awb-margin-top-small:15px;--awb-margin-right-small:3%;--awb-margin-bottom-small:0px;--awb-margin-left-small:3%;--awb-font-size:20px;\"><h4 class=\"fusion-title-heading title-heading-center fusion-responsive-typography-calculated\" style=\"font-family:var(--awb-typography2-font-family);font-weight:var(--awb-typography2-font-weight);font-style:var(--awb-typography2-font-style);margin:0;letter-spacing:var(--awb-typography2-letter-spacing);text-transform:var(--awb-typography2-text-transform);font-size:1em;--fontSize:20;--minFontSize:20;line-height:var(--awb-typography2-line-height);\">AMOR<\/h4><\/div><div class=\"fusion-title title fusion-title-10 fusion-sep-none fusion-title-center fusion-title-text fusion-title-size-paragraph\" style=\"--awb-text-color:hsla(var(--awb-color8-h),var(--awb-color8-s),var(--awb-color8-l),calc(var(--awb-color8-a) - 25%));--awb-margin-right:3%;--awb-margin-left:3%;--awb-margin-top-small:0px;--awb-margin-right-small:3%;--awb-margin-bottom-small:0px;--awb-margin-left-small:3%;--awb-font-size:12px;\"><p class=\"fusion-title-heading title-heading-center title-heading-tag fusion-responsive-typography-calculated\" style=\"font-family:var(--awb-typography5-font-family);font-weight:var(--awb-typography5-font-weight);font-style:var(--awb-typography5-font-style);margin:0;letter-spacing:var(--awb-typography5-letter-spacing);text-transform:var(--awb-typography5-text-transform);font-size:1em;--fontSize:12;--minFontSize:12;line-height:var(--awb-typography5-line-height);\">Colecci\u00f3n\/portfolio<\/p><\/div><\/div><\/li>\n<li class=\"fusion-layout-column fusion_builder_column fusion-builder-column-7 fusion-flex-column fusion-column-inner-bg-wrapper post-card fusion-grid-column fusion-post-cards-grid-column\" style=\"--awb-padding-bottom:3%;--awb-overflow:hidden;--awb-inner-bg-color:var(--awb-color7);--awb-inner-bg-color-hover:var(--awb-color7);--awb-inner-bg-size:cover;--awb-box-shadow:3px 3px 10px -5px #000000;;--awb-border-color:hsla(var(--awb-color8-h),var(--awb-color8-s),var(--awb-color8-l),calc(var(--awb-color8-a) - 80%));--awb-border-top:1px;--awb-border-right:1px;--awb-border-bottom:1px;--awb-border-left:1px;--awb-border-radius:10px 10px 10px 10px;--awb-inner-bg-border-radius:10px 10px 10px 10px;--awb-inner-bg-overflow:hidden;--awb-transform:scaleX(1) scaleY(1);--awb-transform-hover:scaleX(1.01) scaleY(1.01);--awb-filter:brightness(75%);--awb-filter-transition:filter 0.3s ease;--awb-filter-hover:brightness(100%);--awb-flex-grow:0;--awb-flex-shrink:0;--awb-flex-grow-medium:0;--awb-flex-shrink-medium:0;--awb-flex-grow-small:0;--awb-flex-shrink-small:0;\"><span class=\"fusion-column-inner-bg hover-type-none\"><a class=\"fusion-column-anchor\" href=\"https:\/\/jacophotographer.com\/es\/photography\/bodas\/\" aria-label=\"View this collection and portfolio by Pacific Photography Costa Rica\"><span class=\"fusion-column-inner-bg-image\"><\/span><\/a><\/span><div class=\"fusion-column-wrapper fusion-column-has-shadow fusion-flex-justify-content-flex-start fusion-content-layout-column\"><div class=\"fusion-image-element \" style=\"--awb-aspect-ratio:2 \/ 1;--awb-object-position:50% 49%;--awb-caption-title-font-family:var(--h2_typography-font-family);--awb-caption-title-font-weight:var(--h2_typography-font-weight);--awb-caption-title-font-style:var(--h2_typography-font-style);--awb-caption-title-size:var(--h2_typography-font-size);--awb-caption-title-transform:var(--h2_typography-text-transform);--awb-caption-title-line-height:var(--h2_typography-line-height);--awb-caption-title-letter-spacing:var(--h2_typography-letter-spacing);\"><span class=\" fusion-imageframe imageframe-none imageframe-4 hover-type-none has-aspect-ratio\"><img decoding=\"async\" width=\"1999\" height=\"1334\" alt=\"Boda en Costa Rica, fot\u00f3grafos y v\u00eddeo de boda.\" title=\"Boda en Costa Rica, fot\u00f3grafos y v\u00eddeo de boda.\" src=\"https:\/\/jacophotographer.com\/wp-content\/uploads\/2024\/11\/Wedding-Photo-Video-Costa-Rica-2.jpg\" class=\"img-responsive wp-image-6380 img-with-aspect-ratio\" data-parent-fit=\"cover\" data-parent-container=\".fusion-image-element\" srcset=\"https:\/\/jacophotographer.com\/wp-content\/uploads\/2024\/11\/Wedding-Photo-Video-Costa-Rica-2-300x200.jpg 300w, https:\/\/jacophotographer.com\/wp-content\/uploads\/2024\/11\/Wedding-Photo-Video-Costa-Rica-2-768x513.jpg 768w, https:\/\/jacophotographer.com\/wp-content\/uploads\/2024\/11\/Wedding-Photo-Video-Costa-Rica-2-1024x683.jpg 1024w, https:\/\/jacophotographer.com\/wp-content\/uploads\/2024\/11\/Wedding-Photo-Video-Costa-Rica-2-1536x1025.jpg 1536w, https:\/\/jacophotographer.com\/wp-content\/uploads\/2024\/11\/Wedding-Photo-Video-Costa-Rica-2.jpg 1999w\" sizes=\"(max-width: 1999px) 100vw, 1999px\" \/><\/span><\/div><div class=\"fusion-title title fusion-title-11 fusion-sep-none fusion-title-center fusion-title-text fusion-title-size-four\" style=\"--awb-margin-top:15px;--awb-margin-right:3%;--awb-margin-left:3%;--awb-margin-top-small:15px;--awb-margin-right-small:3%;--awb-margin-bottom-small:0px;--awb-margin-left-small:3%;--awb-font-size:20px;\"><h4 class=\"fusion-title-heading title-heading-center fusion-responsive-typography-calculated\" style=\"font-family:var(--awb-typography2-font-family);font-weight:var(--awb-typography2-font-weight);font-style:var(--awb-typography2-font-style);margin:0;letter-spacing:var(--awb-typography2-letter-spacing);text-transform:var(--awb-typography2-text-transform);font-size:1em;--fontSize:20;--minFontSize:20;line-height:var(--awb-typography2-line-height);\">BODAS<\/h4><\/div><div class=\"fusion-title title fusion-title-12 fusion-sep-none fusion-title-center fusion-title-text fusion-title-size-paragraph\" style=\"--awb-text-color:hsla(var(--awb-color8-h),var(--awb-color8-s),var(--awb-color8-l),calc(var(--awb-color8-a) - 25%));--awb-margin-right:3%;--awb-margin-left:3%;--awb-margin-top-small:0px;--awb-margin-right-small:3%;--awb-margin-bottom-small:0px;--awb-margin-left-small:3%;--awb-font-size:12px;\"><p class=\"fusion-title-heading title-heading-center title-heading-tag fusion-responsive-typography-calculated\" style=\"font-family:var(--awb-typography5-font-family);font-weight:var(--awb-typography5-font-weight);font-style:var(--awb-typography5-font-style);margin:0;letter-spacing:var(--awb-typography5-letter-spacing);text-transform:var(--awb-typography5-text-transform);font-size:1em;--fontSize:12;--minFontSize:12;line-height:var(--awb-typography5-line-height);\">Colecci\u00f3n\/portfolio<\/p><\/div><\/div><\/li>\n<\/ul><\/div><\/div><\/div><\/div><\/div>\n<\/p>\n","protected":false},"excerpt":{"rendered":"","protected":false},"author":1,"featured_media":5033,"menu_order":0,"comment_status":"open","ping_status":"closed","template":"","format":"standard","meta":{"footnotes":""},"portfolio_category":[273],"portfolio_skills":[145],"portfolio_tags":[274,146,269],"class_list":["post-5043","avada_portfolio","type-avada_portfolio","status-publish","format-standard","has-post-thumbnail","hentry","portfolio_category-blanco-negro","portfolio_skills-blanco-negro","portfolio_tags-blanco-negro","portfolio_tags-fotografia","portfolio_tags-video-es"],"aioseo_notices":[],"_links":{"self":[{"href":"https:\/\/jacophotographer.com\/es\/wp-json\/wp\/v2\/avada_portfolio\/5043","targetHints":{"allow":["GET"]}}],"collection":[{"href":"https:\/\/jacophotographer.com\/es\/wp-json\/wp\/v2\/avada_portfolio"}],"about":[{"href":"https:\/\/jacophotographer.com\/es\/wp-json\/wp\/v2\/types\/avada_portfolio"}],"author":[{"embeddable":true,"href":"https:\/\/jacophotographer.com\/es\/wp-json\/wp\/v2\/users\/1"}],"replies":[{"embeddable":true,"href":"https:\/\/jacophotographer.com\/es\/wp-json\/wp\/v2\/comments?post=5043"}],"version-history":[{"count":0,"href":"https:\/\/jacophotographer.com\/es\/wp-json\/wp\/v2\/avada_portfolio\/5043\/revisions"}],"wp:featuredmedia":[{"embeddable":true,"href":"https:\/\/jacophotographer.com\/es\/wp-json\/wp\/v2\/media\/5033"}],"wp:attachment":[{"href":"https:\/\/jacophotographer.com\/es\/wp-json\/wp\/v2\/media?parent=5043"}],"wp:term":[{"taxonomy":"portfolio_category","embeddable":true,"href":"https:\/\/jacophotographer.com\/es\/wp-json\/wp\/v2\/portfolio_category?post=5043"},{"taxonomy":"portfolio_skills","embeddable":true,"href":"https:\/\/jacophotographer.com\/es\/wp-json\/wp\/v2\/portfolio_skills?post=5043"},{"taxonomy":"portfolio_tags","embeddable":true,"href":"https:\/\/jacophotographer.com\/es\/wp-json\/wp\/v2\/portfolio_tags?post=5043"}],"curies":[{"name":"wp","href":"https:\/\/api.w.org\/{rel}","templated":true}]}}