{"id":7321,"date":"2025-10-29T22:27:29","date_gmt":"2025-10-30T04:27:29","guid":{"rendered":"https:\/\/jacophotographer.com\/precios-de-boda\/"},"modified":"2026-03-27T15:58:30","modified_gmt":"2026-03-27T21:58:30","slug":"precios-de-boda","status":"publish","type":"page","link":"https:\/\/jacophotographer.com\/es\/precios-de-boda\/","title":{"rendered":"Precios de boda"},"content":{"rendered":"<p><div class=\"fusion-fullwidth fullwidth-box fusion-builder-row-1 fusion-flex-container fusion-parallax-none nonhundred-percent-fullwidth non-hundred-percent-height-scrolling\" style=\"--awb-background-position:left center;--awb-border-sizes-top:0px;--awb-border-sizes-bottom:0px;--awb-border-sizes-left:0px;--awb-border-sizes-right:0px;--awb-border-radius-top-left:0px;--awb-border-radius-top-right:0px;--awb-border-radius-bottom-right:0px;--awb-border-radius-bottom-left:0px;--awb-padding-top:200px;--awb-padding-right:5%;--awb-padding-bottom:50px;--awb-padding-left:5%;--awb-padding-top-small:200px;--awb-padding-bottom-small:0px;--awb-margin-bottom:0px;--awb-background-image:linear-gradient(180deg, hsla(var(--awb-color1-h),var(--awb-color1-s),var(--awb-color1-l),calc(var(--awb-color1-a) - 50%)) 0%,hsla(var(--awb-color1-h),var(--awb-color1-s),var(--awb-color1-l),calc(var(--awb-color1-a) - 50%)) 100%),url(http:\/\/jacophotographer.com\/wp-content\/uploads\/2025\/10\/wedding-photographers-costa-rica-pricing.jpg);;--awb-background-size:cover;--awb-flex-wrap:wrap;\" ><div class=\"fusion-builder-row fusion-row fusion-flex-align-items-center fusion-flex-justify-content-center fusion-flex-content-wrap\" style=\"max-width:1331.2px;margin-left: calc(-4% \/ 2 );margin-right: calc(-4% \/ 2 );\"><div class=\"fusion-layout-column fusion_builder_column fusion-builder-column-0 fusion_builder_column_1_1 1_1 fusion-flex-column\" style=\"--awb-bg-position:center top;--awb-bg-size:cover;--awb-width-large:100%;--awb-margin-top-large:0px;--awb-spacing-right-large:1.92%;--awb-margin-bottom-large:0px;--awb-spacing-left-large:1.92%;--awb-width-medium:100%;--awb-order-medium:0;--awb-spacing-right-medium:1.92%;--awb-spacing-left-medium:1.92%;--awb-width-small:100%;--awb-order-small:0;--awb-spacing-right-small:1.92%;--awb-margin-bottom-small:50px;--awb-spacing-left-small:1.92%;\"><div class=\"fusion-column-wrapper fusion-column-has-shadow fusion-flex-justify-content-flex-start fusion-content-layout-column\"><div class=\"fusion-title title fusion-title-1 fusion-no-medium-visibility fusion-no-large-visibility fusion-sep-none fusion-title-text fusion-title-size-four\" style=\"--awb-text-color:hsla(var(--awb-color6-h),var(--awb-color6-s),var(--awb-color6-l),calc(var(--awb-color6-a) - 20%));--awb-margin-top-small:0px;--awb-margin-right-small:0px;--awb-margin-bottom-small:0px;--awb-margin-left-small:0px;--awb-font-size:20px;\"><h4 class=\"fusion-title-heading title-heading-right sm-text-align-left fusion-responsive-typography-calculated\" style=\"font-family:var(--awb-typography2-font-family);font-weight:var(--awb-typography2-font-weight);font-style:var(--awb-typography2-font-style);margin:0;letter-spacing:var(--awb-typography2-letter-spacing);text-transform:var(--awb-typography2-text-transform);font-size:1em;--fontSize:20;--minFontSize:20;line-height:var(--awb-typography2-line-height);\">La Boda de Destino de Sus Sue\u00f1os<\/h4><\/div><div class=\"fusion-title title fusion-title-2 fusion-no-small-visibility fusion-sep-none fusion-title-text fusion-title-size-paragraph\" style=\"--awb-text-color:hsla(var(--awb-color6-h),var(--awb-color6-s),var(--awb-color6-l),calc(var(--awb-color6-a) - 20%));--awb-margin-top-small:0px;--awb-margin-right-small:0px;--awb-margin-bottom-small:0px;--awb-margin-left-small:0px;--awb-font-size:var(--awb-typography2-font-size);\"><p class=\"fusion-title-heading title-heading-right title-heading-tag sm-text-align-left fusion-responsive-typography-calculated\" style=\"font-family:var(--awb-typography2-font-family);font-weight:var(--awb-typography2-font-weight);font-style:var(--awb-typography2-font-style);margin:0;letter-spacing:var(--awb-typography2-letter-spacing);text-transform:var(--awb-typography2-text-transform);font-size:1em;--fontSize:25;--minFontSize:25;line-height:var(--awb-typography2-line-height);\">La Boda de Destino de Sus Sue\u00f1os<\/p><\/div><div class=\"fusion-title title fusion-title-3 fusion-sep-none fusion-title-text fusion-title-size-one\" style=\"--awb-text-color:var(--awb-color7);--awb-margin-top-small:0px;--awb-margin-right-small:0px;--awb-margin-bottom-small:0px;--awb-margin-left-small:0px;--awb-font-size:var(--awb-typography1-font-size);\"><h1 class=\"fusion-title-heading title-heading-right sm-text-align-left fusion-responsive-typography-calculated\" style=\"font-family:var(--awb-typography1-font-family);font-weight:var(--awb-typography1-font-weight);font-style:var(--awb-typography1-font-style);margin:0;letter-spacing:var(--awb-typography1-letter-spacing);text-transform:var(--awb-typography1-text-transform);font-size:1em;--fontSize:45;line-height:var(--awb-typography1-line-height);\">PRECIOS DE BODA<\/h1><\/div><div class=\"fusion-title title fusion-title-4 fusion-sep-none fusion-title-text fusion-title-size-paragraph\" style=\"--awb-text-color:hsla(var(--awb-color6-h),var(--awb-color6-s),var(--awb-color6-l),calc(var(--awb-color6-a) - 20%));--awb-margin-right:0xp;--awb-margin-bottom:15px;--awb-margin-top-small:0px;--awb-margin-right-small:0px;--awb-margin-bottom-small:15px;--awb-margin-left-small:0px;--awb-font-size:16px;\"><p class=\"fusion-title-heading title-heading-right title-heading-tag sm-text-align-left fusion-responsive-typography-calculated\" style=\"font-family:var(--awb-typography3-font-family);font-weight:var(--awb-typography3-font-weight);font-style:var(--awb-typography3-font-style);margin:0;letter-spacing:var(--awb-typography3-letter-spacing);text-transform:none;font-size:1em;--fontSize:16;--minFontSize:16;line-height:var(--awb-typography3-line-height);\">Por Pacific Photography Costa Rica<\/p><\/div><div class=\"fusion-builder-row fusion-builder-row-inner fusion-row fusion-flex-align-items-center fusion-flex-justify-content-center fusion-flex-content-wrap\" style=\"--awb-flex-grow:0;--awb-flex-grow-medium:0;--awb-flex-grow-small:0;--awb-flex-shrink:0;--awb-flex-shrink-medium:0;--awb-flex-shrink-small:0;width:104% !important;max-width:104% !important;margin-left: calc(-4% \/ 2 );margin-right: calc(-4% \/ 2 );\"><div class=\"fusion-layout-column fusion_builder_column_inner fusion-builder-nested-column-0 fusion_builder_column_inner_1_1 1_1 fusion-flex-column fusion-no-small-visibility\" style=\"--awb-bg-size:cover;--awb-width-large:100%;--awb-margin-top-large:0px;--awb-spacing-right-large:1.92%;--awb-margin-bottom-large:0px;--awb-spacing-left-large:1.92%;--awb-width-medium:100%;--awb-order-medium:0;--awb-spacing-right-medium:1.92%;--awb-spacing-left-medium:1.92%;--awb-width-small:100%;--awb-order-small:0;--awb-spacing-right-small:1.92%;--awb-spacing-left-small:1.92%;\"><div class=\"fusion-column-wrapper fusion-column-has-shadow fusion-flex-justify-content-flex-end fusion-content-layout-row\"><div ><a class=\"fusion-button button-flat fusion-button-default-size button-default fusion-button-default button-1 fusion-button-default-span fusion-button-default-type\" style=\"--awb-margin-right:5px;\" target=\"_self\" title=\"Contrate a Pacific Photography para sus fot\u00f3grafos de bodas en Costa Rica\" aria-label=\"Contrate a Pacific Photography para sus fot\u00f3grafos de bodas en Costa Rica\" href=\"#awb-oc__7265\"><span class=\"fusion-button-text awb-button__text awb-button__text--default\">Contratanos<\/span><i class=\"fa-calendar-check fas awb-button__icon awb-button__icon--default button-icon-right\" aria-hidden=\"true\"><\/i><\/a><\/div><div ><a class=\"fusion-button button-flat fusion-button-default-size button-default fusion-button-default button-2 fusion-button-default-span fusion-button-default-type\" style=\"--awb-margin-left:5px;\" target=\"_self\" title=\"Paquetes de boda de fotograf\u00eda y video\" aria-label=\"Paquetes de boda de fotograf\u00eda y video\" href=\"#bundle-pricing\"><span class=\"fusion-button-text awb-button__text awb-button__text--default\">Ver paquetes<\/span><i class=\"fa-box-open fas awb-button__icon awb-button__icon--default button-icon-right\" aria-hidden=\"true\"><\/i><\/a><\/div><\/div><\/div><div class=\"fusion-layout-column fusion_builder_column_inner fusion-builder-nested-column-1 fusion_builder_column_inner_1_1 1_1 fusion-flex-column fusion-no-medium-visibility fusion-no-large-visibility\" style=\"--awb-bg-size:cover;--awb-width-large:100%;--awb-margin-top-large:0px;--awb-spacing-right-large:1.92%;--awb-margin-bottom-large:0px;--awb-spacing-left-large:1.92%;--awb-width-medium:100%;--awb-order-medium:0;--awb-spacing-right-medium:1.92%;--awb-spacing-left-medium:1.92%;--awb-width-small:100%;--awb-order-small:0;--awb-spacing-right-small:1.92%;--awb-spacing-left-small:1.92%;\"><div class=\"fusion-column-wrapper fusion-column-has-shadow fusion-flex-justify-content-flex-start fusion-content-layout-row\"><div ><a class=\"fusion-button button-flat fusion-button-default-size button-default fusion-button-default button-3 fusion-button-default-span fusion-button-default-type\" style=\"--awb-margin-right:5px;\" target=\"_self\" title=\"Contrate a Pacific Photography para sus fot\u00f3grafos de bodas en Costa Rica\" aria-label=\"Contrate a Pacific Photography para sus fot\u00f3grafos de bodas en Costa Rica\" href=\"#awb-oc__7265\"><span class=\"fusion-button-text awb-button__text awb-button__text--default\">Contratanos<\/span><i class=\"fa-calendar-check fas awb-button__icon awb-button__icon--default button-icon-right\" aria-hidden=\"true\"><\/i><\/a><\/div><div ><a class=\"fusion-button button-flat fusion-button-default-size button-default fusion-button-default button-4 fusion-button-default-span fusion-button-default-type\" style=\"--awb-margin-left:5px;\" target=\"_self\" title=\"Paquetes de boda de fotograf\u00eda y video\" aria-label=\"Paquetes de boda de fotograf\u00eda y video\" href=\"#bundle-pricing\"><span class=\"fusion-button-text awb-button__text awb-button__text--default\">Ver paquetes<\/span><i class=\"fa-box-open fas awb-button__icon awb-button__icon--default button-icon-right\" aria-hidden=\"true\"><\/i><\/a><\/div><\/div><\/div><\/div><\/div><\/div><\/div><\/div><nav class=\"fusion-fullwidth fullwidth-box fusion-builder-row-2 fusion-flex-container has-pattern-background has-mask-background hundred-percent-fullwidth non-hundred-percent-height-scrolling fusion-no-medium-visibility fusion-no-large-visibility fusion-sticky-container fusion-custom-z-index\" style=\"--awb-border-sizes-top:0;--awb-border-sizes-bottom:0;--awb-border-sizes-left:0;--awb-border-sizes-right:0;--awb-border-color:hsla(var(--awb-color3-h),var(--awb-color3-s),var(--awb-color3-l),calc(var(--awb-color3-a) - 10%));--awb-border-radius-top-left:0px;--awb-border-radius-top-right:0px;--awb-border-radius-bottom-right:0px;--awb-border-radius-bottom-left:0px;--awb-z-index:905;--awb-padding-top:10px;--awb-padding-right:10px;--awb-padding-bottom:10px;--awb-padding-left:10px;--awb-padding-top-small:10px;--awb-padding-right-small:0px;--awb-padding-bottom-small:10px;--awb-padding-left-small:0px;--awb-background-color:hsla(var(--awb-color7-h),var(--awb-color7-s),var(--awb-color7-l),calc(var(--awb-color7-a) - 10%));--awb-background-color-small:hsla(var(--awb-color7-h),var(--awb-color7-s),var(--awb-color7-l),calc(var(--awb-color7-a) - 10%));--awb-sticky-background-color:hsla(var(--awb-color7-h),var(--awb-color7-s),var(--awb-color7-l),calc(var(--awb-color7-a) - 10%)) !important;--awb-flex-wrap:wrap;--awb-flex-wrap-small:nowrap;\" data-transition-offset=\"0\" data-sticky-offset=\"62px\" data-scroll-offset=\"0\" data-sticky-small-visibility=\"1\" ><div class=\"fusion-builder-row fusion-row fusion-flex-align-items-center fusion-flex-justify-content-center fusion-flex-content-wrap\" style=\"width:calc( 100% + 0px ) !important;max-width:calc( 100% + 0px ) !important;margin-left: calc(-0px \/ 2 );margin-right: calc(-0px \/ 2 );\"><div class=\"fusion-layout-column fusion_builder_column fusion-builder-column-1 fusion_builder_column_1_1 1_1 fusion-flex-column\" style=\"--awb-bg-size:cover;--awb-width-large:100%;--awb-margin-top-large:0px;--awb-spacing-right-large:0px;--awb-margin-bottom-large:0px;--awb-spacing-left-large:0px;--awb-width-medium:100%;--awb-order-medium:0;--awb-spacing-right-medium:0px;--awb-spacing-left-medium:0px;--awb-width-small:100%;--awb-order-small:0;--awb-spacing-right-small:0px;--awb-spacing-left-small:0px;\"><div class=\"fusion-column-wrapper fusion-column-has-shadow fusion-flex-justify-content-flex-start fusion-content-layout-column\"><nav class=\"awb-menu awb-menu_row awb-menu_em-hover mobile-mode-collapse-to-button awb-menu_icons-left awb-menu_dc-yes mobile-trigger-fullwidth-off awb-menu_mobile-toggle awb-menu_indent-right mobile-size-full-absolute loading mega-menu-loading awb-menu_desktop awb-menu_dropdown awb-menu_expand-right awb-menu_transition-fade\" style=\"--awb-line-height:var(--awb-typography4-line-height);--awb-text-transform:uppercase;--awb-min-height:30px;--awb-gap:3%;--awb-justify-content:center;--awb-border-color:var(--awb-color1);--awb-color:var(--awb-color1);--awb-letter-spacing:var(--awb-typography4-letter-spacing);--awb-active-color:var(--awb-color3);--awb-active-border-bottom:2px;--awb-active-border-color:var(--awb-color3);--awb-submenu-color:var(--awb-color7);--awb-submenu-bg:var(--awb-color1);--awb-submenu-sep-color:rgba(0,188,212,0.1);--awb-submenu-border-radius-top-left:3px;--awb-submenu-border-radius-top-right:3px;--awb-submenu-border-radius-bottom-right:3px;--awb-submenu-border-radius-bottom-left:3px;--awb-submenu-active-bg:var(--awb-color3);--awb-submenu-active-color:var(--awb-color1);--awb-submenu-font-size:15px;--awb-submenu-text-transform:none;--awb-submenu-max-width:200px;--awb-icons-color:var(--awb-color1);--awb-icons-hover-color:var(--awb-color3);--awb-main-justify-content:flex-start;--awb-mobile-nav-button-align-hor:flex-end;--awb-mobile-bg:#282a2d;--awb-mobile-color:#ffffff;--awb-mobile-nav-items-height:54;--awb-mobile-active-bg:#282a2d;--awb-mobile-active-color:#00bcd4;--awb-mobile-trigger-font-size:30px;--awb-mobile-trigger-color:#00bcd4;--awb-mobile-trigger-background-color:rgba(255,255,255,0);--awb-mobile-font-size:18px;--awb-mobile-sep-color:rgba(0,188,212,0.1);--awb-justify-title:flex-end;--awb-sticky-min-height:30px;--awb-mobile-justify:flex-end;--awb-mobile-caret-left:0;--awb-mobile-caret-right:auto;--awb-fusion-font-family-typography:var(--awb-typography4-font-family);--awb-fusion-font-weight-typography:var(--awb-typography4-font-weight);--awb-fusion-font-style-typography:var(--awb-typography4-font-style);--awb-fusion-font-family-submenu-typography:&quot;Raleway&quot;;--awb-fusion-font-style-submenu-typography:normal;--awb-fusion-font-weight-submenu-typography:500;--awb-fusion-font-family-mobile-typography:inherit;--awb-fusion-font-style-mobile-typography:normal;--awb-fusion-font-weight-mobile-typography:400;\" aria-label=\"wedding-sticky-menu\" data-breakpoint=\"0\" data-count=\"0\" data-transition-type=\"center-grow\" data-transition-time=\"300\" data-expand=\"right\"><ul id=\"menu-wedding-sticky-menu-esp\" class=\"fusion-menu awb-menu__main-ul awb-menu__main-ul_row\"><li  id=\"menu-item-7405\"  class=\"menu-item menu-item-type-custom menu-item-object-custom menu-item-7405 awb-menu__li awb-menu__main-li awb-menu__main-li_regular\"  data-item-id=\"7405\"><span class=\"awb-menu__main-background-default awb-menu__main-background-default_center-grow\"><\/span><span class=\"awb-menu__main-background-active awb-menu__main-background-active_center-grow\"><\/span><a  href=\"#precios-foto\" class=\"awb-menu__main-a awb-menu__main-a_regular\"><span class=\"menu-text\">Fotos<\/span><\/a><\/li><li  id=\"menu-item-7406\"  class=\"menu-item menu-item-type-custom menu-item-object-custom menu-item-7406 awb-menu__li awb-menu__main-li awb-menu__main-li_regular\"  data-item-id=\"7406\"><span class=\"awb-menu__main-background-default awb-menu__main-background-default_center-grow\"><\/span><span class=\"awb-menu__main-background-active awb-menu__main-background-active_center-grow\"><\/span><a  href=\"#precios-video\" class=\"awb-menu__main-a awb-menu__main-a_regular\"><span class=\"menu-text\">Video<\/span><\/a><\/li><li  id=\"menu-item-7407\"  class=\"menu-item menu-item-type-custom menu-item-object-custom menu-item-7407 awb-menu__li awb-menu__main-li awb-menu__main-li_regular\"  data-item-id=\"7407\"><span class=\"awb-menu__main-background-default awb-menu__main-background-default_center-grow\"><\/span><span class=\"awb-menu__main-background-active awb-menu__main-background-active_center-grow\"><\/span><a  href=\"#precios-paquete\" class=\"awb-menu__main-a awb-menu__main-a_regular\"><span class=\"menu-text\">Paquetes<\/span><\/a><\/li><li  id=\"menu-item-7408\"  class=\"menu-item menu-item-type-custom menu-item-object-custom menu-item-7408 awb-menu__li awb-menu__main-li awb-menu__main-li_regular\"  data-item-id=\"7408\"><span class=\"awb-menu__main-background-default awb-menu__main-background-default_center-grow\"><\/span><span class=\"awb-menu__main-background-active awb-menu__main-background-active_center-grow\"><\/span><a  href=\"#complementos\" class=\"awb-menu__main-a awb-menu__main-a_regular\"><span class=\"menu-text\">Extras<\/span><\/a><\/li><\/ul><\/nav><\/div><\/div><\/div><\/nav><div id=\"precios-foto\" class=\"fusion-container-anchor\"><div class=\"fusion-fullwidth fullwidth-box fusion-builder-row-3 fusion-flex-container has-pattern-background has-mask-background nonhundred-percent-fullwidth non-hundred-percent-height-scrolling\" style=\"--awb-border-radius-top-left:0px;--awb-border-radius-top-right:0px;--awb-border-radius-bottom-right:0px;--awb-border-radius-bottom-left:0px;--awb-padding-top:75px;--awb-padding-right:5%;--awb-padding-bottom:25px;--awb-padding-left:5%;--awb-padding-top-medium:50px;--awb-padding-bottom-medium:25px;--awb-padding-top-small:50px;--awb-background-image:linear-gradient(180deg, var(--awb-color7) 0%,hsla(var(--awb-color3-h),var(--awb-color3-s),var(--awb-color3-l),calc(var(--awb-color3-a) - 75%)) 100%);--awb-flex-wrap:wrap;\" ><div class=\"awb-background-mask\" style=\"background-image:  url(data:image\/svg+xml;utf8,%3Csvg%20width%3D%221920%22%20height%3D%22954%22%20fill%3D%22none%22%20xmlns%3D%22http%3A%2F%2Fwww.w3.org%2F2000%2Fsvg%22%3E%3Cg%20clip-path%3D%22url%28%23prefix__clip0_58_787%29%22%20fill-rule%3D%22evenodd%22%20clip-rule%3D%22evenodd%22%20fill%3D%22rgba%2832%2C188%2C210%2C1%29%22%3E%3Cpath%20d%3D%22M1660.78-198.081c41-37.158%20104.32-33.985%20141.42%207.087%20110.48%20122.305%20170.1%20282.332%20166.66%20447.27-3.44%20164.938-69.67%20322.331-185.14%20439.906-115.49%20117.578-271.47%20186.426-435.99%20192.395-164.52%205.968-325.06-51.397-448.719-160.304-41.528-36.574-45.591-99.941-9.074-141.535%2036.517-41.593%2099.784-45.662%20141.313-9.088%2085.25%2075.079%20195.89%20114.598%20309.23%20110.486%20113.35-4.112%20220.85-51.546%20300.47-132.611%2079.63-81.068%20125.32-189.63%20127.7-303.434%202.37-113.804-38.77-224.188-114.95-308.523-37.1-41.072-33.93-104.49%207.08-141.649z%22%2F%3E%3Cpath%20d%3D%22M1544.89%2037.429c50.71-22.192%20109.79.947%20131.97%2051.683a383.79%20383.79%200%200110.87%20279.732c-31.73%2091.288-96.71%20167.233-181.94%20212.762a384.921%20384.921%200%2001-278%2033.06c-93.53-24.262-174.53-82.823-226.82-164.088-29.965-46.559-16.532-108.606%2030-138.586%2046.53-29.979%20108.54-16.538%20138.51%2030.021%2024.99%2038.834%2063.75%2066.898%20108.61%2078.536a184.603%20184.603%200%2000133.31-15.847c40.83-21.815%2071.88-58.154%2087.03-101.727a183.148%20183.148%200%2000-5.19-133.5c-22.18-50.735.95-109.854%2051.65-132.046z%22%2F%3E%3C%2Fg%3E%3Cdefs%3E%3CclipPath%20id%3D%22prefix__clip0_58_787%22%3E%3Cpath%20fill%3D%22%23fff%22%20d%3D%22M0%200h1920v954H0z%22%2F%3E%3C%2FclipPath%3E%3C%2Fdefs%3E%3C%2Fsvg%3E);opacity: 0.25 ;transform: scale(1, -1);mix-blend-mode:normal;\"><\/div><div class=\"fusion-builder-row fusion-row fusion-flex-align-items-flex-start fusion-flex-content-wrap\" style=\"max-width:calc( 1280px + 20px );margin-left: calc(-20px \/ 2 );margin-right: calc(-20px \/ 2 );\"><div class=\"fusion-layout-column fusion_builder_column fusion-builder-column-2 awb-sticky awb-sticky-medium awb-sticky-large fusion_builder_column_1_2 1_2 fusion-flex-column\" style=\"--awb-bg-size:cover;--awb-width-large:50%;--awb-margin-top-large:0px;--awb-spacing-right-large:10px;--awb-margin-bottom-large:150px;--awb-spacing-left-large:10px;--awb-width-medium:50%;--awb-order-medium:0;--awb-spacing-right-medium:10px;--awb-margin-bottom-medium:175px;--awb-spacing-left-medium:10px;--awb-width-small:100%;--awb-order-small:0;--awb-spacing-right-small:10px;--awb-margin-bottom-small:20px;--awb-spacing-left-small:10px;--awb-sticky-offset:80px;\"><div class=\"fusion-column-wrapper fusion-column-has-shadow fusion-flex-justify-content-flex-start fusion-content-layout-column\"><div class=\"fusion-title title fusion-title-5 fusion-sep-none fusion-title-text fusion-title-size-two\" style=\"--awb-text-color:var(--awb-color3);--awb-margin-top-small:0px;--awb-margin-right-small:0px;--awb-margin-bottom-small:0px;--awb-margin-left-small:0px;--awb-font-size:30px;\"><h2 class=\"fusion-title-heading title-heading-left fusion-responsive-typography-calculated\" style=\"font-family:var(--awb-typography2-font-family);font-weight:var(--awb-typography2-font-weight);font-style:var(--awb-typography2-font-style);margin:0;letter-spacing:var(--awb-typography2-letter-spacing);text-transform:var(--awb-typography2-text-transform);font-size:1em;--fontSize:30;line-height:var(--awb-typography2-line-height);\">Precios de Fotograf\u00eda de Bodas<\/h2><\/div><div class=\"fusion-text fusion-text-1 fusion-text-no-margin\" style=\"--awb-font-size:var(--awb-typography5-font-size);--awb-line-height:var(--awb-typography5-line-height);--awb-letter-spacing:var(--awb-typography5-letter-spacing);--awb-text-transform:var(--awb-typography5-text-transform);--awb-margin-top:0px;--awb-margin-right:0px;--awb-margin-bottom:25px;--awb-margin-left:0px;--awb-text-font-family:var(--awb-typography5-font-family);--awb-text-font-weight:var(--awb-typography5-font-weight);--awb-text-font-style:var(--awb-typography5-font-style);\"><p>Tarifas para el Valle Central (San Jos\u00e9) \u2013 Pac\u00edfico Central (Jaco).<br \/>Las tarifas externas est\u00e1n disponibles y ser\u00e1n proporcionadas por un agente.<\/p>\n<\/div><div class=\"awb-gallery-wrapper awb-gallery-wrapper-1 button-span-no\" style=\"--more-btn-alignment:center;margin-top:0px;margin-right:0px;margin-bottom:0px;margin-left:0px;\"><div style=\"margin:-5px;--awb-bordersize:0px;--awb-border-radius:20px;--awb-columns-small:50%;\" class=\"fusion-gallery fusion-gallery-container fusion-grid-3 fusion-columns-total-9 fusion-gallery-layout-grid fusion-gallery-1\"><div style=\"padding:5px;\" class=\"fusion-grid-column fusion-gallery-column fusion-gallery-column-3 hover-type-none\"><div class=\"fusion-gallery-image\"><img decoding=\"async\" src=\"https:\/\/jacophotographer.com\/wp-content\/uploads\/2025\/10\/wedding-photos-videos-bundles-costa-rica-7.jpg\" width=\"800\" height=\"534\" alt=\"Fot\u00f3grafos y vide\u00f3grafos de boda en Costa Rica\" title=\"Fot\u00f3grafos y vide\u00f3grafos de boda en Costa Rica\" aria-label=\"Fot\u00f3grafos y vide\u00f3grafos de boda en Costa Rica\" class=\"img-responsive wp-image-7217\" srcset=\"https:\/\/jacophotographer.com\/wp-content\/uploads\/2025\/10\/wedding-photos-videos-bundles-costa-rica-7-300x200.jpg 300w, https:\/\/jacophotographer.com\/wp-content\/uploads\/2025\/10\/wedding-photos-videos-bundles-costa-rica-7-768x513.jpg 768w, https:\/\/jacophotographer.com\/wp-content\/uploads\/2025\/10\/wedding-photos-videos-bundles-costa-rica-7.jpg 800w\" sizes=\"(max-width: 800px) 100vw, 800px\" \/><\/div><\/div><div style=\"padding:5px;\" class=\"fusion-grid-column fusion-gallery-column fusion-gallery-column-3 hover-type-none\"><div class=\"fusion-gallery-image\"><img decoding=\"async\" src=\"https:\/\/jacophotographer.com\/wp-content\/uploads\/2025\/10\/wedding-photos-videos-bundles-costa-rica-5.jpg\" width=\"534\" height=\"800\" alt=\"Fot\u00f3grafos y vide\u00f3grafos de boda en Costa Rica\" title=\"Fot\u00f3grafos y vide\u00f3grafos de boda en Costa Rica\" aria-label=\"Fot\u00f3grafos y vide\u00f3grafos de boda en Costa Rica\" class=\"img-responsive wp-image-7213\" srcset=\"https:\/\/jacophotographer.com\/wp-content\/uploads\/2025\/10\/wedding-photos-videos-bundles-costa-rica-5-200x300.jpg 200w, https:\/\/jacophotographer.com\/wp-content\/uploads\/2025\/10\/wedding-photos-videos-bundles-costa-rica-5.jpg 534w\" sizes=\"(min-width: 2200px) 100vw, (min-width: 794px) 423px, (min-width: 717px) 635px, (min-width: 640px) 717px, \" \/><\/div><\/div><div style=\"padding:5px;\" class=\"fusion-grid-column fusion-gallery-column fusion-gallery-column-3 hover-type-none\"><div class=\"fusion-gallery-image\"><img decoding=\"async\" src=\"https:\/\/jacophotographer.com\/wp-content\/uploads\/2025\/10\/wedding-photos-videos-bundles-costa-rica-9.jpg\" width=\"800\" height=\"532\" alt=\"Fot\u00f3grafos y vide\u00f3grafos de boda en Costa Rica\" title=\"Fot\u00f3grafos y vide\u00f3grafos de boda en Costa Rica\" aria-label=\"Fot\u00f3grafos y vide\u00f3grafos de boda en Costa Rica\" class=\"img-responsive wp-image-7222\" srcset=\"https:\/\/jacophotographer.com\/wp-content\/uploads\/2025\/10\/wedding-photos-videos-bundles-costa-rica-9-300x200.jpg 300w, https:\/\/jacophotographer.com\/wp-content\/uploads\/2025\/10\/wedding-photos-videos-bundles-costa-rica-9-768x511.jpg 768w, https:\/\/jacophotographer.com\/wp-content\/uploads\/2025\/10\/wedding-photos-videos-bundles-costa-rica-9.jpg 800w\" sizes=\"(max-width: 800px) 100vw, 800px\" \/><\/div><\/div><div class=\"clearfix\"><\/div><div style=\"padding:5px;\" class=\"fusion-grid-column fusion-gallery-column fusion-gallery-column-3 hover-type-none\"><div class=\"fusion-gallery-image\"><img decoding=\"async\" src=\"https:\/\/jacophotographer.com\/wp-content\/uploads\/2025\/10\/wedding-photos-videos-bundles-costa-rica-6-scaled.jpg\" width=\"2000\" height=\"1335\" alt=\"Fot\u00f3grafos y vide\u00f3grafos de boda en Costa Rica\" title=\"Fot\u00f3grafos y vide\u00f3grafos de boda en Costa Rica\" aria-label=\"Fot\u00f3grafos y vide\u00f3grafos de boda en Costa Rica\" class=\"img-responsive wp-image-7215\" srcset=\"https:\/\/jacophotographer.com\/wp-content\/uploads\/2025\/10\/wedding-photos-videos-bundles-costa-rica-6-300x200.jpg 300w, https:\/\/jacophotographer.com\/wp-content\/uploads\/2025\/10\/wedding-photos-videos-bundles-costa-rica-6-768x513.jpg 768w, https:\/\/jacophotographer.com\/wp-content\/uploads\/2025\/10\/wedding-photos-videos-bundles-costa-rica-6-1024x683.jpg 1024w, https:\/\/jacophotographer.com\/wp-content\/uploads\/2025\/10\/wedding-photos-videos-bundles-costa-rica-6-1536x1025.jpg 1536w, https:\/\/jacophotographer.com\/wp-content\/uploads\/2025\/10\/wedding-photos-videos-bundles-costa-rica-6-scaled.jpg 2000w\" sizes=\"(max-width: 2000px) 100vw, 2000px\" \/><\/div><\/div><div style=\"padding:5px;\" class=\"fusion-grid-column fusion-gallery-column fusion-gallery-column-3 hover-type-none\"><div class=\"fusion-gallery-image\"><img decoding=\"async\" src=\"https:\/\/jacophotographer.com\/wp-content\/uploads\/2025\/10\/wedding-photos-videos-bundles-costa-rica-3.jpg\" width=\"534\" height=\"800\" alt=\"Fot\u00f3grafos y vide\u00f3grafos de boda en Costa Rica\" title=\"Fot\u00f3grafos y vide\u00f3grafos de boda en Costa Rica\" aria-label=\"Fot\u00f3grafos y vide\u00f3grafos de boda en Costa Rica\" class=\"img-responsive wp-image-7209\" srcset=\"https:\/\/jacophotographer.com\/wp-content\/uploads\/2025\/10\/wedding-photos-videos-bundles-costa-rica-3-200x300.jpg 200w, https:\/\/jacophotographer.com\/wp-content\/uploads\/2025\/10\/wedding-photos-videos-bundles-costa-rica-3.jpg 534w\" sizes=\"(min-width: 2200px) 100vw, (min-width: 794px) 423px, (min-width: 717px) 635px, (min-width: 640px) 717px, \" \/><\/div><\/div><div style=\"padding:5px;\" class=\"fusion-grid-column fusion-gallery-column fusion-gallery-column-3 hover-type-none\"><div class=\"fusion-gallery-image\"><img decoding=\"async\" src=\"https:\/\/jacophotographer.com\/wp-content\/uploads\/2025\/10\/wedding-photos-videos-bundles-costa-rica-2.jpg\" width=\"800\" height=\"532\" alt=\"Fot\u00f3grafos y vide\u00f3grafos de boda en Costa Rica\" title=\"Fot\u00f3grafos y vide\u00f3grafos de boda en Costa Rica\" aria-label=\"Fot\u00f3grafos y vide\u00f3grafos de boda en Costa Rica\" class=\"img-responsive wp-image-7207\" srcset=\"https:\/\/jacophotographer.com\/wp-content\/uploads\/2025\/10\/wedding-photos-videos-bundles-costa-rica-2-300x200.jpg 300w, https:\/\/jacophotographer.com\/wp-content\/uploads\/2025\/10\/wedding-photos-videos-bundles-costa-rica-2-768x511.jpg 768w, https:\/\/jacophotographer.com\/wp-content\/uploads\/2025\/10\/wedding-photos-videos-bundles-costa-rica-2.jpg 800w\" sizes=\"(max-width: 800px) 100vw, 800px\" \/><\/div><\/div><div class=\"clearfix\"><\/div><div style=\"padding:5px;\" class=\"fusion-grid-column fusion-gallery-column fusion-gallery-column-3 hover-type-none\"><div class=\"fusion-gallery-image\"><img decoding=\"async\" src=\"https:\/\/jacophotographer.com\/wp-content\/uploads\/2025\/10\/wedding-photos-videos-bundles-costa-rica-1.jpg\" width=\"800\" height=\"534\" alt=\"Fot\u00f3grafos y vide\u00f3grafos de boda en Costa Rica\" title=\"Fot\u00f3grafos y vide\u00f3grafos de boda en Costa Rica\" aria-label=\"Fot\u00f3grafos y vide\u00f3grafos de boda en Costa Rica\" class=\"img-responsive wp-image-7205\" srcset=\"https:\/\/jacophotographer.com\/wp-content\/uploads\/2025\/10\/wedding-photos-videos-bundles-costa-rica-1-300x200.jpg 300w, https:\/\/jacophotographer.com\/wp-content\/uploads\/2025\/10\/wedding-photos-videos-bundles-costa-rica-1-768x513.jpg 768w, https:\/\/jacophotographer.com\/wp-content\/uploads\/2025\/10\/wedding-photos-videos-bundles-costa-rica-1.jpg 800w\" sizes=\"(max-width: 800px) 100vw, 800px\" \/><\/div><\/div><div style=\"padding:5px;\" class=\"fusion-grid-column fusion-gallery-column fusion-gallery-column-3 hover-type-none\"><div class=\"fusion-gallery-image\"><img decoding=\"async\" src=\"https:\/\/jacophotographer.com\/wp-content\/uploads\/2025\/10\/wedding-photos-videos-bundles-costa-rica-8.jpg\" width=\"800\" height=\"600\" alt=\"Fot\u00f3grafos y vide\u00f3grafos de boda en Costa Rica\" title=\"Fot\u00f3grafos y vide\u00f3grafos de boda en Costa Rica\" aria-label=\"Fot\u00f3grafos y vide\u00f3grafos de boda en Costa Rica\" class=\"img-responsive wp-image-7219\" srcset=\"https:\/\/jacophotographer.com\/wp-content\/uploads\/2025\/10\/wedding-photos-videos-bundles-costa-rica-8-300x225.jpg 300w, https:\/\/jacophotographer.com\/wp-content\/uploads\/2025\/10\/wedding-photos-videos-bundles-costa-rica-8-768x576.jpg 768w, https:\/\/jacophotographer.com\/wp-content\/uploads\/2025\/10\/wedding-photos-videos-bundles-costa-rica-8.jpg 800w\" sizes=\"(max-width: 800px) 100vw, 800px\" \/><\/div><\/div><div style=\"padding:5px;\" class=\"fusion-grid-column fusion-gallery-column fusion-gallery-column-3 hover-type-none\"><div class=\"fusion-gallery-image\"><img decoding=\"async\" src=\"https:\/\/jacophotographer.com\/wp-content\/uploads\/2025\/10\/wedding-photos-videos-bundles-costa-rica-4.jpg\" width=\"534\" height=\"800\" alt=\"Fot\u00f3grafos y vide\u00f3grafos de boda en Costa Rica\" title=\"Fot\u00f3grafos y vide\u00f3grafos de boda en Costa Rica\" aria-label=\"Fot\u00f3grafos y vide\u00f3grafos de boda en Costa Rica\" class=\"img-responsive wp-image-7211\" srcset=\"https:\/\/jacophotographer.com\/wp-content\/uploads\/2025\/10\/wedding-photos-videos-bundles-costa-rica-4-200x300.jpg 200w, https:\/\/jacophotographer.com\/wp-content\/uploads\/2025\/10\/wedding-photos-videos-bundles-costa-rica-4.jpg 534w\" sizes=\"(min-width: 2200px) 100vw, (min-width: 794px) 423px, (min-width: 717px) 635px, (min-width: 640px) 717px, \" \/><\/div><\/div><div class=\"clearfix\"><\/div><\/div><\/div><\/div><\/div><div class=\"fusion-layout-column fusion_builder_column fusion-builder-column-3 fusion_builder_column_1_2 1_2 fusion-flex-column\" style=\"--awb-bg-size:cover;--awb-width-large:50%;--awb-margin-top-large:0px;--awb-spacing-right-large:10px;--awb-margin-bottom-large:20px;--awb-spacing-left-large:10px;--awb-width-medium:50%;--awb-order-medium:0;--awb-spacing-right-medium:10px;--awb-spacing-left-medium:10px;--awb-width-small:100%;--awb-order-small:0;--awb-spacing-right-small:10px;--awb-spacing-left-small:10px;\"><div class=\"fusion-column-wrapper fusion-column-has-shadow fusion-flex-justify-content-flex-start fusion-content-layout-column\"><div class=\"fusion-builder-row fusion-builder-row-inner fusion-row fusion-flex-align-items-flex-start fusion-flex-content-wrap\" style=\"--awb-flex-grow:0;--awb-flex-grow-medium:0;--awb-flex-grow-small:0;--awb-flex-shrink:0;--awb-flex-shrink-medium:0;--awb-flex-shrink-small:0;width:calc( 100% + 20px ) !important;max-width:calc( 100% + 20px ) !important;margin-left: calc(-20px \/ 2 );margin-right: calc(-20px \/ 2 );\"><div class=\"fusion-layout-column fusion_builder_column_inner fusion-builder-nested-column-2 fusion_builder_column_inner_1_1 1_1 fusion-flex-column\" style=\"--awb-padding-top:25px;--awb-padding-right:3%;--awb-padding-bottom:25px;--awb-padding-left:3%;--awb-overflow:hidden;--awb-bg-color:var(--awb-color7);--awb-bg-color-hover:var(--awb-color7);--awb-bg-size:cover;--awb-box-shadow:2px 2px 5px 1px rgba(0,0,0,0.2);;--awb-border-color:hsla(var(--awb-color8-h),var(--awb-color8-s),var(--awb-color8-l),calc(var(--awb-color8-a) - 80%));--awb-border-top:1px;--awb-border-right:1px;--awb-border-bottom:1px;--awb-border-left:1px;--awb-border-style:solid;--awb-border-radius:20px 20px 20px 20px;--awb-transform:scaleX(1) scaleY(1);--awb-transform-hover:scaleX(1.02) scaleY(1.02);--awb-width-large:100%;--awb-margin-top-large:0px;--awb-spacing-right-large:10px;--awb-margin-bottom-large:20px;--awb-spacing-left-large:10px;--awb-width-medium:100%;--awb-order-medium:0;--awb-spacing-right-medium:10px;--awb-spacing-left-medium:10px;--awb-width-small:100%;--awb-order-small:0;--awb-spacing-right-small:10px;--awb-spacing-left-small:10px;\"><div class=\"fusion-column-wrapper fusion-column-has-shadow fusion-flex-justify-content-flex-start fusion-content-layout-column\"><i class=\"fb-icon-element-1 fb-icon-element fontawesome-icon fa-camera fas circle-no fusion-text-flow\" style=\"--awb-iconcolor:hsla(var(--awb-color1-h),var(--awb-color1-s),var(--awb-color1-l),calc(var(--awb-color1-a) - 50%));--awb-iconcolor-hover:hsla(var(--awb-color1-h),var(--awb-color1-s),var(--awb-color1-l),calc(var(--awb-color1-a) - 50%));--awb-font-size:32px;--awb-margin-bottom:5px;\"><\/i><div class=\"fusion-title title fusion-title-6 fusion-sep-none fusion-title-text fusion-title-size-three\" style=\"--awb-text-color:var(--awb-color8);--awb-margin-top-small:0px;--awb-margin-right-small:0px;--awb-margin-bottom-small:0px;--awb-margin-left-small:0px;--awb-font-size:20px;\"><h3 class=\"fusion-title-heading title-heading-left fusion-responsive-typography-calculated\" style=\"font-family:var(--awb-typography2-font-family);font-weight:var(--awb-typography2-font-weight);font-style:var(--awb-typography2-font-style);margin:0;letter-spacing:var(--awb-typography2-letter-spacing);text-transform:var(--awb-typography2-text-transform);font-size:1em;--fontSize:20;--minFontSize:20;line-height:var(--awb-typography2-line-height);\">Fotograf\u00eda \u00edntima<\/h3><\/div><div class=\"fusion-text fusion-text-2 fusion-text-no-margin\" style=\"--awb-font-size:var(--awb-typography5-font-size);--awb-line-height:var(--awb-typography5-line-height);--awb-letter-spacing:var(--awb-typography5-letter-spacing);--awb-text-transform:var(--awb-typography5-text-transform);--awb-margin-bottom:15px;--awb-text-font-family:var(--awb-typography5-font-family);--awb-text-font-weight:var(--awb-typography5-font-weight);--awb-text-font-style:var(--awb-typography5-font-style);\"><p>Perfecto para bodas privadas peque\u00f1as y fugas.<\/p>\n<\/div><div class=\"fusion-text fusion-text-3 fusion-text-no-margin\" style=\"--awb-font-size:16px;--awb-line-height:var(--awb-typography4-line-height);--awb-letter-spacing:var(--awb-typography4-letter-spacing);--awb-text-transform:var(--awb-typography4-text-transform);--awb-margin-top:0px;--awb-margin-right:0px;--awb-margin-bottom:10px;--awb-margin-left:0px;--awb-text-font-family:var(--awb-typography4-font-family);--awb-text-font-weight:var(--awb-typography4-font-weight);--awb-text-font-style:var(--awb-typography4-font-style);\"><p>Capture sus votos y retratos de pareja, en una hermosa colecci\u00f3n.<\/p>\n<\/div><ul style=\"--awb-margin-top:5px;--awb-margin-right:0px;--awb-margin-bottom:15px;--awb-margin-left:0px;--awb-item-padding-top:0px;--awb-item-padding-bottom:0px;--awb-textcolor:hsla(var(--awb-color1-h),var(--awb-color1-s),var(--awb-color1-l),calc(var(--awb-color1-a) - 25%));--awb-line-height:23.8px;--awb-icon-width:23.8px;--awb-icon-height:23.8px;--awb-icon-margin:9.8px;--awb-content-margin:33.6px;\" class=\"fusion-checklist fusion-checklist-1 type-icons\"><li class=\"fusion-li-item\" style=\"\"><span class=\"icon-wrapper circle-no\"><i class=\"fusion-li-icon awb-icon-check\" aria-hidden=\"true\"><\/i><\/span><div class=\"fusion-li-item-content\">\n<p>De 1 a 2 horas de cobertura<\/p>\n<\/div><\/li><li class=\"fusion-li-item\" style=\"\"><span class=\"icon-wrapper circle-no\"><i class=\"fusion-li-icon awb-icon-check\" aria-hidden=\"true\"><\/i><\/span><div class=\"fusion-li-item-content\">\n<p>Ceremonia + sesi\u00f3n corta de pareja (reci\u00e9n casados)<\/p>\n<\/div><\/li><li class=\"fusion-li-item\" style=\"\"><span class=\"icon-wrapper circle-no\"><i class=\"fusion-li-icon awb-icon-check\" aria-hidden=\"true\"><\/i><\/span><div class=\"fusion-li-item-content\">\n<p>Im\u00e1genes editadas de alta resoluci\u00f3n en una galer\u00eda privada en l\u00ednea (6 meses en vivo)<\/p>\n<\/div><\/li><\/ul><div ><a class=\"fusion-button button-flat fusion-button-default-size button-default fusion-button-default button-5 fusion-button-default-span fusion-button-default-type\" target=\"_self\" title=\"Fotograf\u00eda \u00edntima de bodas por Pacific Photography Costa Rica\" aria-label=\"Fotograf\u00eda \u00edntima de bodas por Pacific Photography Costa Rica\" href=\"#awb-oc__7265\"><span class=\"fusion-button-text awb-button__text awb-button__text--default\">A partir de $350+iva *<\/span><\/a><\/div><\/div><\/div><div class=\"fusion-layout-column fusion_builder_column_inner fusion-builder-nested-column-3 fusion_builder_column_inner_1_1 1_1 fusion-flex-column\" style=\"--awb-padding-top:25px;--awb-padding-right:3%;--awb-padding-bottom:25px;--awb-padding-left:3%;--awb-overflow:hidden;--awb-bg-color:var(--awb-color7);--awb-bg-color-hover:var(--awb-color7);--awb-bg-size:cover;--awb-box-shadow:2px 2px 5px 1px rgba(0,0,0,0.2);;--awb-border-color:hsla(var(--awb-color8-h),var(--awb-color8-s),var(--awb-color8-l),calc(var(--awb-color8-a) - 80%));--awb-border-top:1px;--awb-border-right:1px;--awb-border-bottom:1px;--awb-border-left:1px;--awb-border-style:solid;--awb-border-radius:20px 20px 20px 20px;--awb-transform:scaleX(1) scaleY(1);--awb-transform-hover:scaleX(1.02) scaleY(1.02);--awb-width-large:100%;--awb-margin-top-large:0px;--awb-spacing-right-large:10px;--awb-margin-bottom-large:20px;--awb-spacing-left-large:10px;--awb-width-medium:100%;--awb-order-medium:0;--awb-spacing-right-medium:10px;--awb-spacing-left-medium:10px;--awb-width-small:100%;--awb-order-small:0;--awb-spacing-right-small:10px;--awb-spacing-left-small:10px;\"><div class=\"fusion-column-wrapper fusion-column-has-shadow fusion-flex-justify-content-flex-start fusion-content-layout-column\"><i class=\"fb-icon-element-2 fb-icon-element fontawesome-icon fa-camera fas circle-no fusion-text-flow\" style=\"--awb-iconcolor:hsla(var(--awb-color1-h),var(--awb-color1-s),var(--awb-color1-l),calc(var(--awb-color1-a) - 50%));--awb-iconcolor-hover:hsla(var(--awb-color1-h),var(--awb-color1-s),var(--awb-color1-l),calc(var(--awb-color1-a) - 50%));--awb-font-size:32px;--awb-margin-bottom:5px;\"><\/i><div class=\"fusion-title title fusion-title-7 fusion-sep-none fusion-title-text fusion-title-size-three\" style=\"--awb-text-color:var(--awb-color8);--awb-margin-top-small:0px;--awb-margin-right-small:0px;--awb-margin-bottom-small:0px;--awb-margin-left-small:0px;--awb-font-size:20px;\"><h3 class=\"fusion-title-heading title-heading-left fusion-responsive-typography-calculated\" style=\"font-family:var(--awb-typography2-font-family);font-weight:var(--awb-typography2-font-weight);font-style:var(--awb-typography2-font-style);margin:0;letter-spacing:var(--awb-typography2-letter-spacing);text-transform:var(--awb-typography2-text-transform);font-size:1em;--fontSize:20;--minFontSize:20;line-height:var(--awb-typography2-line-height);\">Fotograf\u00eda esencial<\/h3><\/div><div class=\"fusion-text fusion-text-4 fusion-text-no-margin\" style=\"--awb-font-size:var(--awb-typography5-font-size);--awb-line-height:var(--awb-typography5-line-height);--awb-letter-spacing:var(--awb-typography5-letter-spacing);--awb-text-transform:var(--awb-typography5-text-transform);--awb-margin-bottom:15px;--awb-text-font-family:var(--awb-typography5-font-family);--awb-text-font-weight:var(--awb-typography5-font-weight);--awb-text-font-style:var(--awb-typography5-font-style);\"><p>Perfecto para bodas peque\u00f1as e \u00edntimas.<\/p>\n<\/div><div class=\"fusion-text fusion-text-5 fusion-text-no-margin\" style=\"--awb-font-size:16px;--awb-line-height:var(--awb-typography4-line-height);--awb-letter-spacing:var(--awb-typography4-letter-spacing);--awb-text-transform:var(--awb-typography4-text-transform);--awb-margin-top:0px;--awb-margin-right:0px;--awb-margin-bottom:10px;--awb-margin-left:0px;--awb-text-font-family:var(--awb-typography4-font-family);--awb-text-font-weight:var(--awb-typography4-font-weight);--awb-text-font-style:var(--awb-typography4-font-style);\"><p>Capture los momentos m\u00e1s importantes, desde sus votos hasta los retratos de pareja, en una colecci\u00f3n simple y hermosa de im\u00e1genes atemporales.<\/p>\n<\/div><ul style=\"--awb-margin-top:5px;--awb-margin-right:0px;--awb-margin-bottom:15px;--awb-margin-left:0px;--awb-item-padding-top:0px;--awb-item-padding-bottom:0px;--awb-textcolor:hsla(var(--awb-color1-h),var(--awb-color1-s),var(--awb-color1-l),calc(var(--awb-color1-a) - 25%));--awb-line-height:23.8px;--awb-icon-width:23.8px;--awb-icon-height:23.8px;--awb-icon-margin:9.8px;--awb-content-margin:33.6px;\" class=\"fusion-checklist fusion-checklist-2 type-icons\"><li class=\"fusion-li-item\" style=\"\"><span class=\"icon-wrapper circle-no\"><i class=\"fusion-li-icon awb-icon-check\" aria-hidden=\"true\"><\/i><\/span><div class=\"fusion-li-item-content\">Hasta 4 horas de cobertura<\/div><\/li><li class=\"fusion-li-item\" style=\"\"><span class=\"icon-wrapper circle-no\"><i class=\"fusion-li-icon awb-icon-check\" aria-hidden=\"true\"><\/i><\/span><div class=\"fusion-li-item-content\">\n<p>Equipo de uno\/dos (fot\u00f3grafos) \u00ba<\/p>\n<\/div><\/li><li class=\"fusion-li-item\" style=\"\"><span class=\"icon-wrapper circle-no\"><i class=\"fusion-li-icon awb-icon-check\" aria-hidden=\"true\"><\/i><\/span><div class=\"fusion-li-item-content\">Ceremonia + sesi\u00f3n de pareja (reci\u00e9n casados)<\/div><\/li><li class=\"fusion-li-item\" style=\"\"><span class=\"icon-wrapper circle-no\"><i class=\"fusion-li-icon awb-icon-check\" aria-hidden=\"true\"><\/i><\/span><div class=\"fusion-li-item-content\">Retratos familiares y de grupo<\/div><\/li><li class=\"fusion-li-item\" style=\"\"><span class=\"icon-wrapper circle-no\"><i class=\"fusion-li-icon awb-icon-check\" aria-hidden=\"true\"><\/i><\/span><div class=\"fusion-li-item-content\">\n<p><strong>Selecci\u00f3n:<\/strong> preparativos de la boda o recepci\u00f3n\/fiesta \u00aa<\/p>\n<\/div><\/li><li class=\"fusion-li-item\" style=\"\"><span class=\"icon-wrapper circle-no\"><i class=\"fusion-li-icon awb-icon-check\" aria-hidden=\"true\"><\/i><\/span><div class=\"fusion-li-item-content\">\n<p>Im\u00e1genes editadas de alta resoluci\u00f3n en una galer\u00eda privada en l\u00ednea (6 meses en vivo)<\/p>\n<\/div><\/li><\/ul><div ><a class=\"fusion-button button-flat fusion-button-default-size button-default fusion-button-default button-6 fusion-button-default-span fusion-button-default-type\" target=\"_self\" title=\"Fotograf\u00eda esencial de bodas por Pacific Photography Costa Rica\" aria-label=\"Fotograf\u00eda esencial de bodas por Pacific Photography Costa Rica\" href=\"#awb-oc__7265\"><span class=\"fusion-button-text awb-button__text awb-button__text--default\">A partir de $750+iva *<\/span><\/a><\/div><\/div><\/div><div class=\"fusion-layout-column fusion_builder_column_inner fusion-builder-nested-column-4 fusion_builder_column_inner_1_1 1_1 fusion-flex-column\" style=\"--awb-padding-top:25px;--awb-padding-right:3%;--awb-padding-bottom:25px;--awb-padding-left:3%;--awb-overflow:hidden;--awb-bg-color:var(--awb-color7);--awb-bg-color-hover:var(--awb-color7);--awb-bg-size:cover;--awb-box-shadow:2px 2px 5px 1px rgba(0,0,0,0.2);;--awb-border-color:var(--awb-color8);--awb-border-top:3px;--awb-border-right:3px;--awb-border-bottom:3px;--awb-border-left:3px;--awb-border-style:solid;--awb-border-radius:20px 20px 20px 20px;--awb-transform:scaleX(1.00) scaleY(1.00);--awb-transform-hover:scaleX(1.02) scaleY(1.02);--awb-width-large:100%;--awb-margin-top-large:0px;--awb-spacing-right-large:10px;--awb-margin-bottom-large:20px;--awb-spacing-left-large:10px;--awb-width-medium:100%;--awb-order-medium:0;--awb-spacing-right-medium:10px;--awb-spacing-left-medium:10px;--awb-width-small:100%;--awb-order-small:0;--awb-spacing-right-small:10px;--awb-spacing-left-small:10px;\"><div class=\"fusion-column-wrapper fusion-column-has-shadow fusion-flex-justify-content-flex-start fusion-content-layout-column\"><i class=\"fb-icon-element-3 fb-icon-element fontawesome-icon fa-camera fas circle-no fusion-text-flow\" style=\"--awb-iconcolor:hsla(var(--awb-color1-h),var(--awb-color1-s),var(--awb-color1-l),calc(var(--awb-color1-a) - 50%));--awb-iconcolor-hover:hsla(var(--awb-color1-h),var(--awb-color1-s),var(--awb-color1-l),calc(var(--awb-color1-a) - 50%));--awb-font-size:32px;--awb-margin-bottom:5px;\"><\/i><div class=\"fusion-title title fusion-title-8 fusion-sep-none fusion-title-text fusion-title-size-three\" style=\"--awb-text-color:var(--awb-color8);--awb-margin-top-small:0px;--awb-margin-right-small:0px;--awb-margin-bottom-small:0px;--awb-margin-left-small:0px;--awb-font-size:20px;\"><h3 class=\"fusion-title-heading title-heading-left fusion-responsive-typography-calculated\" style=\"font-family:var(--awb-typography2-font-family);font-weight:var(--awb-typography2-font-weight);font-style:var(--awb-typography2-font-style);margin:0;letter-spacing:var(--awb-typography2-letter-spacing);text-transform:var(--awb-typography2-text-transform);font-size:1em;--fontSize:20;--minFontSize:20;line-height:var(--awb-typography2-line-height);\">Fotograf\u00eda Signature<\/h3><\/div><div class=\"fusion-text fusion-text-6 fusion-text-no-margin\" style=\"--awb-font-size:var(--awb-typography5-font-size);--awb-line-height:var(--awb-typography5-line-height);--awb-letter-spacing:var(--awb-typography5-letter-spacing);--awb-text-transform:var(--awb-typography5-text-transform);--awb-margin-bottom:15px;--awb-text-font-family:var(--awb-typography5-font-family);--awb-text-font-weight:var(--awb-typography5-font-weight);--awb-text-font-style:var(--awb-typography5-font-style);\"><p>Nuestra opci\u00f3n m\u00e1s popular para bodas de d\u00eda completo.<\/p>\n<\/div><div class=\"fusion-text fusion-text-7 fusion-text-no-margin\" style=\"--awb-font-size:16px;--awb-line-height:var(--awb-typography4-line-height);--awb-letter-spacing:var(--awb-typography4-letter-spacing);--awb-text-transform:var(--awb-typography4-text-transform);--awb-margin-top:0px;--awb-margin-right:0px;--awb-margin-bottom:10px;--awb-margin-left:0px;--awb-text-font-family:var(--awb-typography4-font-family);--awb-text-font-weight:var(--awb-typography4-font-weight);--awb-text-font-style:var(--awb-typography4-font-style);\"><p>Un paquete completo de narraci\u00f3n de historias que cubre cada etapa del d\u00eda de su boda con arte, detalle y elegancia.<\/p>\n<\/div><ul style=\"--awb-margin-top:5px;--awb-margin-right:0px;--awb-margin-bottom:15px;--awb-margin-left:0px;--awb-item-padding-top:0px;--awb-item-padding-bottom:0px;--awb-textcolor:hsla(var(--awb-color1-h),var(--awb-color1-s),var(--awb-color1-l),calc(var(--awb-color1-a) - 25%));--awb-line-height:23.8px;--awb-icon-width:23.8px;--awb-icon-height:23.8px;--awb-icon-margin:9.8px;--awb-content-margin:33.6px;\" class=\"fusion-checklist fusion-checklist-3 type-icons\"><li class=\"fusion-li-item\" style=\"\"><span class=\"icon-wrapper circle-no\"><i class=\"fusion-li-icon awb-icon-check\" aria-hidden=\"true\"><\/i><\/span><div class=\"fusion-li-item-content\">Hasta 8 horas de cobertura<\/div><\/li><li class=\"fusion-li-item\" style=\"\"><span class=\"icon-wrapper circle-no\"><i class=\"fusion-li-icon awb-icon-check\" aria-hidden=\"true\"><\/i><\/span><div class=\"fusion-li-item-content\">\n<p>Equipo de uno\/dos (fot\u00f3grafos) \u00ba<\/p>\n<\/div><\/li><li class=\"fusion-li-item\" style=\"\"><span class=\"icon-wrapper circle-no\"><i class=\"fusion-li-icon awb-icon-check\" aria-hidden=\"true\"><\/i><\/span><div class=\"fusion-li-item-content\">Pre-ceremonia (preparativos de la boda), ceremonia y momentos destacados de la recepci\u00f3n<\/div><\/li><li class=\"fusion-li-item\" style=\"\"><span class=\"icon-wrapper circle-no\"><i class=\"fusion-li-icon awb-icon-check\" aria-hidden=\"true\"><\/i><\/span><div class=\"fusion-li-item-content\">Retratos de pareja (reci\u00e9n casados) y grupos familiares<\/div><\/li><li class=\"fusion-li-item\" style=\"\"><span class=\"icon-wrapper circle-no\"><i class=\"fusion-li-icon awb-icon-check\" aria-hidden=\"true\"><\/i><\/span><div class=\"fusion-li-item-content\">\n<p>Adelanto (el mismo d\u00eda)<\/p>\n<\/div><\/li><li class=\"fusion-li-item\" style=\"\"><span class=\"icon-wrapper circle-no\"><i class=\"fusion-li-icon awb-icon-check\" aria-hidden=\"true\"><\/i><\/span><div class=\"fusion-li-item-content\">\n<p>Fotograf\u00edas con drones (donde est\u00e9 permitido)<\/p>\n<\/div><\/li><li class=\"fusion-li-item\" style=\"\"><span class=\"icon-wrapper circle-no\"><i class=\"fusion-li-icon awb-icon-check\" aria-hidden=\"true\"><\/i><\/span><div class=\"fusion-li-item-content\">\n<p>Im\u00e1genes editadas de alta resoluci\u00f3n en una galer\u00eda privada en l\u00ednea (6 meses en vivo)<\/p>\n<\/div><\/li><\/ul><div ><a class=\"fusion-button button-flat fusion-button-default-size button-default fusion-button-default button-7 fusion-button-default-span fusion-button-default-type\" target=\"_self\" title=\"Fotograf\u00eda Signature de bodas por Pacific Photography Costa Rica\" aria-label=\"Fotograf\u00eda Signature de bodas por Pacific Photography Costa Rica\" href=\"#awb-oc__7265\"><span class=\"fusion-button-text awb-button__text awb-button__text--default\">A partir de $1.000+iva *<\/span><\/a><\/div><\/div><\/div><div class=\"fusion-layout-column fusion_builder_column_inner fusion-builder-nested-column-5 fusion_builder_column_inner_1_1 1_1 fusion-flex-column\" style=\"--awb-padding-top:25px;--awb-padding-right:3%;--awb-padding-bottom:25px;--awb-padding-left:3%;--awb-overflow:hidden;--awb-bg-color:var(--awb-color7);--awb-bg-color-hover:var(--awb-color7);--awb-bg-size:cover;--awb-box-shadow:2px 2px 5px 1px rgba(0,0,0,0.2);;--awb-border-color:hsla(var(--awb-color8-h),var(--awb-color8-s),var(--awb-color8-l),calc(var(--awb-color8-a) - 80%));--awb-border-top:1px;--awb-border-right:1px;--awb-border-bottom:1px;--awb-border-left:1px;--awb-border-style:solid;--awb-border-radius:20px 20px 20px 20px;--awb-transform:scaleX(1) scaleY(1);--awb-transform-hover:scaleX(1.02) scaleY(1.02);--awb-width-large:100%;--awb-margin-top-large:0px;--awb-spacing-right-large:10px;--awb-margin-bottom-large:20px;--awb-spacing-left-large:10px;--awb-width-medium:100%;--awb-order-medium:0;--awb-spacing-right-medium:10px;--awb-spacing-left-medium:10px;--awb-width-small:100%;--awb-order-small:0;--awb-spacing-right-small:10px;--awb-spacing-left-small:10px;\"><div class=\"fusion-column-wrapper fusion-column-has-shadow fusion-flex-justify-content-flex-start fusion-content-layout-column\"><i class=\"fb-icon-element-4 fb-icon-element fontawesome-icon fa-camera fas circle-no fusion-text-flow\" style=\"--awb-iconcolor:hsla(var(--awb-color1-h),var(--awb-color1-s),var(--awb-color1-l),calc(var(--awb-color1-a) - 50%));--awb-iconcolor-hover:hsla(var(--awb-color1-h),var(--awb-color1-s),var(--awb-color1-l),calc(var(--awb-color1-a) - 50%));--awb-font-size:32px;--awb-margin-bottom:5px;\"><\/i><div class=\"fusion-title title fusion-title-9 fusion-sep-none fusion-title-text fusion-title-size-three\" style=\"--awb-text-color:var(--awb-color8);--awb-margin-top-small:0px;--awb-margin-right-small:0px;--awb-margin-bottom-small:0px;--awb-margin-left-small:0px;--awb-font-size:20px;\"><h3 class=\"fusion-title-heading title-heading-left fusion-responsive-typography-calculated\" style=\"font-family:var(--awb-typography2-font-family);font-weight:var(--awb-typography2-font-weight);font-style:var(--awb-typography2-font-style);margin:0;letter-spacing:var(--awb-typography2-letter-spacing);text-transform:var(--awb-typography2-text-transform);font-size:1em;--fontSize:20;--minFontSize:20;line-height:var(--awb-typography2-line-height);\">Fotograf\u00eda Luxury<\/h3><\/div><div class=\"fusion-text fusion-text-8 fusion-text-no-margin\" style=\"--awb-font-size:var(--awb-typography5-font-size);--awb-line-height:var(--awb-typography5-line-height);--awb-letter-spacing:var(--awb-typography5-letter-spacing);--awb-text-transform:var(--awb-typography5-text-transform);--awb-margin-bottom:15px;--awb-text-font-family:var(--awb-typography5-font-family);--awb-text-font-weight:var(--awb-typography5-font-weight);--awb-text-font-style:var(--awb-typography5-font-style);\"><p>La mejor experiencia con todo incluido.<\/p>\n<\/div><div class=\"fusion-text fusion-text-9 fusion-text-no-margin\" style=\"--awb-font-size:16px;--awb-line-height:var(--awb-typography4-line-height);--awb-letter-spacing:var(--awb-typography4-letter-spacing);--awb-text-transform:var(--awb-typography4-text-transform);--awb-margin-top:0px;--awb-margin-right:0px;--awb-margin-bottom:10px;--awb-margin-left:0px;--awb-text-font-family:var(--awb-typography4-font-family);--awb-text-font-weight:var(--awb-typography4-font-weight);--awb-text-font-style:var(--awb-typography4-font-style);\"><p>La cobertura ilimitada y los recuerdos de lujo aseguran que no se pierda ning\u00fan momento y que cada recuerdo se conserve para siempre.<\/p>\n<\/div><ul style=\"--awb-margin-top:5px;--awb-margin-right:0px;--awb-margin-bottom:15px;--awb-margin-left:0px;--awb-item-padding-top:0px;--awb-item-padding-bottom:0px;--awb-textcolor:hsla(var(--awb-color1-h),var(--awb-color1-s),var(--awb-color1-l),calc(var(--awb-color1-a) - 25%));--awb-line-height:23.8px;--awb-icon-width:23.8px;--awb-icon-height:23.8px;--awb-icon-margin:9.8px;--awb-content-margin:33.6px;\" class=\"fusion-checklist fusion-checklist-4 type-icons\"><li class=\"fusion-li-item\" style=\"\"><span class=\"icon-wrapper circle-no\"><i class=\"fusion-li-icon awb-icon-check\" aria-hidden=\"true\"><\/i><\/span><div class=\"fusion-li-item-content\">Cobertura de d\u00eda completo (sin l\u00edmites de horas)<\/div><\/li><li class=\"fusion-li-item\" style=\"\"><span class=\"icon-wrapper circle-no\"><i class=\"fusion-li-icon awb-icon-check\" aria-hidden=\"true\"><\/i><\/span><div class=\"fusion-li-item-content\">\n<p>Equipo de uno\/dos (fot\u00f3grafos) \u00ba<\/p>\n<\/div><\/li><li class=\"fusion-li-item\" style=\"\"><span class=\"icon-wrapper circle-no\"><i class=\"fusion-li-icon awb-icon-check\" aria-hidden=\"true\"><\/i><\/span><div class=\"fusion-li-item-content\">Pre-ceremonia (preparativos de la boda), ceremonia y momentos destacados de la recepci\u00f3n<\/div><\/li><li class=\"fusion-li-item\" style=\"\"><span class=\"icon-wrapper circle-no\"><i class=\"fusion-li-icon awb-icon-check\" aria-hidden=\"true\"><\/i><\/span><div class=\"fusion-li-item-content\">Retratos de pareja (reci\u00e9n casados) y grupos familiares<\/div><\/li><li class=\"fusion-li-item\" style=\"\"><span class=\"icon-wrapper circle-no\"><i class=\"fusion-li-icon awb-icon-check\" aria-hidden=\"true\"><\/i><\/span><div class=\"fusion-li-item-content\">\n<p>Adelanto (el mismo d\u00eda)<\/p>\n<\/div><\/li><li class=\"fusion-li-item\" style=\"\"><span class=\"icon-wrapper circle-no\"><i class=\"fusion-li-icon awb-icon-check\" aria-hidden=\"true\"><\/i><\/span><div class=\"fusion-li-item-content\">\n<p>Fotograf\u00edas con drones (donde est\u00e9 permitido)<\/p>\n<\/div><\/li><li class=\"fusion-li-item\" style=\"\"><span class=\"icon-wrapper circle-no\"><i class=\"fusion-li-icon awb-icon-check\" aria-hidden=\"true\"><\/i><\/span><div class=\"fusion-li-item-content\">\n<p>Im\u00e1genes editadas de alta resoluci\u00f3n en una galer\u00eda privada en l\u00ednea (6 meses en vivo)<\/p>\n<\/div><\/li><\/ul><div ><a class=\"fusion-button button-flat fusion-button-default-size button-default fusion-button-default button-8 fusion-button-default-span fusion-button-default-type\" target=\"_self\" title=\"Fotograf\u00eda Luxury de bodas por Pacific Photography Costa Rica\" aria-label=\"Fotograf\u00eda Luxury de bodas por Pacific Photography Costa Rica\" href=\"#awb-oc__7265\"><span class=\"fusion-button-text awb-button__text awb-button__text--default\">A partir de $1.500+iva *<\/span><\/a><\/div><\/div><\/div><\/div><\/div><\/div><div class=\"fusion-layout-column fusion_builder_column fusion-builder-column-4 fusion_builder_column_1_1 1_1 fusion-flex-column\" style=\"--awb-bg-size:cover;--awb-width-large:100%;--awb-margin-top-large:0px;--awb-spacing-right-large:10px;--awb-margin-bottom-large:15px;--awb-spacing-left-large:10px;--awb-width-medium:100%;--awb-order-medium:0;--awb-spacing-right-medium:10px;--awb-spacing-left-medium:10px;--awb-width-small:100%;--awb-order-small:0;--awb-margin-top-small:0px;--awb-spacing-right-small:10px;--awb-spacing-left-small:10px;\"><div class=\"fusion-column-wrapper fusion-column-has-shadow fusion-flex-justify-content-flex-start fusion-content-layout-column\"><div class=\"fusion-text fusion-text-10 fusion-text-no-margin\" style=\"--awb-font-size:12px;--awb-line-height:var(--awb-typography5-line-height);--awb-letter-spacing:var(--awb-typography5-letter-spacing);--awb-text-transform:var(--awb-typography5-text-transform);--awb-text-color:hsla(var(--awb-color1-h),var(--awb-color1-s),var(--awb-color1-l),calc(var(--awb-color1-a) - 25%));--awb-margin-top:0px;--awb-margin-right:0px;--awb-margin-bottom:0px;--awb-margin-left:0px;--awb-text-font-family:var(--awb-typography5-font-family);--awb-text-font-weight:var(--awb-typography5-font-weight);--awb-text-font-style:var(--awb-typography5-font-style);\"><p>\u00aa Elija que los fot\u00f3grafos\/vide\u00f3grafos lleguen antes para los preparativos de la boda antes de la ceremonia, o si lo prefiere, que vengan para la ceremonia y se queden despu\u00e9s para cubrir parte de la recepci\u00f3n (dentro de la cobertura seleccionada). \u00ba El tama\u00f1o del equipo de fot\u00f3grafos\/vide\u00f3grafos puede cambiar seg\u00fan el evento; se le notificar\u00e1 al confirmar. * El impuesto (IVA 13%) no est\u00e1 incluido. Las propinas no est\u00e1n incluidas en el precio, pero siempre son bienvenidas. La tarifa por tiempo adicional es de $100\/hora. <strong>Pagos aceptados:<\/strong> PayPal, tarjeta de cr\u00e9dito, transferencia bancaria local y efectivo (USD\/CRC).    <\/p>\n<\/div><\/div><\/div><\/div><\/div><\/div><div class=\"fusion-fullwidth fullwidth-box fusion-builder-row-4 fusion-flex-container has-pattern-background has-mask-background fusion-parallax-fixed nonhundred-percent-fullwidth non-hundred-percent-height-scrolling\" style=\"--awb-border-radius-top-left:0px;--awb-border-radius-top-right:0px;--awb-border-radius-bottom-right:0px;--awb-border-radius-bottom-left:0px;--awb-padding-top:100px;--awb-padding-right:5%;--awb-padding-bottom:100px;--awb-padding-left:5%;--awb-background-image:linear-gradient(180deg, hsla(var(--awb-color1-h),var(--awb-color1-s),var(--awb-color1-l),calc(var(--awb-color1-a) - 30%)) 0%,hsla(var(--awb-color1-h),var(--awb-color1-s),var(--awb-color1-l),calc(var(--awb-color1-a) - 30%)) 100%),url(http:\/\/jacophotographer.com\/wp-content\/uploads\/2015\/11\/Wedding-Phot-Video-Costa-Rica.jpg);;--awb-background-size:cover;--awb-flex-wrap:wrap;background-attachment:fixed;\" ><div class=\"fusion-builder-row fusion-row fusion-flex-align-items-flex-start fusion-flex-content-wrap\" style=\"max-width:calc( 1280px + 20px );margin-left: calc(-20px \/ 2 );margin-right: calc(-20px \/ 2 );\"><div class=\"fusion-layout-column fusion_builder_column fusion-builder-column-5 fusion_builder_column_3_5 3_5 fusion-flex-column\" style=\"--awb-bg-size:cover;--awb-width-large:60%;--awb-margin-top-large:0px;--awb-spacing-right-large:10px;--awb-margin-bottom-large:0px;--awb-spacing-left-large:10px;--awb-width-medium:50%;--awb-order-medium:0;--awb-spacing-right-medium:10px;--awb-spacing-left-medium:10px;--awb-width-small:100%;--awb-order-small:0;--awb-spacing-right-small:10px;--awb-margin-bottom-small:0px;--awb-spacing-left-small:10px;\"><div class=\"fusion-column-wrapper fusion-column-has-shadow fusion-flex-justify-content-flex-start fusion-content-layout-column\"><div class=\"fusion-title title fusion-title-10 fusion-sep-none fusion-title-text fusion-title-size-four\" style=\"--awb-text-color:hsla(var(--awb-color6-h),var(--awb-color6-s),var(--awb-color6-l),calc(var(--awb-color6-a) - 20%));--awb-margin-bottom:5px;--awb-margin-top-small:0px;--awb-margin-right-small:0px;--awb-margin-bottom-small:5px;--awb-margin-left-small:0px;--awb-font-size:30px;\"><h4 class=\"fusion-title-heading title-heading-left fusion-responsive-typography-calculated\" style=\"font-family:var(--awb-typography1-font-family);font-weight:var(--awb-typography1-font-weight);font-style:var(--awb-typography1-font-style);margin:0;letter-spacing:var(--awb-typography1-letter-spacing);text-transform:var(--awb-typography1-text-transform);font-size:1em;--fontSize:30;line-height:var(--awb-typography1-line-height);\">El d\u00eda de su boda es m\u00e1s que un evento, es el comienzo de su historia juntos.<\/h4><\/div><div class=\"fusion-text fusion-text-11 fusion-text-no-margin fusion-text-no-margin-sm\" style=\"--awb-font-size:var(--awb-typography4-font-size);--awb-line-height:var(--awb-typography4-line-height);--awb-letter-spacing:var(--awb-typography4-letter-spacing);--awb-text-transform:var(--awb-typography4-text-transform);--awb-text-color:var(--awb-color7);--awb-margin-top:0px;--awb-margin-right:0px;--awb-margin-bottom:25px;--awb-margin-left:0px;--awb-margin-bottom-small:25px;--awb-text-font-family:var(--awb-typography4-font-family);--awb-text-font-weight:var(--awb-typography4-font-weight);--awb-text-font-style:var(--awb-typography4-font-style);\"><p data-start=\"339\" data-end=\"594\">Con el impresionante tel\u00f3n de fondo de las playas, selvas y puestas de sol de Costa Rica, cada momento merece ser recordado de una manera que se sienta atemporal y fiel a usted.<\/p>\n<\/div><div ><a class=\"fusion-button button-flat fusion-button-default-size button-default fusion-button-default button-9 fusion-button-default-span fusion-button-default-type\" target=\"_self\" title=\"Contrate a Pacific Photography para sus fot\u00f3grafos de bodas en Costa Rica\" aria-label=\"Contrate a Pacific Photography para sus fot\u00f3grafos de bodas en Costa Rica\" href=\"#awb-oc__7265\"><span class=\"fusion-button-text awb-button__text awb-button__text--default\">Contratanos<\/span><i class=\"fa-calendar-check fas awb-button__icon awb-button__icon--default button-icon-right\" aria-hidden=\"true\"><\/i><\/a><\/div><\/div><\/div><\/div><\/div><div id=\"precios-video\" class=\"fusion-container-anchor\"><div class=\"fusion-fullwidth fullwidth-box fusion-builder-row-5 fusion-flex-container has-pattern-background has-mask-background nonhundred-percent-fullwidth non-hundred-percent-height-scrolling\" style=\"--awb-border-radius-top-left:0px;--awb-border-radius-top-right:0px;--awb-border-radius-bottom-right:0px;--awb-border-radius-bottom-left:0px;--awb-padding-top:75px;--awb-padding-right:5%;--awb-padding-bottom:25px;--awb-padding-left:5%;--awb-padding-top-medium:50px;--awb-padding-bottom-medium:25px;--awb-padding-top-small:50px;--awb-background-image:linear-gradient(180deg, var(--awb-color7) 0%,hsla(var(--awb-color3-h),var(--awb-color3-s),var(--awb-color3-l),calc(var(--awb-color3-a) - 75%)) 100%);--awb-flex-wrap:wrap;\" ><div class=\"awb-background-mask\" style=\"background-image:  url(data:image\/svg+xml;utf8,%3Csvg%20width%3D%221920%22%20height%3D%22954%22%20fill%3D%22none%22%20xmlns%3D%22http%3A%2F%2Fwww.w3.org%2F2000%2Fsvg%22%3E%3Cg%20clip-path%3D%22url%28%23prefix__clip0_58_787%29%22%20fill-rule%3D%22evenodd%22%20clip-rule%3D%22evenodd%22%20fill%3D%22rgba%2832%2C188%2C210%2C1%29%22%3E%3Cpath%20d%3D%22M1660.78-198.081c41-37.158%20104.32-33.985%20141.42%207.087%20110.48%20122.305%20170.1%20282.332%20166.66%20447.27-3.44%20164.938-69.67%20322.331-185.14%20439.906-115.49%20117.578-271.47%20186.426-435.99%20192.395-164.52%205.968-325.06-51.397-448.719-160.304-41.528-36.574-45.591-99.941-9.074-141.535%2036.517-41.593%2099.784-45.662%20141.313-9.088%2085.25%2075.079%20195.89%20114.598%20309.23%20110.486%20113.35-4.112%20220.85-51.546%20300.47-132.611%2079.63-81.068%20125.32-189.63%20127.7-303.434%202.37-113.804-38.77-224.188-114.95-308.523-37.1-41.072-33.93-104.49%207.08-141.649z%22%2F%3E%3Cpath%20d%3D%22M1544.89%2037.429c50.71-22.192%20109.79.947%20131.97%2051.683a383.79%20383.79%200%200110.87%20279.732c-31.73%2091.288-96.71%20167.233-181.94%20212.762a384.921%20384.921%200%2001-278%2033.06c-93.53-24.262-174.53-82.823-226.82-164.088-29.965-46.559-16.532-108.606%2030-138.586%2046.53-29.979%20108.54-16.538%20138.51%2030.021%2024.99%2038.834%2063.75%2066.898%20108.61%2078.536a184.603%20184.603%200%2000133.31-15.847c40.83-21.815%2071.88-58.154%2087.03-101.727a183.148%20183.148%200%2000-5.19-133.5c-22.18-50.735.95-109.854%2051.65-132.046z%22%2F%3E%3C%2Fg%3E%3Cdefs%3E%3CclipPath%20id%3D%22prefix__clip0_58_787%22%3E%3Cpath%20fill%3D%22%23fff%22%20d%3D%22M0%200h1920v954H0z%22%2F%3E%3C%2FclipPath%3E%3C%2Fdefs%3E%3C%2Fsvg%3E);opacity: 0.25 ;transform: scale(-1, -1);mix-blend-mode:normal;\"><\/div><div class=\"fusion-builder-row fusion-row fusion-flex-align-items-flex-start fusion-flex-content-wrap\" style=\"max-width:calc( 1280px + 20px );margin-left: calc(-20px \/ 2 );margin-right: calc(-20px \/ 2 );\"><div class=\"fusion-layout-column fusion_builder_column fusion-builder-column-6 fusion_builder_column_1_2 1_2 fusion-flex-column\" style=\"--awb-bg-size:cover;--awb-width-large:50%;--awb-margin-top-large:0px;--awb-spacing-right-large:10px;--awb-margin-bottom-large:20px;--awb-spacing-left-large:10px;--awb-width-medium:50%;--awb-order-medium:0;--awb-spacing-right-medium:10px;--awb-spacing-left-medium:10px;--awb-width-small:100%;--awb-order-small:1;--awb-spacing-right-small:10px;--awb-spacing-left-small:10px;\"><div class=\"fusion-column-wrapper fusion-column-has-shadow fusion-flex-justify-content-flex-start fusion-content-layout-column\"><div class=\"fusion-builder-row fusion-builder-row-inner fusion-row fusion-flex-align-items-flex-start fusion-flex-content-wrap\" style=\"--awb-flex-grow:0;--awb-flex-grow-medium:0;--awb-flex-grow-small:0;--awb-flex-shrink:0;--awb-flex-shrink-medium:0;--awb-flex-shrink-small:0;width:calc( 100% + 20px ) !important;max-width:calc( 100% + 20px ) !important;margin-left: calc(-20px \/ 2 );margin-right: calc(-20px \/ 2 );\"><div class=\"fusion-layout-column fusion_builder_column_inner fusion-builder-nested-column-6 fusion_builder_column_inner_1_1 1_1 fusion-flex-column\" style=\"--awb-padding-top:25px;--awb-padding-right:3%;--awb-padding-bottom:25px;--awb-padding-left:3%;--awb-overflow:hidden;--awb-bg-color:var(--awb-color7);--awb-bg-color-hover:var(--awb-color7);--awb-bg-size:cover;--awb-box-shadow:2px 2px 5px 1px rgba(0,0,0,0.2);;--awb-border-color:hsla(var(--awb-color8-h),var(--awb-color8-s),var(--awb-color8-l),calc(var(--awb-color8-a) - 80%));--awb-border-top:1px;--awb-border-right:1px;--awb-border-bottom:1px;--awb-border-left:1px;--awb-border-style:solid;--awb-border-radius:20px 20px 20px 20px;--awb-transform:scaleX(1) scaleY(1);--awb-transform-hover:scaleX(1.02) scaleY(1.02);--awb-width-large:100%;--awb-margin-top-large:0px;--awb-spacing-right-large:10px;--awb-margin-bottom-large:20px;--awb-spacing-left-large:10px;--awb-width-medium:100%;--awb-order-medium:0;--awb-spacing-right-medium:10px;--awb-spacing-left-medium:10px;--awb-width-small:100%;--awb-order-small:0;--awb-spacing-right-small:10px;--awb-spacing-left-small:10px;\"><div class=\"fusion-column-wrapper fusion-column-has-shadow fusion-flex-justify-content-flex-start fusion-content-layout-column\"><i class=\"fb-icon-element-5 fb-icon-element fontawesome-icon fa-video fas circle-no fusion-text-flow\" style=\"--awb-iconcolor:hsla(var(--awb-color1-h),var(--awb-color1-s),var(--awb-color1-l),calc(var(--awb-color1-a) - 50%));--awb-iconcolor-hover:hsla(var(--awb-color1-h),var(--awb-color1-s),var(--awb-color1-l),calc(var(--awb-color1-a) - 50%));--awb-font-size:32px;--awb-margin-bottom:5px;\"><\/i><div class=\"fusion-title title fusion-title-11 fusion-sep-none fusion-title-text fusion-title-size-three\" style=\"--awb-text-color:var(--awb-color8);--awb-margin-top-small:0px;--awb-margin-right-small:0px;--awb-margin-bottom-small:0px;--awb-margin-left-small:0px;--awb-font-size:20px;\"><h3 class=\"fusion-title-heading title-heading-left fusion-responsive-typography-calculated\" style=\"font-family:var(--awb-typography2-font-family);font-weight:var(--awb-typography2-font-weight);font-style:var(--awb-typography2-font-style);margin:0;letter-spacing:var(--awb-typography2-letter-spacing);text-transform:var(--awb-typography2-text-transform);font-size:1em;--fontSize:20;--minFontSize:20;line-height:var(--awb-typography2-line-height);\">V\u00eddeo de momentos destacados<\/h3><\/div><div class=\"fusion-text fusion-text-12 fusion-text-no-margin\" style=\"--awb-font-size:var(--awb-typography5-font-size);--awb-line-height:var(--awb-typography5-line-height);--awb-letter-spacing:var(--awb-typography5-letter-spacing);--awb-text-transform:var(--awb-typography5-text-transform);--awb-margin-bottom:15px;--awb-text-font-family:var(--awb-typography5-font-family);--awb-text-font-weight:var(--awb-typography5-font-weight);--awb-text-font-style:var(--awb-typography5-font-style);\"><p>Un hermoso cortometraje para revivir su d\u00eda.<\/p>\n<\/div><div class=\"fusion-text fusion-text-13 fusion-text-no-margin\" style=\"--awb-font-size:16px;--awb-line-height:var(--awb-typography4-line-height);--awb-letter-spacing:var(--awb-typography4-letter-spacing);--awb-text-transform:var(--awb-typography4-text-transform);--awb-margin-top:0px;--awb-margin-right:0px;--awb-margin-bottom:10px;--awb-margin-left:0px;--awb-text-font-family:var(--awb-typography4-font-family);--awb-text-font-weight:var(--awb-typography4-font-weight);--awb-text-font-style:var(--awb-typography4-font-style);\"><p>Reviva sus votos, primer beso y celebraci\u00f3n con un v\u00eddeo de momentos destacados bellamente editado y dise\u00f1ado para compartir.<\/p>\n<\/div><ul style=\"--awb-margin-top:5px;--awb-margin-right:0px;--awb-margin-bottom:15px;--awb-margin-left:0px;--awb-item-padding-top:0px;--awb-item-padding-bottom:0px;--awb-textcolor:hsla(var(--awb-color1-h),var(--awb-color1-s),var(--awb-color1-l),calc(var(--awb-color1-a) - 25%));--awb-line-height:23.8px;--awb-icon-width:23.8px;--awb-icon-height:23.8px;--awb-icon-margin:9.8px;--awb-content-margin:33.6px;\" class=\"fusion-checklist fusion-checklist-5 type-icons\"><li class=\"fusion-li-item\" style=\"\"><span class=\"icon-wrapper circle-no\"><i class=\"fusion-li-icon awb-icon-check\" aria-hidden=\"true\"><\/i><\/span><div class=\"fusion-li-item-content\">Hasta 4 horas de cobertura<\/div><\/li><li class=\"fusion-li-item\" style=\"\"><span class=\"icon-wrapper circle-no\"><i class=\"fusion-li-icon awb-icon-check\" aria-hidden=\"true\"><\/i><\/span><div class=\"fusion-li-item-content\">\n<p>V\u00eddeo cinematogr\u00e1fico de momentos destacados de 2-3 minutos<\/p>\n<\/div><\/li><li class=\"fusion-li-item\" style=\"\"><span class=\"icon-wrapper circle-no\"><i class=\"fusion-li-icon awb-icon-check\" aria-hidden=\"true\"><\/i><\/span><div class=\"fusion-li-item-content\">\n<p>Equipo de uno\/dos (vide\u00f3grafos) \u00ba<\/p>\n<\/div><\/li><li class=\"fusion-li-item\" style=\"\"><span class=\"icon-wrapper circle-no\"><i class=\"fusion-li-icon awb-icon-check\" aria-hidden=\"true\"><\/i><\/span><div class=\"fusion-li-item-content\">\n<p>Ceremonia + sesi\u00f3n de pareja (reci\u00e9n casados)<\/p>\n<\/div><\/li><li class=\"fusion-li-item\" style=\"\"><span class=\"icon-wrapper circle-no\"><i class=\"fusion-li-icon awb-icon-check\" aria-hidden=\"true\"><\/i><\/span><div class=\"fusion-li-item-content\">\n<p><strong>Selecci\u00f3n:<\/strong> preparativos de la boda o recepci\u00f3n\/fiesta \u00aa<\/p>\n<\/div><\/li><li class=\"fusion-li-item\" style=\"\"><span class=\"icon-wrapper circle-no\"><i class=\"fusion-li-icon awb-icon-check\" aria-hidden=\"true\"><\/i><\/span><div class=\"fusion-li-item-content\">\n<p>Entrega digital de alta definici\u00f3n<\/p>\n<\/div><\/li><\/ul><div ><a class=\"fusion-button button-flat fusion-button-default-size button-default fusion-button-default button-10 fusion-button-default-span fusion-button-default-type\" target=\"_self\" title=\"V\u00eddeo de momentos destacados de bodas por Pacific Photography Costa Rica\" aria-label=\"V\u00eddeo de momentos destacados de bodas por Pacific Photography Costa Rica\" href=\"#awb-oc__7265\"><span class=\"fusion-button-text awb-button__text awb-button__text--default\">A partir de $750+iva *<\/span><\/a><\/div><\/div><\/div><div class=\"fusion-layout-column fusion_builder_column_inner fusion-builder-nested-column-7 fusion_builder_column_inner_1_1 1_1 fusion-flex-column\" style=\"--awb-padding-top:25px;--awb-padding-right:3%;--awb-padding-bottom:25px;--awb-padding-left:3%;--awb-overflow:hidden;--awb-bg-color:var(--awb-color7);--awb-bg-color-hover:var(--awb-color7);--awb-bg-size:cover;--awb-box-shadow:2px 2px 5px 1px rgba(0,0,0,0.2);;--awb-border-color:var(--awb-color8);--awb-border-top:3px;--awb-border-right:3px;--awb-border-bottom:3px;--awb-border-left:3px;--awb-border-style:solid;--awb-border-radius:20px 20px 20px 20px;--awb-transform:scaleX(1) scaleY(1);--awb-transform-hover:scaleX(1.02) scaleY(1.02);--awb-width-large:100%;--awb-margin-top-large:0px;--awb-spacing-right-large:10px;--awb-margin-bottom-large:20px;--awb-spacing-left-large:10px;--awb-width-medium:100%;--awb-order-medium:0;--awb-spacing-right-medium:10px;--awb-spacing-left-medium:10px;--awb-width-small:100%;--awb-order-small:0;--awb-spacing-right-small:10px;--awb-spacing-left-small:10px;\"><div class=\"fusion-column-wrapper fusion-column-has-shadow fusion-flex-justify-content-flex-start fusion-content-layout-column\"><i class=\"fb-icon-element-6 fb-icon-element fontawesome-icon fa-video fas circle-no fusion-text-flow\" style=\"--awb-iconcolor:hsla(var(--awb-color1-h),var(--awb-color1-s),var(--awb-color1-l),calc(var(--awb-color1-a) - 50%));--awb-iconcolor-hover:hsla(var(--awb-color1-h),var(--awb-color1-s),var(--awb-color1-l),calc(var(--awb-color1-a) - 50%));--awb-font-size:32px;--awb-margin-bottom:5px;\"><\/i><div class=\"fusion-title title fusion-title-12 fusion-sep-none fusion-title-text fusion-title-size-three\" style=\"--awb-text-color:var(--awb-color8);--awb-margin-top-small:0px;--awb-margin-right-small:0px;--awb-margin-bottom-small:0px;--awb-margin-left-small:0px;--awb-font-size:20px;\"><h3 class=\"fusion-title-heading title-heading-left fusion-responsive-typography-calculated\" style=\"font-family:var(--awb-typography2-font-family);font-weight:var(--awb-typography2-font-weight);font-style:var(--awb-typography2-font-style);margin:0;letter-spacing:var(--awb-typography2-letter-spacing);text-transform:var(--awb-typography2-text-transform);font-size:1em;--fontSize:20;--minFontSize:20;line-height:var(--awb-typography2-line-height);\">Historia cinematogr\u00e1fica<\/h3><\/div><div class=\"fusion-text fusion-text-14 fusion-text-no-margin\" style=\"--awb-font-size:var(--awb-typography5-font-size);--awb-line-height:var(--awb-typography5-line-height);--awb-letter-spacing:var(--awb-typography5-letter-spacing);--awb-text-transform:var(--awb-typography5-text-transform);--awb-margin-bottom:15px;--awb-text-font-family:var(--awb-typography5-font-family);--awb-text-font-weight:var(--awb-typography5-font-weight);--awb-text-font-style:var(--awb-typography5-font-style);\"><p>Un paquete completo de narraci\u00f3n de historias. Nuestra opci\u00f3n m\u00e1s popular. <\/p>\n<\/div><div class=\"fusion-text fusion-text-15 fusion-text-no-margin\" style=\"--awb-font-size:16px;--awb-line-height:var(--awb-typography4-line-height);--awb-letter-spacing:var(--awb-typography4-letter-spacing);--awb-text-transform:var(--awb-typography4-text-transform);--awb-margin-top:0px;--awb-margin-right:0px;--awb-margin-bottom:10px;--awb-margin-left:0px;--awb-text-font-family:var(--awb-typography4-font-family);--awb-text-font-weight:var(--awb-typography4-font-weight);--awb-text-font-style:var(--awb-typography4-font-style);\"><p>Un paquete completo de narraci\u00f3n de historias que cubre cada etapa del d\u00eda de su boda con arte, detalle y elegancia.<\/p>\n<\/div><ul style=\"--awb-margin-top:5px;--awb-margin-right:0px;--awb-margin-bottom:15px;--awb-margin-left:0px;--awb-item-padding-top:0px;--awb-item-padding-bottom:0px;--awb-textcolor:hsla(var(--awb-color1-h),var(--awb-color1-s),var(--awb-color1-l),calc(var(--awb-color1-a) - 25%));--awb-line-height:23.8px;--awb-icon-width:23.8px;--awb-icon-height:23.8px;--awb-icon-margin:9.8px;--awb-content-margin:33.6px;\" class=\"fusion-checklist fusion-checklist-6 type-icons\"><li class=\"fusion-li-item\" style=\"\"><span class=\"icon-wrapper circle-no\"><i class=\"fusion-li-icon awb-icon-check\" aria-hidden=\"true\"><\/i><\/span><div class=\"fusion-li-item-content\">Hasta 8 horas de cobertura<\/div><\/li><li class=\"fusion-li-item\" style=\"\"><span class=\"icon-wrapper circle-no\"><i class=\"fusion-li-icon awb-icon-check\" aria-hidden=\"true\"><\/i><\/span><div class=\"fusion-li-item-content\">\n<p>Pel\u00edcula de amor cinematogr\u00e1fica de 3-5 minutos<\/p>\n<\/div><\/li><li class=\"fusion-li-item\" style=\"\"><span class=\"icon-wrapper circle-no\"><i class=\"fusion-li-icon awb-icon-check\" aria-hidden=\"true\"><\/i><\/span><div class=\"fusion-li-item-content\">\n<p>Equipo de uno\/dos (vide\u00f3grafos) \u00ba<\/p>\n<\/div><\/li><li class=\"fusion-li-item\" style=\"\"><span class=\"icon-wrapper circle-no\"><i class=\"fusion-li-icon awb-icon-check\" aria-hidden=\"true\"><\/i><\/span><div class=\"fusion-li-item-content\">\n<p>Pre-ceremonia (preparativos de la boda), ceremonia, reci\u00e9n casados y recepci\u00f3n<\/p>\n<\/div><\/li><li class=\"fusion-li-item\" style=\"\"><span class=\"icon-wrapper circle-no\"><i class=\"fusion-li-icon awb-icon-check\" aria-hidden=\"true\"><\/i><\/span><div class=\"fusion-li-item-content\">\n<p>Tomas con drone (donde est\u00e9 permitido)<\/p>\n<\/div><\/li><li class=\"fusion-li-item\" style=\"\"><span class=\"icon-wrapper circle-no\"><i class=\"fusion-li-icon awb-icon-check\" aria-hidden=\"true\"><\/i><\/span><div class=\"fusion-li-item-content\">\n<p>Entrega digital de alta definici\u00f3n<\/p>\n<\/div><\/li><\/ul><div ><a class=\"fusion-button button-flat fusion-button-default-size button-default fusion-button-default button-11 fusion-button-default-span fusion-button-default-type\" target=\"_self\" title=\"V\u00eddeo de historia cinematogr\u00e1fica de bodas por Pacific Photography Costa Rica\" aria-label=\"V\u00eddeo de historia cinematogr\u00e1fica de bodas por Pacific Photography Costa Rica\" href=\"#awb-oc__7265\"><span class=\"fusion-button-text awb-button__text awb-button__text--default\">A partir de $1.000+iva *<\/span><\/a><\/div><\/div><\/div><div class=\"fusion-layout-column fusion_builder_column_inner fusion-builder-nested-column-8 fusion_builder_column_inner_1_1 1_1 fusion-flex-column\" style=\"--awb-padding-top:25px;--awb-padding-right:3%;--awb-padding-bottom:25px;--awb-padding-left:3%;--awb-overflow:hidden;--awb-bg-color:var(--awb-color7);--awb-bg-color-hover:var(--awb-color7);--awb-bg-size:cover;--awb-box-shadow:2px 2px 5px 1px rgba(0,0,0,0.2);;--awb-border-color:hsla(var(--awb-color8-h),var(--awb-color8-s),var(--awb-color8-l),calc(var(--awb-color8-a) - 80%));--awb-border-top:1px;--awb-border-right:1px;--awb-border-bottom:1px;--awb-border-left:1px;--awb-border-style:solid;--awb-border-radius:20px 20px 20px 20px;--awb-transform:scaleX(1) scaleY(1);--awb-transform-hover:scaleX(1.02) scaleY(1.02);--awb-width-large:100%;--awb-margin-top-large:0px;--awb-spacing-right-large:10px;--awb-margin-bottom-large:20px;--awb-spacing-left-large:10px;--awb-width-medium:100%;--awb-order-medium:0;--awb-spacing-right-medium:10px;--awb-spacing-left-medium:10px;--awb-width-small:100%;--awb-order-small:0;--awb-spacing-right-small:10px;--awb-spacing-left-small:10px;\"><div class=\"fusion-column-wrapper fusion-column-has-shadow fusion-flex-justify-content-flex-start fusion-content-layout-column\"><i class=\"fb-icon-element-7 fb-icon-element fontawesome-icon fa-video fas circle-no fusion-text-flow\" style=\"--awb-iconcolor:hsla(var(--awb-color1-h),var(--awb-color1-s),var(--awb-color1-l),calc(var(--awb-color1-a) - 50%));--awb-iconcolor-hover:hsla(var(--awb-color1-h),var(--awb-color1-s),var(--awb-color1-l),calc(var(--awb-color1-a) - 50%));--awb-font-size:32px;--awb-margin-bottom:5px;\"><\/i><div class=\"fusion-title title fusion-title-13 fusion-sep-none fusion-title-text fusion-title-size-three\" style=\"--awb-text-color:var(--awb-color8);--awb-margin-top-small:0px;--awb-margin-right-small:0px;--awb-margin-bottom-small:0px;--awb-margin-left-small:0px;--awb-font-size:20px;\"><h3 class=\"fusion-title-heading title-heading-left fusion-responsive-typography-calculated\" style=\"font-family:var(--awb-typography2-font-family);font-weight:var(--awb-typography2-font-weight);font-style:var(--awb-typography2-font-style);margin:0;letter-spacing:var(--awb-typography2-letter-spacing);text-transform:var(--awb-typography2-text-transform);font-size:1em;--fontSize:20;--minFontSize:20;line-height:var(--awb-typography2-line-height);\">V\u00eddeo Legacy<\/h3><\/div><div class=\"fusion-text fusion-text-16 fusion-text-no-margin\" style=\"--awb-font-size:var(--awb-typography5-font-size);--awb-line-height:var(--awb-typography5-line-height);--awb-letter-spacing:var(--awb-typography5-letter-spacing);--awb-text-transform:var(--awb-typography5-text-transform);--awb-margin-bottom:15px;--awb-text-font-family:var(--awb-typography5-font-family);--awb-text-font-weight:var(--awb-typography5-font-weight);--awb-text-font-style:var(--awb-typography5-font-style);\"><p>Un paquete completo de narraci\u00f3n de historias.<\/p>\n<\/div><div class=\"fusion-text fusion-text-17 fusion-text-no-margin\" style=\"--awb-font-size:16px;--awb-line-height:var(--awb-typography4-line-height);--awb-letter-spacing:var(--awb-typography4-letter-spacing);--awb-text-transform:var(--awb-typography4-text-transform);--awb-margin-top:0px;--awb-margin-right:0px;--awb-margin-bottom:10px;--awb-margin-left:0px;--awb-text-font-family:var(--awb-typography4-font-family);--awb-text-font-weight:var(--awb-typography4-font-weight);--awb-text-font-style:var(--awb-typography4-font-style);\"><p>Con ediciones extendidas y momentos destacados cinematogr\u00e1ficos, este paquete crea una pel\u00edcula atemporal que las generaciones futuras atesorar\u00e1n.<\/p>\n<\/div><ul style=\"--awb-margin-top:5px;--awb-margin-right:0px;--awb-margin-bottom:15px;--awb-margin-left:0px;--awb-item-padding-top:0px;--awb-item-padding-bottom:0px;--awb-textcolor:hsla(var(--awb-color1-h),var(--awb-color1-s),var(--awb-color1-l),calc(var(--awb-color1-a) - 25%));--awb-line-height:23.8px;--awb-icon-width:23.8px;--awb-icon-height:23.8px;--awb-icon-margin:9.8px;--awb-content-margin:33.6px;\" class=\"fusion-checklist fusion-checklist-7 type-icons\"><li class=\"fusion-li-item\" style=\"\"><span class=\"icon-wrapper circle-no\"><i class=\"fusion-li-icon awb-icon-check\" aria-hidden=\"true\"><\/i><\/span><div class=\"fusion-li-item-content\">Cobertura de d\u00eda completo (sin l\u00edmites de horas)<\/div><\/li><li class=\"fusion-li-item\" style=\"\"><span class=\"icon-wrapper circle-no\"><i class=\"fusion-li-icon awb-icon-check\" aria-hidden=\"true\"><\/i><\/span><div class=\"fusion-li-item-content\">\n<p>Historia cinematogr\u00e1fica de pel\u00edcula de amor (extendida)<\/p>\n<\/div><\/li><li class=\"fusion-li-item\" style=\"\"><span class=\"icon-wrapper circle-no\"><i class=\"fusion-li-icon awb-icon-check\" aria-hidden=\"true\"><\/i><\/span><div class=\"fusion-li-item-content\">\n<p>Equipo de uno\/dos (vide\u00f3grafos) \u00ba<\/p>\n<\/div><\/li><li class=\"fusion-li-item\" style=\"\"><span class=\"icon-wrapper circle-no\"><i class=\"fusion-li-icon awb-icon-check\" aria-hidden=\"true\"><\/i><\/span><div class=\"fusion-li-item-content\">\n<p>Pre-ceremonia (preparativos de la boda), ceremonia, reci\u00e9n casados y recepci\u00f3n<\/p>\n<\/div><\/li><li class=\"fusion-li-item\" style=\"\"><span class=\"icon-wrapper circle-no\"><i class=\"fusion-li-icon awb-icon-check\" aria-hidden=\"true\"><\/i><\/span><div class=\"fusion-li-item-content\">\n<p>Tomas con drone (donde est\u00e9 permitido)<\/p>\n<\/div><\/li><li class=\"fusion-li-item\" style=\"\"><span class=\"icon-wrapper circle-no\"><i class=\"fusion-li-icon awb-icon-check\" aria-hidden=\"true\"><\/i><\/span><div class=\"fusion-li-item-content\">\n<p>Entrega digital de alta definici\u00f3n<\/p>\n<\/div><\/li><\/ul><div ><a class=\"fusion-button button-flat fusion-button-default-size button-default fusion-button-default button-12 fusion-button-default-span fusion-button-default-type\" target=\"_self\" title=\"V\u00eddeo Legacy de bodas por Pacific Photography Costa Rica\" aria-label=\"V\u00eddeo Legacy de bodas por Pacific Photography Costa Rica\" href=\"#awb-oc__7265\"><span class=\"fusion-button-text awb-button__text awb-button__text--default\">A partir de $1.500+iva *<\/span><\/a><\/div><\/div><\/div><\/div><\/div><\/div><div class=\"fusion-layout-column fusion_builder_column fusion-builder-column-7 awb-sticky awb-sticky-medium awb-sticky-large fusion_builder_column_1_2 1_2 fusion-flex-column\" style=\"--awb-bg-size:cover;--awb-width-large:50%;--awb-margin-top-large:0px;--awb-spacing-right-large:10px;--awb-margin-bottom-large:150px;--awb-spacing-left-large:10px;--awb-width-medium:50%;--awb-order-medium:0;--awb-spacing-right-medium:10px;--awb-margin-bottom-medium:175px;--awb-spacing-left-medium:10px;--awb-width-small:100%;--awb-order-small:0;--awb-spacing-right-small:10px;--awb-margin-bottom-small:20px;--awb-spacing-left-small:10px;--awb-sticky-offset:80px;\"><div class=\"fusion-column-wrapper fusion-column-has-shadow fusion-flex-justify-content-flex-start fusion-content-layout-column\"><div class=\"fusion-title title fusion-title-14 fusion-sep-none fusion-title-text fusion-title-size-two\" style=\"--awb-text-color:var(--awb-color3);--awb-margin-top-small:0px;--awb-margin-right-small:0px;--awb-margin-bottom-small:0px;--awb-margin-left-small:0px;--awb-font-size:30px;\"><h2 class=\"fusion-title-heading title-heading-left fusion-responsive-typography-calculated\" style=\"font-family:var(--awb-typography2-font-family);font-weight:var(--awb-typography2-font-weight);font-style:var(--awb-typography2-font-style);margin:0;letter-spacing:var(--awb-typography2-letter-spacing);text-transform:var(--awb-typography2-text-transform);font-size:1em;--fontSize:30;line-height:var(--awb-typography2-line-height);\">Precios de videograf\u00eda de bodas<\/h2><\/div><div class=\"fusion-text fusion-text-18 fusion-text-no-margin\" style=\"--awb-font-size:var(--awb-typography5-font-size);--awb-line-height:var(--awb-typography5-line-height);--awb-letter-spacing:var(--awb-typography5-letter-spacing);--awb-text-transform:var(--awb-typography5-text-transform);--awb-margin-top:0px;--awb-margin-right:0px;--awb-margin-bottom:25px;--awb-margin-left:0px;--awb-text-font-family:var(--awb-typography5-font-family);--awb-text-font-weight:var(--awb-typography5-font-weight);--awb-text-font-style:var(--awb-typography5-font-style);\"><p>Tarifas para el Valle Central (San Jos\u00e9) \u2013 Pac\u00edfico Central (Jaco).<br \/>Las tarifas externas est\u00e1n disponibles y ser\u00e1n proporcionadas por un agente.<\/p>\n<\/div><div class=\"fusion-video fusion-youtube\" style=\"--awb-max-width:700px;--awb-max-height:394px;\"><div class=\"video-shortcode\"><lite-youtube videoid=\"Jf3dwte6dsI\" class=\"landscape\" params=\"wmode=transparent&autoplay=1&amp;rel=0&amp;enablejsapi=1\" title=\"Teaser - Wedding Videography in Costa Rica\" data-button-label=\"Play Video\" width=\"700\" height=\"394\" data-thumbnail-size=\"auto\" data-no-cookie=\"on\"><\/lite-youtube><\/div><\/div><div class=\"fusion-text fusion-text-19 fusion-text-no-margin fusion-text-no-margin-sm\" style=\"--awb-font-size:var(--awb-typography5-font-size);--awb-line-height:var(--awb-typography5-line-height);--awb-letter-spacing:var(--awb-typography5-letter-spacing);--awb-text-transform:var(--awb-typography5-text-transform);--awb-text-color:hsla(var(--awb-color1-h),var(--awb-color1-s),var(--awb-color1-l),calc(var(--awb-color1-a) - 20%));--awb-margin-top:10px;--awb-margin-right:0px;--awb-margin-bottom:15px;--awb-margin-left:0px;--awb-margin-bottom-small:0px;--awb-text-font-family:var(--awb-typography5-font-family);--awb-text-font-weight:var(--awb-typography5-font-weight);--awb-text-font-style:var(--awb-typography5-font-style);\"><p>Solo v\u00eddeo de muestra &#8211; no dude en ponerse en contacto con nosotros para ver una galer\u00eda privada de v\u00eddeos de bodas completos producidos por Pacific Photography.<\/p>\n<\/div><\/div><\/div><div class=\"fusion-layout-column fusion_builder_column fusion-builder-column-8 fusion_builder_column_1_1 1_1 fusion-flex-column\" style=\"--awb-bg-size:cover;--awb-width-large:100%;--awb-margin-top-large:0px;--awb-spacing-right-large:10px;--awb-margin-bottom-large:15px;--awb-spacing-left-large:10px;--awb-width-medium:100%;--awb-order-medium:0;--awb-spacing-right-medium:10px;--awb-spacing-left-medium:10px;--awb-width-small:100%;--awb-order-small:2;--awb-margin-top-small:0px;--awb-spacing-right-small:10px;--awb-spacing-left-small:10px;\"><div class=\"fusion-column-wrapper fusion-column-has-shadow fusion-flex-justify-content-flex-start fusion-content-layout-column\"><div class=\"fusion-text fusion-text-20 fusion-text-no-margin\" style=\"--awb-font-size:12px;--awb-line-height:var(--awb-typography5-line-height);--awb-letter-spacing:var(--awb-typography5-letter-spacing);--awb-text-transform:var(--awb-typography5-text-transform);--awb-text-color:hsla(var(--awb-color1-h),var(--awb-color1-s),var(--awb-color1-l),calc(var(--awb-color1-a) - 25%));--awb-margin-top:0px;--awb-margin-right:0px;--awb-margin-bottom:0px;--awb-margin-left:0px;--awb-text-font-family:var(--awb-typography5-font-family);--awb-text-font-weight:var(--awb-typography5-font-weight);--awb-text-font-style:var(--awb-typography5-font-style);\"><p>\u00aa Elija que los fot\u00f3grafos\/vide\u00f3grafos lleguen antes para los preparativos de la boda antes de la ceremonia, o si lo prefiere, que vengan para la ceremonia y se queden despu\u00e9s para cubrir parte de la recepci\u00f3n (dentro de la cobertura seleccionada). \u00ba El tama\u00f1o del equipo de fot\u00f3grafos\/vide\u00f3grafos puede cambiar seg\u00fan el evento; se le notificar\u00e1 al confirmar. * El impuesto (IVA 13%) no est\u00e1 incluido. Las propinas no est\u00e1n incluidas en el precio, pero siempre son bienvenidas. La tarifa por tiempo adicional es de $100\/hora. <strong>Pagos aceptados:<\/strong> PayPal, tarjeta de cr\u00e9dito, transferencia bancaria local y efectivo (USD\/CRC).    <\/p>\n<\/div><\/div><\/div><\/div><\/div><\/div><div class=\"fusion-fullwidth fullwidth-box fusion-builder-row-6 fusion-flex-container has-pattern-background has-mask-background fusion-parallax-fixed nonhundred-percent-fullwidth non-hundred-percent-height-scrolling\" style=\"--awb-background-position:right center;--awb-background-position-small:center center;--awb-border-radius-top-left:0px;--awb-border-radius-top-right:0px;--awb-border-radius-bottom-right:0px;--awb-border-radius-bottom-left:0px;--awb-padding-top:100px;--awb-padding-right:5%;--awb-padding-bottom:100px;--awb-padding-left:5%;--awb-background-image:linear-gradient(180deg, hsla(var(--awb-color1-h),var(--awb-color1-s),var(--awb-color1-l),calc(var(--awb-color1-a) - 30%)) 0%,hsla(var(--awb-color1-h),var(--awb-color1-s),var(--awb-color1-l),calc(var(--awb-color1-a) - 30%)) 100%),url(http:\/\/jacophotographer.com\/wp-content\/uploads\/2015\/11\/Wedding-Photogtaphy-Costa-Rica.jpg);;--awb-background-size:cover;--awb-flex-wrap:wrap;background-attachment:fixed;\" ><div class=\"fusion-builder-row fusion-row fusion-flex-align-items-flex-start fusion-flex-content-wrap\" style=\"max-width:calc( 1280px + 20px );margin-left: calc(-20px \/ 2 );margin-right: calc(-20px \/ 2 );\"><div class=\"fusion-layout-column fusion_builder_column fusion-builder-column-9 fusion_builder_column_3_5 3_5 fusion-flex-column\" style=\"--awb-bg-size:cover;--awb-width-large:60%;--awb-margin-top-large:0px;--awb-spacing-right-large:10px;--awb-margin-bottom-large:0px;--awb-spacing-left-large:10px;--awb-width-medium:50%;--awb-order-medium:0;--awb-spacing-right-medium:10px;--awb-spacing-left-medium:10px;--awb-width-small:100%;--awb-order-small:0;--awb-spacing-right-small:10px;--awb-margin-bottom-small:0px;--awb-spacing-left-small:10px;\"><div class=\"fusion-column-wrapper fusion-column-has-shadow fusion-flex-justify-content-flex-start fusion-content-layout-column\"><div class=\"fusion-title title fusion-title-15 fusion-sep-none fusion-title-text fusion-title-size-four\" style=\"--awb-text-color:hsla(var(--awb-color6-h),var(--awb-color6-s),var(--awb-color6-l),calc(var(--awb-color6-a) - 20%));--awb-margin-bottom:5px;--awb-margin-top-small:0px;--awb-margin-right-small:0px;--awb-margin-bottom-small:5px;--awb-margin-left-small:0px;--awb-font-size:30px;\"><h4 class=\"fusion-title-heading title-heading-left fusion-responsive-typography-calculated\" style=\"font-family:var(--awb-typography1-font-family);font-weight:var(--awb-typography1-font-weight);font-style:var(--awb-typography1-font-style);margin:0;letter-spacing:var(--awb-typography1-letter-spacing);text-transform:var(--awb-typography1-text-transform);font-size:1em;--fontSize:30;line-height:var(--awb-typography1-line-height);\">En Pacific Photography, nos especializamos en capturar bodas con arte, emoci\u00f3n y detalle.<\/h4><\/div><div class=\"fusion-text fusion-text-21 fusion-text-no-margin fusion-text-no-margin-sm\" style=\"--awb-font-size:var(--awb-typography4-font-size);--awb-line-height:var(--awb-typography4-line-height);--awb-letter-spacing:var(--awb-typography4-letter-spacing);--awb-text-transform:var(--awb-typography4-text-transform);--awb-text-color:var(--awb-color7);--awb-margin-top:0px;--awb-margin-right:0px;--awb-margin-bottom:25px;--awb-margin-left:0px;--awb-margin-bottom-small:25px;--awb-text-font-family:var(--awb-typography4-font-family);--awb-text-font-weight:var(--awb-typography4-font-weight);--awb-text-font-style:var(--awb-typography4-font-style);\"><p data-start=\"339\" data-end=\"594\">Desde las sonrisas sinceras antes de caminar hacia el altar hasta la celebraci\u00f3n inolvidable que sigue, nuestro equipo se asegura de que no se pierda ning\u00fan momento. Con servicios de fotograf\u00eda y videograf\u00eda, ofrecemos todo lo que necesita para revivir su d\u00eda. <\/p>\n<\/div><div ><a class=\"fusion-button button-flat fusion-button-default-size button-default fusion-button-default button-13 fusion-button-default-span fusion-button-default-type\" target=\"_self\" title=\"Contrate a Pacific Photography para sus fot\u00f3grafos de bodas en Costa Rica\" aria-label=\"Contrate a Pacific Photography para sus fot\u00f3grafos de bodas en Costa Rica\" href=\"#awb-oc__7265\"><span class=\"fusion-button-text awb-button__text awb-button__text--default\">Contratanos<\/span><i class=\"fa-calendar-check fas awb-button__icon awb-button__icon--default button-icon-right\" aria-hidden=\"true\"><\/i><\/a><\/div><\/div><\/div><\/div><\/div><div id=\"precios-paquete\" class=\"fusion-container-anchor\"><div class=\"fusion-fullwidth fullwidth-box fusion-builder-row-7 fusion-flex-container has-pattern-background has-mask-background nonhundred-percent-fullwidth non-hundred-percent-height-scrolling\" style=\"--awb-border-radius-top-left:0px;--awb-border-radius-top-right:0px;--awb-border-radius-bottom-right:0px;--awb-border-radius-bottom-left:0px;--awb-padding-top:75px;--awb-padding-right:5%;--awb-padding-bottom:25px;--awb-padding-left:5%;--awb-padding-top-medium:50px;--awb-padding-bottom-medium:25px;--awb-padding-top-small:50px;--awb-background-image:linear-gradient(180deg, var(--awb-color7) 0%,hsla(var(--awb-color3-h),var(--awb-color3-s),var(--awb-color3-l),calc(var(--awb-color3-a) - 75%)) 100%);--awb-flex-wrap:wrap;\" ><div class=\"awb-background-mask\" style=\"background-image:  url(data:image\/svg+xml;utf8,%3Csvg%20width%3D%221920%22%20height%3D%22954%22%20fill%3D%22none%22%20xmlns%3D%22http%3A%2F%2Fwww.w3.org%2F2000%2Fsvg%22%3E%3Cg%20clip-path%3D%22url%28%23prefix__clip0_58_787%29%22%20fill-rule%3D%22evenodd%22%20clip-rule%3D%22evenodd%22%20fill%3D%22rgba%2832%2C188%2C210%2C1%29%22%3E%3Cpath%20d%3D%22M1660.78-198.081c41-37.158%20104.32-33.985%20141.42%207.087%20110.48%20122.305%20170.1%20282.332%20166.66%20447.27-3.44%20164.938-69.67%20322.331-185.14%20439.906-115.49%20117.578-271.47%20186.426-435.99%20192.395-164.52%205.968-325.06-51.397-448.719-160.304-41.528-36.574-45.591-99.941-9.074-141.535%2036.517-41.593%2099.784-45.662%20141.313-9.088%2085.25%2075.079%20195.89%20114.598%20309.23%20110.486%20113.35-4.112%20220.85-51.546%20300.47-132.611%2079.63-81.068%20125.32-189.63%20127.7-303.434%202.37-113.804-38.77-224.188-114.95-308.523-37.1-41.072-33.93-104.49%207.08-141.649z%22%2F%3E%3Cpath%20d%3D%22M1544.89%2037.429c50.71-22.192%20109.79.947%20131.97%2051.683a383.79%20383.79%200%200110.87%20279.732c-31.73%2091.288-96.71%20167.233-181.94%20212.762a384.921%20384.921%200%2001-278%2033.06c-93.53-24.262-174.53-82.823-226.82-164.088-29.965-46.559-16.532-108.606%2030-138.586%2046.53-29.979%20108.54-16.538%20138.51%2030.021%2024.99%2038.834%2063.75%2066.898%20108.61%2078.536a184.603%20184.603%200%2000133.31-15.847c40.83-21.815%2071.88-58.154%2087.03-101.727a183.148%20183.148%200%2000-5.19-133.5c-22.18-50.735.95-109.854%2051.65-132.046z%22%2F%3E%3C%2Fg%3E%3Cdefs%3E%3CclipPath%20id%3D%22prefix__clip0_58_787%22%3E%3Cpath%20fill%3D%22%23fff%22%20d%3D%22M0%200h1920v954H0z%22%2F%3E%3C%2FclipPath%3E%3C%2Fdefs%3E%3C%2Fsvg%3E);opacity: 0.25 ;transform: scale(1, -1);mix-blend-mode:normal;\"><\/div><div class=\"fusion-builder-row fusion-row fusion-flex-align-items-flex-start fusion-flex-content-wrap\" style=\"max-width:calc( 1280px + 20px );margin-left: calc(-20px \/ 2 );margin-right: calc(-20px \/ 2 );\"><div class=\"fusion-layout-column fusion_builder_column fusion-builder-column-10 awb-sticky awb-sticky-medium awb-sticky-large fusion_builder_column_1_2 1_2 fusion-flex-column\" style=\"--awb-bg-size:cover;--awb-width-large:50%;--awb-margin-top-large:0px;--awb-spacing-right-large:10px;--awb-margin-bottom-large:150px;--awb-spacing-left-large:10px;--awb-width-medium:50%;--awb-order-medium:0;--awb-spacing-right-medium:10px;--awb-margin-bottom-medium:175px;--awb-spacing-left-medium:10px;--awb-width-small:100%;--awb-order-small:0;--awb-spacing-right-small:10px;--awb-margin-bottom-small:20px;--awb-spacing-left-small:10px;--awb-sticky-offset:80px;\"><div class=\"fusion-column-wrapper fusion-column-has-shadow fusion-flex-justify-content-flex-start fusion-content-layout-column\"><div class=\"fusion-title title fusion-title-16 fusion-sep-none fusion-title-text fusion-title-size-two\" style=\"--awb-text-color:var(--awb-color3);--awb-margin-top-small:0px;--awb-margin-right-small:0px;--awb-margin-bottom-small:0px;--awb-margin-left-small:0px;--awb-font-size:30px;\"><h2 class=\"fusion-title-heading title-heading-left fusion-responsive-typography-calculated\" style=\"font-family:var(--awb-typography2-font-family);font-weight:var(--awb-typography2-font-weight);font-style:var(--awb-typography2-font-style);margin:0;letter-spacing:var(--awb-typography2-letter-spacing);text-transform:var(--awb-typography2-text-transform);font-size:1em;--fontSize:30;line-height:var(--awb-typography2-line-height);\">Precios de paquetes de boda<\/h2><\/div><div class=\"fusion-text fusion-text-22 fusion-text-no-margin\" style=\"--awb-font-size:var(--awb-typography5-font-size);--awb-line-height:var(--awb-typography5-line-height);--awb-letter-spacing:var(--awb-typography5-letter-spacing);--awb-text-transform:var(--awb-typography5-text-transform);--awb-margin-top:0px;--awb-margin-right:0px;--awb-margin-bottom:25px;--awb-margin-left:0px;--awb-text-font-family:var(--awb-typography5-font-family);--awb-text-font-weight:var(--awb-typography5-font-weight);--awb-text-font-style:var(--awb-typography5-font-style);\"><p>Tarifas para el Valle Central (San Jos\u00e9) \u2013 Pac\u00edfico Central (Jaco).<br \/>Las tarifas externas est\u00e1n disponibles y ser\u00e1n proporcionadas por un agente.<\/p>\n<\/div><div class=\"awb-gallery-wrapper awb-gallery-wrapper-2 button-span-no\" style=\"--more-btn-alignment:center;margin-top:0px;margin-right:0px;margin-bottom:0px;margin-left:0px;\"><div style=\"margin:-5px;--awb-bordersize:0px;--awb-border-radius:20px;--awb-columns-small:50%;\" class=\"fusion-gallery fusion-gallery-container fusion-grid-3 fusion-columns-total-8 fusion-gallery-layout-grid fusion-gallery-2\"><div style=\"padding:5px;\" class=\"fusion-grid-column fusion-gallery-column fusion-gallery-column-3 hover-type-none\"><div class=\"fusion-gallery-image\"><img decoding=\"async\" src=\"https:\/\/jacophotographer.com\/wp-content\/uploads\/2025\/10\/wedding-photographers-costa-rica-beach-wedding.jpg\" width=\"900\" height=\"599\" alt=\"Fot\u00f3grafos de boda en Costa Rica\" title=\"Fot\u00f3grafos de boda en Costa Rica\" aria-label=\"Fot\u00f3grafos de boda en Costa Rica\" class=\"img-responsive wp-image-7079\" srcset=\"https:\/\/jacophotographer.com\/wp-content\/uploads\/2025\/10\/wedding-photographers-costa-rica-beach-wedding-300x200.jpg 300w, https:\/\/jacophotographer.com\/wp-content\/uploads\/2025\/10\/wedding-photographers-costa-rica-beach-wedding-768x511.jpg 768w, https:\/\/jacophotographer.com\/wp-content\/uploads\/2025\/10\/wedding-photographers-costa-rica-beach-wedding.jpg 900w\" sizes=\"(max-width: 900px) 100vw, 900px\" \/><\/div><\/div><div style=\"padding:5px;\" class=\"fusion-grid-column fusion-gallery-column fusion-gallery-column-3 hover-type-none\"><div class=\"fusion-gallery-image\"><img decoding=\"async\" src=\"https:\/\/jacophotographer.com\/wp-content\/uploads\/2024\/04\/Black-White-Wedding-Photography-6.jpeg\" width=\"534\" height=\"800\" alt=\"Fotograf\u00eda en blanco y negro, fotograf\u00eda del Pac\u00edfico Costa Rica\" title=\"Fotograf\u00eda en blanco y negro, fotograf\u00eda del Pac\u00edfico Costa Rica\" aria-label=\"Fotograf\u00eda en blanco y negro, fotograf\u00eda del Pac\u00edfico Costa Rica\" class=\"img-responsive wp-image-6009\" srcset=\"https:\/\/jacophotographer.com\/wp-content\/uploads\/2024\/04\/Black-White-Wedding-Photography-6-200x300.jpeg 200w, https:\/\/jacophotographer.com\/wp-content\/uploads\/2024\/04\/Black-White-Wedding-Photography-6-400x599.jpeg 400w, https:\/\/jacophotographer.com\/wp-content\/uploads\/2024\/04\/Black-White-Wedding-Photography-6.jpeg 534w\" sizes=\"(min-width: 2200px) 100vw, (min-width: 794px) 423px, (min-width: 717px) 635px, (min-width: 640px) 717px, \" \/><\/div><\/div><div style=\"padding:5px;\" class=\"fusion-grid-column fusion-gallery-column fusion-gallery-column-3 hover-type-none\"><div class=\"fusion-gallery-image\"><img decoding=\"async\" src=\"https:\/\/jacophotographer.com\/wp-content\/uploads\/2024\/04\/Black-White-Wedding-Photography-2.jpeg\" width=\"800\" height=\"532\" alt=\"Fotograf\u00eda en blanco y negro, fotograf\u00eda del Pac\u00edfico Costa Rica\" title=\"Fotograf\u00eda en blanco y negro, fotograf\u00eda del Pac\u00edfico Costa Rica\" aria-label=\"Fotograf\u00eda en blanco y negro, fotograf\u00eda del Pac\u00edfico Costa Rica\" class=\"img-responsive wp-image-6001\" srcset=\"https:\/\/jacophotographer.com\/wp-content\/uploads\/2024\/04\/Black-White-Wedding-Photography-2-200x133.jpeg 200w, https:\/\/jacophotographer.com\/wp-content\/uploads\/2024\/04\/Black-White-Wedding-Photography-2-400x266.jpeg 400w, https:\/\/jacophotographer.com\/wp-content\/uploads\/2024\/04\/Black-White-Wedding-Photography-2-600x399.jpeg 600w, https:\/\/jacophotographer.com\/wp-content\/uploads\/2024\/04\/Black-White-Wedding-Photography-2.jpeg 800w\" sizes=\"(min-width: 2200px) 100vw, (min-width: 794px) 423px, (min-width: 717px) 635px, (min-width: 640px) 717px, \" \/><\/div><\/div><div class=\"clearfix\"><\/div><div style=\"padding:5px;\" class=\"fusion-grid-column fusion-gallery-column fusion-gallery-column-3 hover-type-none\"><div class=\"fusion-gallery-image\"><img decoding=\"async\" src=\"https:\/\/jacophotographer.com\/wp-content\/uploads\/2023\/02\/RLR3942.jpeg\" width=\"1000\" height=\"667\" alt=\"Fotograf\u00eda de bodas Costa Rica\" title=\"Fotograf\u00eda de bodas Costa Rica\" aria-label=\"Fotograf\u00eda de bodas Costa Rica\" class=\"img-responsive wp-image-4859\" srcset=\"https:\/\/jacophotographer.com\/wp-content\/uploads\/2023\/02\/RLR3942-200x133.jpeg 200w, https:\/\/jacophotographer.com\/wp-content\/uploads\/2023\/02\/RLR3942-400x267.jpeg 400w, https:\/\/jacophotographer.com\/wp-content\/uploads\/2023\/02\/RLR3942-600x400.jpeg 600w, https:\/\/jacophotographer.com\/wp-content\/uploads\/2023\/02\/RLR3942-800x534.jpeg 800w, https:\/\/jacophotographer.com\/wp-content\/uploads\/2023\/02\/RLR3942.jpeg 1000w\" sizes=\"(min-width: 2200px) 100vw, (min-width: 794px) 423px, (min-width: 717px) 635px, (min-width: 640px) 717px, \" \/><\/div><\/div><div style=\"padding:5px;\" class=\"fusion-grid-column fusion-gallery-column fusion-gallery-column-3 hover-type-none\"><div class=\"fusion-gallery-image\"><img decoding=\"async\" src=\"https:\/\/jacophotographer.com\/wp-content\/uploads\/2023\/02\/RLR3711.jpeg\" width=\"667\" height=\"1000\" alt=\"Fotograf\u00eda de bodas Costa Rica\" title=\"Fotograf\u00eda de bodas Costa Rica\" aria-label=\"Fotograf\u00eda de bodas Costa Rica\" class=\"img-responsive wp-image-4847\" srcset=\"https:\/\/jacophotographer.com\/wp-content\/uploads\/2023\/02\/RLR3711-200x300.jpeg 200w, https:\/\/jacophotographer.com\/wp-content\/uploads\/2023\/02\/RLR3711-400x600.jpeg 400w, https:\/\/jacophotographer.com\/wp-content\/uploads\/2023\/02\/RLR3711-600x900.jpeg 600w, https:\/\/jacophotographer.com\/wp-content\/uploads\/2023\/02\/RLR3711.jpeg 667w\" sizes=\"(min-width: 2200px) 100vw, (min-width: 794px) 423px, (min-width: 717px) 635px, (min-width: 640px) 717px, \" \/><\/div><\/div><div style=\"padding:5px;\" class=\"fusion-grid-column fusion-gallery-column fusion-gallery-column-3 hover-type-none\"><div class=\"fusion-gallery-image\"><img decoding=\"async\" src=\"https:\/\/jacophotographer.com\/wp-content\/uploads\/2022\/05\/RLR3819.jpeg\" width=\"376\" height=\"565\" alt=\"Fotograf\u00eda de bodas en Costa Rica, Pacific Photography\" title=\"Fotograf\u00eda de bodas en Costa Rica, Pacific Photography\" aria-label=\"Fotograf\u00eda de bodas en Costa Rica, Pacific Photography\" class=\"img-responsive wp-image-4117\" srcset=\"https:\/\/jacophotographer.com\/wp-content\/uploads\/2022\/05\/RLR3819-200x301.jpeg 200w, https:\/\/jacophotographer.com\/wp-content\/uploads\/2022\/05\/RLR3819.jpeg 376w\" sizes=\"(min-width: 2200px) 100vw, (min-width: 794px) 423px, (min-width: 717px) 635px, (min-width: 640px) 717px, \" \/><\/div><\/div><div class=\"clearfix\"><\/div><div style=\"padding:5px;\" class=\"fusion-grid-column fusion-gallery-column fusion-gallery-column-3 hover-type-none\"><div class=\"fusion-gallery-image\"><img decoding=\"async\" src=\"https:\/\/jacophotographer.com\/wp-content\/uploads\/2021\/08\/Costa-Rica-Weddings-by-Pacific-Photography-14.jpg\" width=\"567\" height=\"850\" alt=\"Bodas en Costa Rica, Fot\u00f3grafos de bodas\" title=\"Bodas en Costa Rica, Fot\u00f3grafos de bodas\" aria-label=\"Bodas en Costa Rica, Fot\u00f3grafos de bodas\" class=\"img-responsive wp-image-2662\" srcset=\"https:\/\/jacophotographer.com\/wp-content\/uploads\/2021\/08\/Costa-Rica-Weddings-by-Pacific-Photography-14-200x300.jpg 200w, https:\/\/jacophotographer.com\/wp-content\/uploads\/2021\/08\/Costa-Rica-Weddings-by-Pacific-Photography-14-400x600.jpg 400w, https:\/\/jacophotographer.com\/wp-content\/uploads\/2021\/08\/Costa-Rica-Weddings-by-Pacific-Photography-14.jpg 567w\" sizes=\"(min-width: 2200px) 100vw, (min-width: 794px) 423px, (min-width: 717px) 635px, (min-width: 640px) 717px, \" \/><\/div><\/div><div style=\"padding:5px;\" class=\"fusion-grid-column fusion-gallery-column fusion-gallery-column-3 hover-type-none\"><div class=\"fusion-gallery-image\"><img decoding=\"async\" src=\"https:\/\/jacophotographer.com\/wp-content\/uploads\/2021\/07\/Costa-Rica-Weddings-by-Pacific-Photography-8.jpg\" width=\"1170\" height=\"778\" alt=\"Bodas en Costa Rica, Fot\u00f3grafos de bodas\" title=\"Bodas en Costa Rica, Fot\u00f3grafos de bodas\" aria-label=\"Bodas en Costa Rica, Fot\u00f3grafos de bodas\" class=\"img-responsive wp-image-2656\" srcset=\"https:\/\/jacophotographer.com\/wp-content\/uploads\/2021\/07\/Costa-Rica-Weddings-by-Pacific-Photography-8-200x133.jpg 200w, https:\/\/jacophotographer.com\/wp-content\/uploads\/2021\/07\/Costa-Rica-Weddings-by-Pacific-Photography-8-400x266.jpg 400w, https:\/\/jacophotographer.com\/wp-content\/uploads\/2021\/07\/Costa-Rica-Weddings-by-Pacific-Photography-8-600x399.jpg 600w, https:\/\/jacophotographer.com\/wp-content\/uploads\/2021\/07\/Costa-Rica-Weddings-by-Pacific-Photography-8-800x532.jpg 800w, https:\/\/jacophotographer.com\/wp-content\/uploads\/2021\/07\/Costa-Rica-Weddings-by-Pacific-Photography-8.jpg 1170w\" sizes=\"(min-width: 2200px) 100vw, (min-width: 794px) 423px, (min-width: 717px) 635px, (min-width: 640px) 717px, \" \/><\/div><\/div><\/div><\/div><\/div><\/div><div class=\"fusion-layout-column fusion_builder_column fusion-builder-column-11 fusion_builder_column_1_2 1_2 fusion-flex-column\" style=\"--awb-bg-size:cover;--awb-width-large:50%;--awb-margin-top-large:0px;--awb-spacing-right-large:10px;--awb-margin-bottom-large:20px;--awb-spacing-left-large:10px;--awb-width-medium:50%;--awb-order-medium:0;--awb-spacing-right-medium:10px;--awb-spacing-left-medium:10px;--awb-width-small:100%;--awb-order-small:0;--awb-spacing-right-small:10px;--awb-spacing-left-small:10px;\"><div class=\"fusion-column-wrapper fusion-column-has-shadow fusion-flex-justify-content-flex-start fusion-content-layout-column\"><div class=\"fusion-builder-row fusion-builder-row-inner fusion-row fusion-flex-align-items-flex-start fusion-flex-content-wrap\" style=\"--awb-flex-grow:0;--awb-flex-grow-medium:0;--awb-flex-grow-small:0;--awb-flex-shrink:0;--awb-flex-shrink-medium:0;--awb-flex-shrink-small:0;width:calc( 100% + 20px ) !important;max-width:calc( 100% + 20px ) !important;margin-left: calc(-20px \/ 2 );margin-right: calc(-20px \/ 2 );\"><div class=\"fusion-layout-column fusion_builder_column_inner fusion-builder-nested-column-9 fusion_builder_column_inner_1_1 1_1 fusion-flex-column\" style=\"--awb-padding-top:25px;--awb-padding-right:3%;--awb-padding-bottom:25px;--awb-padding-left:3%;--awb-overflow:hidden;--awb-bg-color:var(--awb-color7);--awb-bg-color-hover:var(--awb-color7);--awb-bg-size:cover;--awb-box-shadow:2px 2px 5px 1px rgba(0,0,0,0.2);;--awb-border-color:hsla(var(--awb-color8-h),var(--awb-color8-s),var(--awb-color8-l),calc(var(--awb-color8-a) - 80%));--awb-border-top:1px;--awb-border-right:1px;--awb-border-bottom:1px;--awb-border-left:1px;--awb-border-style:solid;--awb-border-radius:20px 20px 20px 20px;--awb-transform:scaleX(1) scaleY(1);--awb-transform-hover:scaleX(1.02) scaleY(1.02);--awb-width-large:100%;--awb-margin-top-large:0px;--awb-spacing-right-large:10px;--awb-margin-bottom-large:20px;--awb-spacing-left-large:10px;--awb-width-medium:100%;--awb-order-medium:0;--awb-spacing-right-medium:10px;--awb-spacing-left-medium:10px;--awb-width-small:100%;--awb-order-small:0;--awb-spacing-right-small:10px;--awb-spacing-left-small:10px;\"><div class=\"fusion-column-wrapper fusion-column-has-shadow fusion-flex-justify-content-flex-start fusion-content-layout-column\"><i class=\"fb-icon-element-8 fb-icon-element fontawesome-icon fa-photo-video fas circle-no fusion-text-flow\" style=\"--awb-iconcolor:hsla(var(--awb-color1-h),var(--awb-color1-s),var(--awb-color1-l),calc(var(--awb-color1-a) - 50%));--awb-iconcolor-hover:hsla(var(--awb-color1-h),var(--awb-color1-s),var(--awb-color1-l),calc(var(--awb-color1-a) - 50%));--awb-font-size:32px;--awb-margin-bottom:5px;\"><\/i><div class=\"fusion-title title fusion-title-17 fusion-sep-none fusion-title-text fusion-title-size-three\" style=\"--awb-text-color:var(--awb-color8);--awb-margin-top-small:0px;--awb-margin-right-small:0px;--awb-margin-bottom-small:0px;--awb-margin-left-small:0px;--awb-font-size:20px;\"><h3 class=\"fusion-title-heading title-heading-left fusion-responsive-typography-calculated\" style=\"font-family:var(--awb-typography2-font-family);font-weight:var(--awb-typography2-font-weight);font-style:var(--awb-typography2-font-style);margin:0;letter-spacing:var(--awb-typography2-letter-spacing);text-transform:var(--awb-typography2-text-transform);font-size:1em;--fontSize:20;--minFontSize:20;line-height:var(--awb-typography2-line-height);\">Momentos completos<\/h3><\/div><div class=\"fusion-text fusion-text-23 fusion-text-no-margin\" style=\"--awb-font-size:var(--awb-typography5-font-size);--awb-line-height:var(--awb-typography5-line-height);--awb-letter-spacing:var(--awb-typography5-letter-spacing);--awb-text-transform:var(--awb-typography5-text-transform);--awb-margin-bottom:15px;--awb-text-font-family:var(--awb-typography5-font-family);--awb-text-font-weight:var(--awb-typography5-font-weight);--awb-text-font-style:var(--awb-typography5-font-style);\"><p>El paquete perfecto para destacar sus momentos especiales.<\/p>\n<\/div><div class=\"fusion-text fusion-text-24 fusion-text-no-margin\" style=\"--awb-font-size:16px;--awb-line-height:var(--awb-typography4-line-height);--awb-letter-spacing:var(--awb-typography4-letter-spacing);--awb-text-transform:var(--awb-typography4-text-transform);--awb-margin-top:0px;--awb-margin-right:0px;--awb-margin-bottom:10px;--awb-margin-left:0px;--awb-text-font-family:var(--awb-typography4-font-family);--awb-text-font-weight:var(--awb-typography4-font-weight);--awb-text-font-style:var(--awb-typography4-font-style);\"><p>Los elementos esenciales de la fotograf\u00eda y la videograf\u00eda combinados, perfectos para bodas m\u00e1s peque\u00f1as o para aquellos que buscan simplicidad.<\/p>\n<\/div><ul style=\"--awb-margin-top:5px;--awb-margin-right:0px;--awb-margin-bottom:15px;--awb-margin-left:0px;--awb-item-padding-top:0px;--awb-item-padding-bottom:0px;--awb-textcolor:hsla(var(--awb-color1-h),var(--awb-color1-s),var(--awb-color1-l),calc(var(--awb-color1-a) - 25%));--awb-line-height:23.8px;--awb-icon-width:23.8px;--awb-icon-height:23.8px;--awb-icon-margin:9.8px;--awb-content-margin:33.6px;\" class=\"fusion-checklist fusion-checklist-8 type-icons\"><li class=\"fusion-li-item\" style=\"\"><span class=\"icon-wrapper circle-no\"><i class=\"fusion-li-icon awb-icon-check\" aria-hidden=\"true\"><\/i><\/span><div class=\"fusion-li-item-content\">\n<p>Hasta 4 horas de cobertura (foto y v\u00eddeo)<\/p>\n<\/div><\/li><li class=\"fusion-li-item\" style=\"\"><span class=\"icon-wrapper circle-no\"><i class=\"fusion-li-icon awb-icon-check\" aria-hidden=\"true\"><\/i><\/span><div class=\"fusion-li-item-content\">\n<p>V\u00eddeo cinematogr\u00e1fico de momentos destacados de 2-3 minutos<\/p>\n<\/div><\/li><li class=\"fusion-li-item\" style=\"\"><span class=\"icon-wrapper circle-no\"><i class=\"fusion-li-icon awb-icon-check\" aria-hidden=\"true\"><\/i><\/span><div class=\"fusion-li-item-content\">\n<p>Equipo de dos (fot\u00f3grafo y vide\u00f3grafo) \u00ba<\/p>\n<\/div><\/li><li class=\"fusion-li-item\" style=\"\"><span class=\"icon-wrapper circle-no\"><i class=\"fusion-li-icon awb-icon-check\" aria-hidden=\"true\"><\/i><\/span><div class=\"fusion-li-item-content\">Ceremonia + sesi\u00f3n de pareja (reci\u00e9n casados)<\/div><\/li><li class=\"fusion-li-item\" style=\"\"><span class=\"icon-wrapper circle-no\"><i class=\"fusion-li-icon awb-icon-check\" aria-hidden=\"true\"><\/i><\/span><div class=\"fusion-li-item-content\">Retratos familiares y de grupo<\/div><\/li><li class=\"fusion-li-item\" style=\"\"><span class=\"icon-wrapper circle-no\"><i class=\"fusion-li-icon awb-icon-check\" aria-hidden=\"true\"><\/i><\/span><div class=\"fusion-li-item-content\">\n<p><strong>Selecci\u00f3n:<\/strong> preparativos de la boda o recepci\u00f3n\/fiesta \u00aa<\/p>\n<\/div><\/li><li class=\"fusion-li-item\" style=\"\"><span class=\"icon-wrapper circle-no\"><i class=\"fusion-li-icon awb-icon-check\" aria-hidden=\"true\"><\/i><\/span><div class=\"fusion-li-item-content\">\n<p>Im\u00e1genes editadas de alta resoluci\u00f3n en una galer\u00eda privada en l\u00ednea (6 meses en vivo)<\/p>\n<\/div><\/li><\/ul><div ><a class=\"fusion-button button-flat fusion-button-default-size button-default fusion-button-default button-14 fusion-button-default-span fusion-button-default-type\" target=\"_self\" title=\"Paquete de boda de momentos completos por Pacific Photography Costa Rica\" aria-label=\"Paquete de boda de momentos completos por Pacific Photography Costa Rica\" href=\"#awb-oc__7265\"><span class=\"fusion-button-text awb-button__text awb-button__text--default\">A partir de $1.350+iva *<\/span><\/a><\/div><\/div><\/div><div class=\"fusion-layout-column fusion_builder_column_inner fusion-builder-nested-column-10 fusion_builder_column_inner_1_1 1_1 fusion-flex-column\" style=\"--awb-padding-top:25px;--awb-padding-right:3%;--awb-padding-bottom:25px;--awb-padding-left:3%;--awb-overflow:hidden;--awb-bg-color:var(--awb-color7);--awb-bg-color-hover:var(--awb-color7);--awb-bg-size:cover;--awb-box-shadow:2px 2px 5px 1px rgba(0,0,0,0.2);;--awb-border-color:var(--awb-color8);--awb-border-top:3px;--awb-border-right:3px;--awb-border-bottom:3px;--awb-border-left:3px;--awb-border-style:solid;--awb-border-radius:20px 20px 20px 20px;--awb-transform:scaleX(1.00) scaleY(1.00);--awb-transform-hover:scaleX(1.02) scaleY(1.02);--awb-width-large:100%;--awb-margin-top-large:0px;--awb-spacing-right-large:10px;--awb-margin-bottom-large:20px;--awb-spacing-left-large:10px;--awb-width-medium:100%;--awb-order-medium:0;--awb-spacing-right-medium:10px;--awb-spacing-left-medium:10px;--awb-width-small:100%;--awb-order-small:0;--awb-spacing-right-small:10px;--awb-spacing-left-small:10px;\"><div class=\"fusion-column-wrapper fusion-column-has-shadow fusion-flex-justify-content-flex-start fusion-content-layout-column\"><i class=\"fb-icon-element-9 fb-icon-element fontawesome-icon fa-photo-video fas circle-no fusion-text-flow\" style=\"--awb-iconcolor:hsla(var(--awb-color1-h),var(--awb-color1-s),var(--awb-color1-l),calc(var(--awb-color1-a) - 50%));--awb-iconcolor-hover:hsla(var(--awb-color1-h),var(--awb-color1-s),var(--awb-color1-l),calc(var(--awb-color1-a) - 50%));--awb-font-size:32px;--awb-margin-bottom:5px;\"><\/i><div class=\"fusion-title title fusion-title-18 fusion-sep-none fusion-title-text fusion-title-size-three\" style=\"--awb-text-color:var(--awb-color8);--awb-margin-top-small:0px;--awb-margin-right-small:0px;--awb-margin-bottom-small:0px;--awb-margin-left-small:0px;--awb-font-size:20px;\"><h3 class=\"fusion-title-heading title-heading-left fusion-responsive-typography-calculated\" style=\"font-family:var(--awb-typography2-font-family);font-weight:var(--awb-typography2-font-weight);font-style:var(--awb-typography2-font-style);margin:0;letter-spacing:var(--awb-typography2-letter-spacing);text-transform:var(--awb-typography2-text-transform);font-size:1em;--fontSize:20;--minFontSize:20;line-height:var(--awb-typography2-line-height);\">Historia Signature<\/h3><\/div><div class=\"fusion-text fusion-text-25 fusion-text-no-margin\" style=\"--awb-font-size:var(--awb-typography5-font-size);--awb-line-height:var(--awb-typography5-line-height);--awb-letter-spacing:var(--awb-typography5-letter-spacing);--awb-text-transform:var(--awb-typography5-text-transform);--awb-margin-bottom:15px;--awb-text-font-family:var(--awb-typography5-font-family);--awb-text-font-weight:var(--awb-typography5-font-weight);--awb-text-font-style:var(--awb-typography5-font-style);\"><p>Nuestra mejor relaci\u00f3n calidad-precio y la opci\u00f3n m\u00e1s popular.<\/p>\n<\/div><div class=\"fusion-text fusion-text-26 fusion-text-no-margin\" style=\"--awb-font-size:16px;--awb-line-height:var(--awb-typography4-line-height);--awb-letter-spacing:var(--awb-typography4-letter-spacing);--awb-text-transform:var(--awb-typography4-text-transform);--awb-margin-top:0px;--awb-margin-right:0px;--awb-margin-bottom:10px;--awb-margin-left:0px;--awb-text-font-family:var(--awb-typography4-font-family);--awb-text-font-weight:var(--awb-typography4-font-weight);--awb-text-font-style:var(--awb-typography4-font-style);\"><p>Narraci\u00f3n de historias de d\u00eda completo con fotos y v\u00eddeo, una pel\u00edcula de amor cinematogr\u00e1fica para recordarlo con cada detalle.<\/p>\n<\/div><ul style=\"--awb-margin-top:5px;--awb-margin-right:0px;--awb-margin-bottom:15px;--awb-margin-left:0px;--awb-item-padding-top:0px;--awb-item-padding-bottom:0px;--awb-textcolor:hsla(var(--awb-color1-h),var(--awb-color1-s),var(--awb-color1-l),calc(var(--awb-color1-a) - 25%));--awb-line-height:23.8px;--awb-icon-width:23.8px;--awb-icon-height:23.8px;--awb-icon-margin:9.8px;--awb-content-margin:33.6px;\" class=\"fusion-checklist fusion-checklist-9 type-icons\"><li class=\"fusion-li-item\" style=\"\"><span class=\"icon-wrapper circle-no\"><i class=\"fusion-li-icon awb-icon-check\" aria-hidden=\"true\"><\/i><\/span><div class=\"fusion-li-item-content\">Hasta 8 horas de cobertura<\/div><\/li><li class=\"fusion-li-item\" style=\"\"><span class=\"icon-wrapper circle-no\"><i class=\"fusion-li-icon awb-icon-check\" aria-hidden=\"true\"><\/i><\/span><div class=\"fusion-li-item-content\">\n<p>Pel\u00edcula de amor cinematogr\u00e1fica de 3-5 minutos<\/p>\n<\/div><\/li><li class=\"fusion-li-item\" style=\"\"><span class=\"icon-wrapper circle-no\"><i class=\"fusion-li-icon awb-icon-check\" aria-hidden=\"true\"><\/i><\/span><div class=\"fusion-li-item-content\">\n<p>Equipo de dos a cuatro (fot\u00f3grafos y vide\u00f3grafos) \u00ba<\/p>\n<\/div><\/li><li class=\"fusion-li-item\" style=\"\"><span class=\"icon-wrapper circle-no\"><i class=\"fusion-li-icon awb-icon-check\" aria-hidden=\"true\"><\/i><\/span><div class=\"fusion-li-item-content\">Pre-ceremonia (preparativos de la boda), ceremonia y momentos destacados de la recepci\u00f3n<\/div><\/li><li class=\"fusion-li-item\" style=\"\"><span class=\"icon-wrapper circle-no\"><i class=\"fusion-li-icon awb-icon-check\" aria-hidden=\"true\"><\/i><\/span><div class=\"fusion-li-item-content\">Retratos de pareja (reci\u00e9n casados) y grupos familiares<\/div><\/li><li class=\"fusion-li-item\" style=\"\"><span class=\"icon-wrapper circle-no\"><i class=\"fusion-li-icon awb-icon-check\" aria-hidden=\"true\"><\/i><\/span><div class=\"fusion-li-item-content\">\n<p>Adelanto (el mismo d\u00eda)<\/p>\n<\/div><\/li><li class=\"fusion-li-item\" style=\"\"><span class=\"icon-wrapper circle-no\"><i class=\"fusion-li-icon awb-icon-check\" aria-hidden=\"true\"><\/i><\/span><div class=\"fusion-li-item-content\">\n<p>Fotograf\u00edas con drones (donde est\u00e9 permitido)<\/p>\n<\/div><\/li><li class=\"fusion-li-item\" style=\"\"><span class=\"icon-wrapper circle-no\"><i class=\"fusion-li-icon awb-icon-check\" aria-hidden=\"true\"><\/i><\/span><div class=\"fusion-li-item-content\">\n<p>Im\u00e1genes editadas de alta resoluci\u00f3n en una galer\u00eda privada en l\u00ednea (6 meses en vivo)<\/p>\n<\/div><\/li><\/ul><div ><a class=\"fusion-button button-flat fusion-button-default-size button-default fusion-button-default button-15 fusion-button-default-span fusion-button-default-type\" target=\"_self\" title=\"Paquete de boda de historia Signature por Pacific Photography Costa Rica\" aria-label=\"Paquete de boda de historia Signature por Pacific Photography Costa Rica\" href=\"#awb-oc__7265\"><span class=\"fusion-button-text awb-button__text awb-button__text--default\">A partir de $1.850+iva *<\/span><\/a><\/div><\/div><\/div><div class=\"fusion-layout-column fusion_builder_column_inner fusion-builder-nested-column-11 fusion_builder_column_inner_1_1 1_1 fusion-flex-column\" style=\"--awb-padding-top:25px;--awb-padding-right:3%;--awb-padding-bottom:25px;--awb-padding-left:3%;--awb-overflow:hidden;--awb-bg-color:var(--awb-color7);--awb-bg-color-hover:var(--awb-color7);--awb-bg-size:cover;--awb-box-shadow:2px 2px 5px 1px rgba(0,0,0,0.2);;--awb-border-color:hsla(var(--awb-color8-h),var(--awb-color8-s),var(--awb-color8-l),calc(var(--awb-color8-a) - 80%));--awb-border-top:1px;--awb-border-right:1px;--awb-border-bottom:1px;--awb-border-left:1px;--awb-border-style:solid;--awb-border-radius:20px 20px 20px 20px;--awb-transform:scaleX(1) scaleY(1);--awb-transform-hover:scaleX(1.02) scaleY(1.02);--awb-width-large:100%;--awb-margin-top-large:0px;--awb-spacing-right-large:10px;--awb-margin-bottom-large:20px;--awb-spacing-left-large:10px;--awb-width-medium:100%;--awb-order-medium:0;--awb-spacing-right-medium:10px;--awb-spacing-left-medium:10px;--awb-width-small:100%;--awb-order-small:0;--awb-spacing-right-small:10px;--awb-spacing-left-small:10px;\"><div class=\"fusion-column-wrapper fusion-column-has-shadow fusion-flex-justify-content-flex-start fusion-content-layout-column\"><i class=\"fb-icon-element-10 fb-icon-element fontawesome-icon fa-photo-video fas circle-no fusion-text-flow\" style=\"--awb-iconcolor:hsla(var(--awb-color1-h),var(--awb-color1-s),var(--awb-color1-l),calc(var(--awb-color1-a) - 50%));--awb-iconcolor-hover:hsla(var(--awb-color1-h),var(--awb-color1-s),var(--awb-color1-l),calc(var(--awb-color1-a) - 50%));--awb-font-size:32px;--awb-margin-bottom:5px;\"><\/i><div class=\"fusion-title title fusion-title-19 fusion-sep-none fusion-title-text fusion-title-size-three\" style=\"--awb-text-color:var(--awb-color8);--awb-margin-top-small:0px;--awb-margin-right-small:0px;--awb-margin-bottom-small:0px;--awb-margin-left-small:0px;--awb-font-size:20px;\"><h3 class=\"fusion-title-heading title-heading-left fusion-responsive-typography-calculated\" style=\"font-family:var(--awb-typography2-font-family);font-weight:var(--awb-typography2-font-weight);font-style:var(--awb-typography2-font-style);margin:0;letter-spacing:var(--awb-typography2-letter-spacing);text-transform:var(--awb-typography2-text-transform);font-size:1em;--fontSize:20;--minFontSize:20;line-height:var(--awb-typography2-line-height);\">Experiencia Luxury<\/h3><\/div><div class=\"fusion-text fusion-text-27 fusion-text-no-margin\" style=\"--awb-font-size:var(--awb-typography5-font-size);--awb-line-height:var(--awb-typography5-line-height);--awb-letter-spacing:var(--awb-typography5-letter-spacing);--awb-text-transform:var(--awb-typography5-text-transform);--awb-margin-bottom:15px;--awb-text-font-family:var(--awb-typography5-font-family);--awb-text-font-weight:var(--awb-typography5-font-weight);--awb-text-font-style:var(--awb-typography5-font-style);\"><p>La mejor cobertura de bodas en Costa Rica.<\/p>\n<\/div><div class=\"fusion-text fusion-text-28 fusion-text-no-margin\" style=\"--awb-font-size:16px;--awb-line-height:var(--awb-typography4-line-height);--awb-letter-spacing:var(--awb-typography4-letter-spacing);--awb-text-transform:var(--awb-typography4-text-transform);--awb-margin-top:0px;--awb-margin-right:0px;--awb-margin-bottom:10px;--awb-margin-left:0px;--awb-text-font-family:var(--awb-typography4-font-family);--awb-text-font-weight:var(--awb-typography4-font-weight);--awb-text-font-style:var(--awb-typography4-font-style);\"><p>Absolutamente una experiencia de lujo, con un equipo profesional para capturar todo su d\u00eda desde todos los \u00e1ngulos.<\/p>\n<\/div><ul style=\"--awb-margin-top:5px;--awb-margin-right:0px;--awb-margin-bottom:15px;--awb-margin-left:0px;--awb-item-padding-top:0px;--awb-item-padding-bottom:0px;--awb-textcolor:hsla(var(--awb-color1-h),var(--awb-color1-s),var(--awb-color1-l),calc(var(--awb-color1-a) - 25%));--awb-line-height:23.8px;--awb-icon-width:23.8px;--awb-icon-height:23.8px;--awb-icon-margin:9.8px;--awb-content-margin:33.6px;\" class=\"fusion-checklist fusion-checklist-10 type-icons\"><li class=\"fusion-li-item\" style=\"\"><span class=\"icon-wrapper circle-no\"><i class=\"fusion-li-icon awb-icon-check\" aria-hidden=\"true\"><\/i><\/span><div class=\"fusion-li-item-content\">Cobertura de d\u00eda completo (sin l\u00edmites de horas)<\/div><\/li><li class=\"fusion-li-item\" style=\"\"><span class=\"icon-wrapper circle-no\"><i class=\"fusion-li-icon awb-icon-check\" aria-hidden=\"true\"><\/i><\/span><div class=\"fusion-li-item-content\">\n<p>Historia cinematogr\u00e1fica de pel\u00edcula de amor (extendida)<\/p>\n<\/div><\/li><li class=\"fusion-li-item\" style=\"\"><span class=\"icon-wrapper circle-no\"><i class=\"fusion-li-icon awb-icon-check\" aria-hidden=\"true\"><\/i><\/span><div class=\"fusion-li-item-content\">\n<p>Equipo de dos a cuatro (fot\u00f3grafos y vide\u00f3grafos) \u00ba<\/p>\n<\/div><\/li><li class=\"fusion-li-item\" style=\"\"><span class=\"icon-wrapper circle-no\"><i class=\"fusion-li-icon awb-icon-check\" aria-hidden=\"true\"><\/i><\/span><div class=\"fusion-li-item-content\">Pre-ceremonia (preparativos de la boda), ceremonia y momentos destacados de la recepci\u00f3n<\/div><\/li><li class=\"fusion-li-item\" style=\"\"><span class=\"icon-wrapper circle-no\"><i class=\"fusion-li-icon awb-icon-check\" aria-hidden=\"true\"><\/i><\/span><div class=\"fusion-li-item-content\">Retratos de pareja (reci\u00e9n casados) y grupos familiares<\/div><\/li><li class=\"fusion-li-item\" style=\"\"><span class=\"icon-wrapper circle-no\"><i class=\"fusion-li-icon awb-icon-check\" aria-hidden=\"true\"><\/i><\/span><div class=\"fusion-li-item-content\">\n<p>Adelanto (el mismo d\u00eda)<\/p>\n<\/div><\/li><li class=\"fusion-li-item\" style=\"\"><span class=\"icon-wrapper circle-no\"><i class=\"fusion-li-icon awb-icon-check\" aria-hidden=\"true\"><\/i><\/span><div class=\"fusion-li-item-content\">\n<p>Fotograf\u00edas con drones (donde est\u00e9 permitido)<\/p>\n<\/div><\/li><li class=\"fusion-li-item\" style=\"\"><span class=\"icon-wrapper circle-no\"><i class=\"fusion-li-icon awb-icon-check\" aria-hidden=\"true\"><\/i><\/span><div class=\"fusion-li-item-content\">\n<p>Im\u00e1genes editadas de alta resoluci\u00f3n en una galer\u00eda privada en l\u00ednea (6 meses en vivo)<\/p>\n<\/div><\/li><\/ul><div ><a class=\"fusion-button button-flat fusion-button-default-size button-default fusion-button-default button-16 fusion-button-default-span fusion-button-default-type\" target=\"_self\" title=\"Paquete de boda de experiencia Luxury por Pacific Photography Costa Rica\" aria-label=\"Paquete de boda de experiencia Luxury por Pacific Photography Costa Rica\" href=\"#awb-oc__7265\"><span class=\"fusion-button-text awb-button__text awb-button__text--default\">A partir de $2.850+iva *<\/span><\/a><\/div><\/div><\/div><\/div><\/div><\/div><div class=\"fusion-layout-column fusion_builder_column fusion-builder-column-12 fusion_builder_column_1_1 1_1 fusion-flex-column\" style=\"--awb-bg-size:cover;--awb-width-large:100%;--awb-margin-top-large:0px;--awb-spacing-right-large:10px;--awb-margin-bottom-large:15px;--awb-spacing-left-large:10px;--awb-width-medium:100%;--awb-order-medium:0;--awb-spacing-right-medium:10px;--awb-spacing-left-medium:10px;--awb-width-small:100%;--awb-order-small:0;--awb-margin-top-small:0px;--awb-spacing-right-small:10px;--awb-spacing-left-small:10px;\"><div class=\"fusion-column-wrapper fusion-column-has-shadow fusion-flex-justify-content-flex-start fusion-content-layout-column\"><div class=\"fusion-text fusion-text-29 fusion-text-no-margin\" style=\"--awb-font-size:12px;--awb-line-height:var(--awb-typography5-line-height);--awb-letter-spacing:var(--awb-typography5-letter-spacing);--awb-text-transform:var(--awb-typography5-text-transform);--awb-text-color:hsla(var(--awb-color1-h),var(--awb-color1-s),var(--awb-color1-l),calc(var(--awb-color1-a) - 25%));--awb-margin-top:0px;--awb-margin-right:0px;--awb-margin-bottom:0px;--awb-margin-left:0px;--awb-text-font-family:var(--awb-typography5-font-family);--awb-text-font-weight:var(--awb-typography5-font-weight);--awb-text-font-style:var(--awb-typography5-font-style);\"><p>\u00aa Elija que los fot\u00f3grafos\/vide\u00f3grafos lleguen antes para los preparativos de la boda antes de la ceremonia, o si lo prefiere, que vengan para la ceremonia y se queden despu\u00e9s para cubrir parte de la recepci\u00f3n (dentro de la cobertura seleccionada). \u00ba El tama\u00f1o del equipo de fot\u00f3grafos\/vide\u00f3grafos puede cambiar seg\u00fan el evento; se le notificar\u00e1 al confirmar. * El impuesto (IVA 13%) no est\u00e1 incluido. Las propinas no est\u00e1n incluidas en el precio, pero siempre son bienvenidas. La tarifa por tiempo adicional es de $100\/hora. <strong>Pagos aceptados:<\/strong> PayPal, tarjeta de cr\u00e9dito, transferencia bancaria local y efectivo (USD\/CRC).    <\/p>\n<\/div><\/div><\/div><\/div><\/div><\/div><div id=\"complementos\" class=\"fusion-container-anchor\"><div class=\"fusion-fullwidth fullwidth-box fusion-builder-row-8 fusion-flex-container has-pattern-background has-mask-background nonhundred-percent-fullwidth non-hundred-percent-height-scrolling\" style=\"--awb-border-radius-top-left:0px;--awb-border-radius-top-right:0px;--awb-border-radius-bottom-right:0px;--awb-border-radius-bottom-left:0px;--awb-padding-top:75px;--awb-padding-right:5%;--awb-padding-bottom:75px;--awb-padding-left:5%;--awb-padding-top-medium:50px;--awb-padding-bottom-medium:50px;--awb-padding-top-small:50px;--awb-padding-bottom-small:50px;--awb-flex-wrap:wrap;\" ><div class=\"fusion-builder-row fusion-row fusion-flex-align-items-stretch fusion-flex-content-wrap\" style=\"max-width:calc( 1280px + 20px );margin-left: calc(-20px \/ 2 );margin-right: calc(-20px \/ 2 );\"><div class=\"fusion-layout-column fusion_builder_column fusion-builder-column-13 fusion_builder_column_1_1 1_1 fusion-flex-column\" style=\"--awb-padding-right:200px;--awb-padding-right-medium:0px;--awb-padding-right-small:0px;--awb-bg-size:cover;--awb-width-large:100%;--awb-margin-top-large:0px;--awb-spacing-right-large:10px;--awb-margin-bottom-large:0px;--awb-spacing-left-large:10px;--awb-width-medium:100%;--awb-order-medium:0;--awb-spacing-right-medium:10px;--awb-spacing-left-medium:10px;--awb-width-small:100%;--awb-order-small:0;--awb-spacing-right-small:10px;--awb-spacing-left-small:10px;\"><div class=\"fusion-column-wrapper fusion-column-has-shadow fusion-flex-justify-content-flex-start fusion-content-layout-column\"><div class=\"fusion-title title fusion-title-20 fusion-sep-none fusion-title-text fusion-title-size-two\" style=\"--awb-text-color:var(--awb-color3);--awb-margin-top-small:0px;--awb-margin-right-small:0px;--awb-margin-bottom-small:0px;--awb-margin-left-small:0px;--awb-font-size:30px;\"><h2 class=\"fusion-title-heading title-heading-left fusion-responsive-typography-calculated\" style=\"font-family:var(--awb-typography2-font-family);font-weight:var(--awb-typography2-font-weight);font-style:var(--awb-typography2-font-style);margin:0;letter-spacing:var(--awb-typography2-letter-spacing);text-transform:var(--awb-typography2-text-transform);font-size:1em;--fontSize:30;line-height:var(--awb-typography2-line-height);\">Mejore su experiencia<\/h2><\/div><div class=\"fusion-text fusion-text-30 fusion-text-no-margin\" style=\"--awb-font-size:var(--awb-typography4-font-size);--awb-line-height:var(--awb-typography4-line-height);--awb-letter-spacing:var(--awb-typography4-letter-spacing);--awb-text-transform:var(--awb-typography4-text-transform);--awb-margin-top:0px;--awb-margin-right:0px;--awb-margin-bottom:25px;--awb-margin-left:0px;--awb-text-font-family:var(--awb-typography4-font-family);--awb-text-font-weight:var(--awb-typography4-font-weight);--awb-text-font-style:var(--awb-typography4-font-style);\"><p>Personalice su experiencia de boda con estas mejoras. Cada complemento se puede combinar con cualquier paquete de fotograf\u00eda, videograf\u00eda o paquete para crear la cobertura de sus sue\u00f1os. <\/p>\n<\/div><\/div><\/div><div class=\"fusion-layout-column fusion_builder_column fusion-builder-column-14 fusion_builder_column_1_3 1_3 fusion-flex-column\" style=\"--awb-padding-top:25px;--awb-padding-right:3%;--awb-padding-bottom:25px;--awb-padding-left:3%;--awb-overflow:hidden;--awb-bg-size:cover;--awb-box-shadow:2px 2px 5px 1px rgba(0,0,0,0.2);;--awb-border-color:hsla(var(--awb-color8-h),var(--awb-color8-s),var(--awb-color8-l),calc(var(--awb-color8-a) - 80%));--awb-border-top:1px;--awb-border-right:1px;--awb-border-bottom:1px;--awb-border-left:1px;--awb-border-style:solid;--awb-border-radius:20px 20px 20px 20px;--awb-transform:scaleX(1) scaleY(1);--awb-transform-hover:scaleX(1.02) scaleY(1.02);--awb-width-large:33.333333333333%;--awb-margin-top-large:0px;--awb-spacing-right-large:10px;--awb-margin-bottom-large:20px;--awb-spacing-left-large:10px;--awb-width-medium:50%;--awb-order-medium:0;--awb-spacing-right-medium:10px;--awb-margin-bottom-medium:20px;--awb-spacing-left-medium:10px;--awb-width-small:100%;--awb-order-small:0;--awb-spacing-right-small:10px;--awb-margin-bottom-small:20px;--awb-spacing-left-small:10px;\"><div class=\"fusion-column-wrapper fusion-column-has-shadow fusion-flex-justify-content-flex-start fusion-content-layout-column\"><div class=\"fusion-title title fusion-title-21 fusion-sep-none fusion-title-text fusion-title-size-three\" style=\"--awb-text-color:var(--awb-color8);--awb-margin-top-small:0px;--awb-margin-right-small:0px;--awb-margin-bottom-small:0px;--awb-margin-left-small:0px;--awb-font-size:20px;\"><h3 class=\"fusion-title-heading title-heading-left fusion-responsive-typography-calculated\" style=\"font-family:var(--awb-typography2-font-family);font-weight:var(--awb-typography2-font-weight);font-style:var(--awb-typography2-font-style);margin:0;letter-spacing:var(--awb-typography2-letter-spacing);text-transform:var(--awb-typography2-text-transform);font-size:1em;--fontSize:20;--minFontSize:20;line-height:var(--awb-typography2-line-height);\">Reels de boda<\/h3><\/div><div class=\"fusion-text fusion-text-31 fusion-text-no-margin\" style=\"--awb-font-size:var(--awb-typography5-font-size);--awb-line-height:var(--awb-typography5-line-height);--awb-letter-spacing:var(--awb-typography5-letter-spacing);--awb-text-transform:var(--awb-typography5-text-transform);--awb-margin-bottom:15px;--awb-text-font-family:var(--awb-typography5-font-family);--awb-text-font-weight:var(--awb-typography5-font-weight);--awb-text-font-style:var(--awb-typography5-font-style);\"><p>Momentos destacados en redes sociales<\/p>\n<\/div><div class=\"fusion-text fusion-text-32 fusion-text-no-margin\" style=\"--awb-font-size:16px;--awb-line-height:var(--awb-typography4-line-height);--awb-letter-spacing:var(--awb-typography4-letter-spacing);--awb-text-transform:var(--awb-typography4-text-transform);--awb-margin-top:0px;--awb-margin-right:0px;--awb-margin-bottom:10px;--awb-margin-left:0px;--awb-text-font-family:var(--awb-typography4-font-family);--awb-text-font-weight:var(--awb-typography4-font-weight);--awb-text-font-style:var(--awb-typography4-font-style);\"><p>Capture el d\u00eda de su boda en clips cortos y compartibles dise\u00f1ados para redes sociales. Si bien su pel\u00edcula cinematogr\u00e1fica tarda en editarse, nuestros Wedding Reels le brindan contenido instant\u00e1neo para compartir a los pocos d\u00edas de su boda. <\/p>\n<\/div><ul style=\"--awb-margin-top:5px;--awb-margin-right:0px;--awb-margin-bottom:15px;--awb-margin-left:0px;--awb-item-padding-top:0px;--awb-item-padding-bottom:0px;--awb-textcolor:hsla(var(--awb-color1-h),var(--awb-color1-s),var(--awb-color1-l),calc(var(--awb-color1-a) - 25%));--awb-line-height:23.8px;--awb-icon-width:23.8px;--awb-icon-height:23.8px;--awb-icon-margin:9.8px;--awb-content-margin:33.6px;\" class=\"fusion-checklist fusion-checklist-11 type-icons\"><li class=\"fusion-li-item\" style=\"\"><span class=\"icon-wrapper circle-no\"><i class=\"fusion-li-icon awb-icon-check\" aria-hidden=\"true\"><\/i><\/span><div class=\"fusion-li-item-content\">\n<p>V\u00eddeo de momentos destacados de 1 minuto<\/p>\n<\/div><\/li><li class=\"fusion-li-item\" style=\"\"><span class=\"icon-wrapper circle-no\"><i class=\"fusion-li-icon awb-icon-check\" aria-hidden=\"true\"><\/i><\/span><div class=\"fusion-li-item-content\">\n<p>Formato vertical optimizado para plataformas sociales<\/p>\n<\/div><\/li><li class=\"fusion-li-item\" style=\"\"><span class=\"icon-wrapper circle-no\"><i class=\"fusion-li-icon awb-icon-check\" aria-hidden=\"true\"><\/i><\/span><div class=\"fusion-li-item-content\">\n<p>Entregado entre 3 y 5 d\u00edas despu\u00e9s del evento<\/p>\n<\/div><\/li><\/ul><div ><a class=\"fusion-button button-flat fusion-button-default-size button-custom fusion-button-default button-17 fusion-button-default-span fusion-button-default-type\" style=\"--button_accent_color:var(--awb-color1);--button_accent_hover_color:var(--awb-color6);--button_border_hover_color:var(--awb-color8);--button_gradient_top_color:var(--awb-color7);--button_gradient_bottom_color:var(--awb-color7);--button_gradient_top_color_hover:var(--awb-color8);--button_gradient_bottom_color_hover:var(--awb-color8);\" target=\"_self\" title=\"Agregue v\u00eddeos de boda a los servicios de boda de Pacific Photography Costa Rica\" aria-label=\"Agregue v\u00eddeos de boda a los servicios de boda de Pacific Photography Costa Rica\" href=\"#awb-oc__7265\"><span class=\"fusion-button-text awb-button__text awb-button__text--default\">A\u00f1adir $300+iva *<\/span><\/a><\/div><\/div><\/div><div class=\"fusion-layout-column fusion_builder_column fusion-builder-column-15 fusion_builder_column_1_3 1_3 fusion-flex-column\" style=\"--awb-padding-top:25px;--awb-padding-right:3%;--awb-padding-bottom:25px;--awb-padding-left:3%;--awb-overflow:hidden;--awb-bg-size:cover;--awb-box-shadow:2px 2px 5px 1px rgba(0,0,0,0.2);;--awb-border-color:hsla(var(--awb-color8-h),var(--awb-color8-s),var(--awb-color8-l),calc(var(--awb-color8-a) - 80%));--awb-border-top:1px;--awb-border-right:1px;--awb-border-bottom:1px;--awb-border-left:1px;--awb-border-style:solid;--awb-border-radius:20px 20px 20px 20px;--awb-transform:scaleX(1) scaleY(1);--awb-transform-hover:scaleX(1.02) scaleY(1.02);--awb-width-large:33.333333333333%;--awb-margin-top-large:0px;--awb-spacing-right-large:10px;--awb-margin-bottom-large:19px;--awb-spacing-left-large:10px;--awb-width-medium:50%;--awb-order-medium:0;--awb-spacing-right-medium:10px;--awb-margin-bottom-medium:20px;--awb-spacing-left-medium:10px;--awb-width-small:100%;--awb-order-small:0;--awb-spacing-right-small:10px;--awb-margin-bottom-small:20px;--awb-spacing-left-small:10px;\"><div class=\"fusion-column-wrapper fusion-column-has-shadow fusion-flex-justify-content-flex-start fusion-content-layout-column\"><div class=\"fusion-title title fusion-title-22 fusion-sep-none fusion-title-text fusion-title-size-three\" style=\"--awb-text-color:var(--awb-color8);--awb-margin-top-small:0px;--awb-margin-right-small:0px;--awb-margin-bottom-small:0px;--awb-margin-left-small:0px;--awb-font-size:20px;\"><h3 class=\"fusion-title-heading title-heading-left fusion-responsive-typography-calculated\" style=\"font-family:var(--awb-typography2-font-family);font-weight:var(--awb-typography2-font-weight);font-style:var(--awb-typography2-font-style);margin:0;letter-spacing:var(--awb-typography2-letter-spacing);text-transform:var(--awb-typography2-text-transform);font-size:1em;--fontSize:20;--minFontSize:20;line-height:var(--awb-typography2-line-height);\">Cobertura de contenido en vivo<\/h3><\/div><div class=\"fusion-text fusion-text-33 fusion-text-no-margin\" style=\"--awb-font-size:var(--awb-typography5-font-size);--awb-line-height:var(--awb-typography5-line-height);--awb-letter-spacing:var(--awb-typography5-letter-spacing);--awb-text-transform:var(--awb-typography5-text-transform);--awb-margin-bottom:15px;--awb-text-font-family:var(--awb-typography5-font-family);--awb-text-font-weight:var(--awb-typography5-font-weight);--awb-text-font-style:var(--awb-typography5-font-style);\"><p>Captura social en tiempo real<\/p>\n<\/div><div class=\"fusion-text fusion-text-34 fusion-text-no-margin\" style=\"--awb-font-size:16px;--awb-line-height:var(--awb-typography4-line-height);--awb-letter-spacing:var(--awb-typography4-letter-spacing);--awb-text-transform:var(--awb-typography4-text-transform);--awb-margin-top:0px;--awb-margin-right:0px;--awb-margin-bottom:10px;--awb-margin-left:0px;--awb-text-font-family:var(--awb-typography4-font-family);--awb-text-font-weight:var(--awb-typography4-font-weight);--awb-text-font-style:var(--awb-typography4-font-style);\"><p>\u00bfQuiere compartir su boda a medida que sucede? Nuestro creador de contenido en vivo trabaja junto con nuestro equipo para capturar im\u00e1genes en tiempo real, clips estilo tel\u00e9fono y momentos detr\u00e1s de escena que se pueden publicar el mismo d\u00eda. <\/p>\n<\/div><ul style=\"--awb-margin-top:5px;--awb-margin-right:0px;--awb-margin-bottom:15px;--awb-margin-left:0px;--awb-item-padding-top:0px;--awb-item-padding-bottom:0px;--awb-textcolor:hsla(var(--awb-color1-h),var(--awb-color1-s),var(--awb-color1-l),calc(var(--awb-color1-a) - 25%));--awb-line-height:23.8px;--awb-icon-width:23.8px;--awb-icon-height:23.8px;--awb-icon-margin:9.8px;--awb-content-margin:33.6px;\" class=\"fusion-checklist fusion-checklist-12 type-icons\"><li class=\"fusion-li-item\" style=\"\"><span class=\"icon-wrapper circle-no\"><i class=\"fusion-li-icon awb-icon-check\" aria-hidden=\"true\"><\/i><\/span><div class=\"fusion-li-item-content\">\n<p>Contenido social dedicado<\/p>\n<\/div><\/li><li class=\"fusion-li-item\" style=\"\"><span class=\"icon-wrapper circle-no\"><i class=\"fusion-li-icon awb-icon-check\" aria-hidden=\"true\"><\/i><\/span><div class=\"fusion-li-item-content\">\n<p>Clips sinceros y detr\u00e1s de escena de usted y sus invitados<\/p>\n<\/div><\/li><li class=\"fusion-li-item\" style=\"\"><span class=\"icon-wrapper circle-no\"><i class=\"fusion-li-icon awb-icon-check\" aria-hidden=\"true\"><\/i><\/span><div class=\"fusion-li-item-content\">\n<p>Entregado el mismo d\u00eda<\/p>\n<\/div><\/li><\/ul><div ><a class=\"fusion-button button-flat fusion-button-default-size button-custom fusion-button-default button-18 fusion-button-default-span fusion-button-default-type\" style=\"--button_accent_color:var(--awb-color1);--button_accent_hover_color:var(--awb-color6);--button_border_hover_color:var(--awb-color8);--button_gradient_top_color:var(--awb-color7);--button_gradient_bottom_color:var(--awb-color7);--button_gradient_top_color_hover:var(--awb-color8);--button_gradient_bottom_color_hover:var(--awb-color8);\" target=\"_self\" title=\"Agregue contenido en vivo de boda a los servicios de boda de Pacific Photography Costa Rica\" aria-label=\"Agregue contenido en vivo de boda a los servicios de boda de Pacific Photography Costa Rica\" href=\"#awb-oc__7265\"><span class=\"fusion-button-text awb-button__text awb-button__text--default\">A\u00f1adir $300+iva *<\/span><\/a><\/div><\/div><\/div><div class=\"fusion-layout-column fusion_builder_column fusion-builder-column-16 fusion_builder_column_1_3 1_3 fusion-flex-column\" style=\"--awb-padding-top:25px;--awb-padding-right:3%;--awb-padding-bottom:25px;--awb-padding-left:3%;--awb-overflow:hidden;--awb-bg-size:cover;--awb-box-shadow:2px 2px 5px 1px rgba(0,0,0,0.2);;--awb-border-color:hsla(var(--awb-color8-h),var(--awb-color8-s),var(--awb-color8-l),calc(var(--awb-color8-a) - 80%));--awb-border-top:1px;--awb-border-right:1px;--awb-border-bottom:1px;--awb-border-left:1px;--awb-border-style:solid;--awb-border-radius:20px 20px 20px 20px;--awb-transform:scaleX(1) scaleY(1);--awb-transform-hover:scaleX(1.02) scaleY(1.02);--awb-width-large:33.333333333333%;--awb-margin-top-large:0px;--awb-spacing-right-large:10px;--awb-margin-bottom-large:20px;--awb-spacing-left-large:10px;--awb-width-medium:50%;--awb-order-medium:0;--awb-spacing-right-medium:10px;--awb-margin-bottom-medium:20px;--awb-spacing-left-medium:10px;--awb-width-small:100%;--awb-order-small:0;--awb-spacing-right-small:10px;--awb-margin-bottom-small:20px;--awb-spacing-left-small:10px;\"><div class=\"fusion-column-wrapper fusion-column-has-shadow fusion-flex-justify-content-flex-start fusion-content-layout-column\"><div class=\"fusion-title title fusion-title-23 fusion-sep-none fusion-title-text fusion-title-size-three\" style=\"--awb-text-color:var(--awb-color8);--awb-margin-top-small:0px;--awb-margin-right-small:0px;--awb-margin-bottom-small:0px;--awb-margin-left-small:0px;--awb-font-size:20px;\"><h3 class=\"fusion-title-heading title-heading-left fusion-responsive-typography-calculated\" style=\"font-family:var(--awb-typography2-font-family);font-weight:var(--awb-typography2-font-weight);font-style:var(--awb-typography2-font-style);margin:0;letter-spacing:var(--awb-typography2-letter-spacing);text-transform:var(--awb-typography2-text-transform);font-size:1em;--fontSize:20;--minFontSize:20;line-height:var(--awb-typography2-line-height);\">Entrega r\u00e1pida<\/h3><\/div><div class=\"fusion-text fusion-text-35 fusion-text-no-margin\" style=\"--awb-font-size:var(--awb-typography5-font-size);--awb-line-height:var(--awb-typography5-line-height);--awb-letter-spacing:var(--awb-typography5-letter-spacing);--awb-text-transform:var(--awb-typography5-text-transform);--awb-margin-bottom:15px;--awb-text-font-family:var(--awb-typography5-font-family);--awb-text-font-weight:var(--awb-typography5-font-weight);--awb-text-font-style:var(--awb-typography5-font-style);\"><p>Edici\u00f3n Express<\/p>\n<\/div><div class=\"fusion-text fusion-text-36 fusion-text-no-margin\" style=\"--awb-font-size:16px;--awb-line-height:var(--awb-typography4-line-height);--awb-letter-spacing:var(--awb-typography4-letter-spacing);--awb-text-transform:var(--awb-typography4-text-transform);--awb-margin-top:0px;--awb-margin-right:0px;--awb-margin-bottom:10px;--awb-margin-left:0px;--awb-text-font-family:var(--awb-typography4-font-family);--awb-text-font-weight:var(--awb-typography4-font-weight);--awb-text-font-style:var(--awb-typography4-font-style);\"><p>Para las parejas ansiosas por revivir su d\u00eda especial, priorice su pedido y mu\u00e9vase a la parte superior de nuestra lista de tareas pendientes. Haga que sus fotograf\u00edas y pel\u00edcula de boda se editen y carguen en una semana. <\/p>\n<\/div><ul style=\"--awb-margin-top:5px;--awb-margin-right:0px;--awb-margin-bottom:15px;--awb-margin-left:0px;--awb-item-padding-top:0px;--awb-item-padding-bottom:0px;--awb-textcolor:hsla(var(--awb-color1-h),var(--awb-color1-s),var(--awb-color1-l),calc(var(--awb-color1-a) - 25%));--awb-line-height:23.8px;--awb-icon-width:23.8px;--awb-icon-height:23.8px;--awb-icon-margin:9.8px;--awb-content-margin:33.6px;\" class=\"fusion-checklist fusion-checklist-13 type-icons\"><li class=\"fusion-li-item\" style=\"\"><span class=\"icon-wrapper circle-no\"><i class=\"fusion-li-icon awb-icon-check\" aria-hidden=\"true\"><\/i><\/span><div class=\"fusion-li-item-content\">Plazo de entrega de 1 semana (7 d\u00edas)<\/div><\/li><li class=\"fusion-li-item\" style=\"\"><span class=\"icon-wrapper circle-no\"><i class=\"fusion-li-icon awb-icon-check\" aria-hidden=\"true\"><\/i><\/span><div class=\"fusion-li-item-content\">\n<p>Fotograf\u00eda y videograf\u00eda<\/p>\n<\/div><\/li><li class=\"fusion-li-item\" style=\"\"><span class=\"icon-wrapper circle-no\"><i class=\"fusion-li-icon awb-icon-check\" aria-hidden=\"true\"><\/i><\/span><div class=\"fusion-li-item-content\">\n<p>Entrega digital de alta definici\u00f3n<\/p>\n<\/div><\/li><\/ul><div ><a class=\"fusion-button button-flat fusion-button-default-size button-custom fusion-button-default button-19 fusion-button-default-span fusion-button-default-type\" style=\"--button_accent_color:var(--awb-color1);--button_accent_hover_color:var(--awb-color6);--button_border_hover_color:var(--awb-color8);--button_gradient_top_color:var(--awb-color7);--button_gradient_bottom_color:var(--awb-color7);--button_gradient_top_color_hover:var(--awb-color8);--button_gradient_bottom_color_hover:var(--awb-color8);\" target=\"_self\" title=\"Plazo de entrega r\u00e1pido para los servicios de boda de Pacific Photography Costa Rica\" aria-label=\"Plazo de entrega r\u00e1pido para los servicios de boda de Pacific Photography Costa Rica\" href=\"#awb-oc__7265\"><span class=\"fusion-button-text awb-button__text awb-button__text--default\">A\u00f1adir $500+iva *<\/span><\/a><\/div><\/div><\/div><\/div><\/div><\/div><div class=\"fusion-fullwidth fullwidth-box fusion-builder-row-9 fusion-flex-container nonhundred-percent-fullwidth non-hundred-percent-height-scrolling\" style=\"--link_hover_color: #00bcd4;--link_color: hsla(var(--awb-color1-h),var(--awb-color1-s),var(--awb-color1-l),calc(var(--awb-color1-a) - 25%));--awb-border-radius-top-left:0px;--awb-border-radius-top-right:0px;--awb-border-radius-bottom-right:0px;--awb-border-radius-bottom-left:0px;--awb-padding-top:75px;--awb-padding-right:5%;--awb-padding-bottom:75px;--awb-padding-left:5%;--awb-margin-top-small:2.5%;--awb-background-color:rgba(0,0,0,0.5);--awb-flex-wrap:wrap;--awb-box-shadow:2px 2px 5px 5px #000000 inset;\" ><div class=\"fusion-builder-row fusion-row fusion-flex-align-items-center fusion-flex-justify-content-center fusion-flex-content-wrap\" style=\"max-width:calc( 1280px + 20px );margin-left: calc(-20px \/ 2 );margin-right: calc(-20px \/ 2 );\"><div class=\"fusion-layout-column fusion_builder_column fusion-builder-column-17 fusion_builder_column_1_1 1_1 fusion-flex-column\" style=\"--awb-bg-size:cover;--awb-width-large:100%;--awb-margin-top-large:0px;--awb-spacing-right-large:10px;--awb-margin-bottom-large:0px;--awb-spacing-left-large:10px;--awb-width-medium:100%;--awb-order-medium:0;--awb-spacing-right-medium:10px;--awb-spacing-left-medium:10px;--awb-width-small:100%;--awb-order-small:0;--awb-spacing-right-small:10px;--awb-spacing-left-small:10px;\"><div class=\"fusion-column-wrapper fusion-column-has-shadow fusion-flex-justify-content-flex-start fusion-content-layout-column\"><div class=\"fusion-title title fusion-title-24 fusion-sep-none fusion-title-text fusion-title-size-six\" style=\"--awb-text-color:var(--awb-color3);--awb-margin-bottom:5px;--awb-margin-top-small:0px;--awb-margin-right-small:0px;--awb-margin-bottom-small:5px;--awb-margin-left-small:0px;--awb-font-size:var(--awb-typography3-font-size);\"><h6 class=\"fusion-title-heading title-heading-left fusion-responsive-typography-calculated\" style=\"font-family:var(--awb-typography3-font-family);font-weight:var(--awb-typography3-font-weight);font-style:var(--awb-typography3-font-style);margin:0;letter-spacing:var(--awb-typography3-letter-spacing);text-transform:var(--awb-typography3-text-transform);font-size:1em;--fontSize:20;--minFontSize:20;line-height:var(--awb-typography3-line-height);\">Reservar con nosotros<\/h6><\/div><div class=\"fusion-text fusion-text-37 fusion-text-no-margin\" style=\"--awb-content-alignment:justify;--awb-font-size:var(--awb-typography5-font-size);--awb-line-height:var(--awb-typography5-line-height);--awb-letter-spacing:var(--awb-typography5-letter-spacing);--awb-text-transform:var(--awb-typography5-text-transform);--awb-text-color:hsla(var(--awb-color1-h),var(--awb-color1-s),var(--awb-color1-l),calc(var(--awb-color1-a) - 25%));--awb-margin-top:0px;--awb-margin-right:0px;--awb-margin-bottom:25px;--awb-margin-left:0px;--awb-text-font-family:var(--awb-typography5-font-family);--awb-text-font-weight:var(--awb-typography5-font-weight);--awb-text-font-style:var(--awb-typography5-font-style);\"><p>\u00aa Elija que los fot\u00f3grafos\/vide\u00f3grafos lleguen antes para los preparativos previos a la ceremonia de la boda o, si lo prefiere, que vengan para la ceremonia y se queden despu\u00e9s para cubrir parte de la recepci\u00f3n (dentro de la cobertura seleccionada). \u00ba El tama\u00f1o del equipo de fot\u00f3grafos\/vide\u00f3grafos puede cambiar seg\u00fan el evento; se le notificar\u00e1 al confirmar. * El impuesto (IVA 13%) no est\u00e1 incluido. Las propinas no est\u00e1n incluidas en el precio, pero siempre son bienvenidas. La tarifa por tiempo adicional es de $100\/hora. El plazo de entrega para bodas suele ser de cuatro a cinco semanas.<\/p>\n<p><strong>Pagos aceptados:<\/strong> PayPal, tarjeta de cr\u00e9dito (a trav\u00e9s del enlace de la factura), transferencia bancaria local y efectivo (USD\/CRC).<\/p>\n<p>Tarifas para el Valle Central (San Jos\u00e9) \u2013 Pac\u00edfico Central (Jaco). Las tarifas externas est\u00e1n disponibles y ser\u00e1n proporcionadas por un agente. La tarifa adicional puede incluir transporte, alojamiento y otros gastos. Todos los servicios requieren un dep\u00f3sito m\u00ednimo del 50% para RESERVAR las fechas\/la reserva. El pago del saldo vence el d\u00eda de la sesi\u00f3n. Los precios no incluyen las impresiones, y enviaremos todos los archivos digitalmente. Esperar para reservar puede hacer que no haya fechas disponibles. Siempre recomendamos reservar con antelaci\u00f3n. <span class=\"Apple-converted-space\">&nbsp;<\/span><\/p>\n<\/div><div class=\"fusion-title title fusion-title-25 fusion-sep-none fusion-title-text fusion-title-size-six\" style=\"--awb-text-color:var(--awb-color3);--awb-margin-bottom:5px;--awb-margin-top-small:0px;--awb-margin-right-small:0px;--awb-margin-bottom-small:5px;--awb-margin-left-small:0px;--awb-font-size:var(--awb-typography3-font-size);\"><h6 class=\"fusion-title-heading title-heading-left fusion-responsive-typography-calculated\" style=\"font-family:var(--awb-typography3-font-family);font-weight:var(--awb-typography3-font-weight);font-style:var(--awb-typography3-font-style);margin:0;letter-spacing:var(--awb-typography3-letter-spacing);text-transform:var(--awb-typography3-text-transform);font-size:1em;--fontSize:20;--minFontSize:20;line-height:var(--awb-typography3-line-height);\">Nuestra pol\u00edtica de cancelaci\u00f3n<\/h6><\/div><div class=\"fusion-text fusion-text-38 fusion-text-no-margin\" style=\"--awb-content-alignment:justify;--awb-font-size:var(--awb-typography5-font-size);--awb-line-height:var(--awb-typography5-line-height);--awb-letter-spacing:var(--awb-typography5-letter-spacing);--awb-text-transform:var(--awb-typography5-text-transform);--awb-text-color:hsla(var(--awb-color1-h),var(--awb-color1-s),var(--awb-color1-l),calc(var(--awb-color1-a) - 25%));--awb-margin-top:0px;--awb-margin-right:0px;--awb-margin-bottom:25px;--awb-margin-left:0px;--awb-text-font-family:var(--awb-typography5-font-family);--awb-text-font-weight:var(--awb-typography5-font-weight);--awb-text-font-style:var(--awb-typography5-font-style);\"><p>Cont\u00e1ctenos dentro de las 48 horas posteriores al pago de su dep\u00f3sito para recibir un reembolso completo de su dep\u00f3sito. Despu\u00e9s de eso, no se otorgar\u00e1n reembolsos de dep\u00f3sito, ya que estamos reservando la fecha y hora y bloqueando nuestro calendario (se puede aplicar la reprogramaci\u00f3n). Tenga en cuenta que hay tarifas de procesamiento para cada transacci\u00f3n que se pierden cuando se solicita un reembolso. Algunas circunstancias est\u00e1n fuera de nuestro control y podemos considerar un reembolso, un reembolso parcial o una reprogramaci\u00f3n, as\u00ed que no dude en contactarnos.   <\/p>\n<\/div><div class=\"fusion-title title fusion-title-26 fusion-sep-none fusion-title-text fusion-title-size-six\" style=\"--awb-text-color:var(--awb-color3);--awb-margin-bottom:5px;--awb-margin-top-small:0px;--awb-margin-right-small:0px;--awb-margin-bottom-small:5px;--awb-margin-left-small:0px;--awb-font-size:var(--awb-typography3-font-size);\"><h6 class=\"fusion-title-heading title-heading-left fusion-responsive-typography-calculated\" style=\"font-family:var(--awb-typography3-font-family);font-weight:var(--awb-typography3-font-weight);font-style:var(--awb-typography3-font-style);margin:0;letter-spacing:var(--awb-typography3-letter-spacing);text-transform:var(--awb-typography3-text-transform);font-size:1em;--fontSize:20;--minFontSize:20;line-height:var(--awb-typography3-line-height);\">Preguntas frecuentes<\/h6><\/div><style type=\"text\/css\">.fusion-faqs-wrapper #accordian-1 .fusion-panel { border-color:rgba(255,255,255,0.2); }.fusion-faqs-wrapper #accordian-1 .fusion-panel:hover{ border-color: rgba(255,255,255,0.2); }.fusion-accordian #accordian-1 .panel-title a .fa-fusion-box:before{ font-size: 13px;width: 13px;}.fusion-accordian #accordian-1 .panel-title a .fa-fusion-box{ color: var(--awb-color3);}.fusion-accordian  #accordian-1 .panel-title a{font-size:16px;text-transform:var(--awb-typography3-text-transform);line-height:1;letter-spacing:var(--awb-typography3-letter-spacing);font-family:var(--awb-typography3-font-family);font-weight:var(--awb-typography3-font-weight);font-style:var(--awb-typography3-font-style);}.fusion-accordian  #accordian-1 .panel-title a:not(:hover){color:hsla(var(--awb-color1-h),var(--awb-color1-s),var(--awb-color1-l),calc(var(--awb-color1-a) - 25%));}.fusion-accordian  #accordian-1 .toggle-content{font-size:14px;text-transform:var(--awb-typography4-text-transform);line-height:1.5;letter-spacing:var(--awb-typography4-letter-spacing);color:var(--awb-color1);font-family:\"Poppins\";font-style:normal;font-weight:400;}.fusion-accordian #accordian-1 .panel-title a:hover,.fusion-accordian #accordian-1 .panel-title a.hover { color: var(--awb-color8);}.fusion-faq-shortcode .fusion-accordian #accordian-1 .fusion-toggle-boxed-mode:hover .panel-title a { color: var(--awb-color8);}.fusion-accordian #accordian-1.fusion-toggle-icon-unboxed .panel-title a:hover .fa-fusion-box,.fusion-accordian #accordian-1.fusion-toggle-icon-unboxed .panel-title a.hover .fa-fusion-box { color: var(--awb-color8); }<\/style><div class=\"fusion-faq-shortcode\" style=\"\"><div class=\"fusion-faqs-wrapper\"><div class=\"accordian fusion-accordian\"><div class=\"panel-group  fusion-toggle-icon-unboxed\" id=\"accordian-1\"><div class=\"fusion-panel fusion-toggle-no-divider panel-default fusion-faq-post fusion-faq-post-8068 \"><span class=\"entry-title rich-snippet-hidden\">\u00bfCu\u00e1l es el mejor momento del d\u00eda para la fotograf\u00eda al aire libre?<\/span><span class=\"vcard rich-snippet-hidden\"><span class=\"fn\"><a href=\"https:\/\/jacophotographer.com\/es\/author\/JacoPhotographer\/\" title=\"Entradas de JacoPhotographer\" rel=\"author\">JacoPhotographer<\/a><\/span><\/span><span class=\"updated rich-snippet-hidden\">2026-03-26T11:16:36-06:00<\/span><div class=\"panel-heading\"><h5 id=\"faq_1-8068\" class=\"panel-title toggle\"><a data-toggle=\"collapse\" class=\"collapsed\" data-parent=\"#accordian-1\" data-target=\"#collapse-1-8068\" href=\"#collapse-1-8068\" aria-expanded=\"false\"><div class=\"fusion-toggle-icon-wrapper\"><div class=\"fusion-toggle-icon-wrapper-main\"><div class=\"fusion-toggle-icon-wrapper-sub\"><i class=\"fa-fusion-box active-icon awb-icon-minus\" aria-hidden=\"true\"><\/i><i class=\"fa-fusion-box inactive-icon awb-icon-plus\" aria-hidden=\"true\"><\/i><\/div><\/div><\/div><div class=\"fusion-toggle-heading\">\u00bfCu\u00e1l es el mejor momento del d\u00eda para la fotograf\u00eda al aire libre?<\/div><\/a><\/h5><\/div><div id=\"collapse-1-8068\" aria-labelledby=\"faq_1-8068\" class=\"panel-collapse collapse\"><div class=\"panel-body toggle-content post-content\"><p data-start=\"139\" data-end=\"449\">El clima tropical de Costa Rica significa que el sol es fuerte y la luz puede ser intensa durante el mediod\u00eda. Para obtener los mejores resultados, recomendamos programar las sesiones al aire libre durante la <strong data-start=\"311\" data-end=\"346\">primera hora de la ma\u00f1ana o al final de la tarde<\/strong>, cuando la iluminaci\u00f3n es m\u00e1s suave, las temperaturas son m\u00e1s agradables y las condiciones son ideales para la fotograf\u00eda. <\/p>\n<ul data-start=\"451\" data-end=\"547\">\n<li data-section-id=\"x2ons4\" data-start=\"451\" data-end=\"495\"><strong data-start=\"453\" data-end=\"474\">Sesiones matutinas:<\/strong> 7:00 \u2013 10:00<\/li>\n<li data-section-id=\"yk2nv8\" data-start=\"496\" data-end=\"547\"><strong data-start=\"498\" data-end=\"521\">Sesiones de tarde:<\/strong> A partir de las 16:00 \/ 17:00<\/li>\n<\/ul>\n<p data-start=\"549\" data-end=\"828\">Estos horarios nos permiten capturar una luz natural y favorecedora, evitando sombras duras y un calor excesivo. Durante ciertas \u00e9pocas del a\u00f1o, las sesiones de tarde tambi\u00e9n pueden coincidir con <strong data-start=\"734\" data-end=\"765\">hermosas puestas de sol<\/strong>, a\u00f1adiendo una capa extra de color y atm\u00f3sfera a tus fotos. (Ten en cuenta que durante la temporada de lluvias solo recomendamos la sesi\u00f3n de ma\u00f1ana debido a la posibilidad de lluvia).  <\/p>\n<p data-start=\"830\" data-end=\"989\">Entendemos que las ma\u00f1anas temprano no siempre son ideales \u2014especialmente durante las vacaciones\u2014, pero la diferencia en la calidad es significativa y los resultados siempre merecen la pena.<\/p>\n<\/div><\/div><\/div><div class=\"fusion-panel fusion-toggle-no-divider panel-default fusion-faq-post fusion-faq-post-8054 \"><span class=\"entry-title rich-snippet-hidden\">\u00bfHay reembolsos?<\/span><span class=\"vcard rich-snippet-hidden\"><span class=\"fn\"><a href=\"https:\/\/jacophotographer.com\/es\/author\/JacoPhotographer\/\" title=\"Entradas de JacoPhotographer\" rel=\"author\">JacoPhotographer<\/a><\/span><\/span><span class=\"updated rich-snippet-hidden\">2026-03-26T11:04:43-06:00<\/span><div class=\"panel-heading\"><h5 id=\"faq_1-8054\" class=\"panel-title toggle\"><a data-toggle=\"collapse\" class=\"collapsed\" data-parent=\"#accordian-1\" data-target=\"#collapse-1-8054\" href=\"#collapse-1-8054\" aria-expanded=\"false\"><div class=\"fusion-toggle-icon-wrapper\"><div class=\"fusion-toggle-icon-wrapper-main\"><div class=\"fusion-toggle-icon-wrapper-sub\"><i class=\"fa-fusion-box active-icon awb-icon-minus\" aria-hidden=\"true\"><\/i><i class=\"fa-fusion-box inactive-icon awb-icon-plus\" aria-hidden=\"true\"><\/i><\/div><\/div><\/div><div class=\"fusion-toggle-heading\">\u00bfHay reembolsos?<\/div><\/a><\/h5><\/div><div id=\"collapse-1-8054\" aria-labelledby=\"faq_1-8054\" class=\"panel-collapse collapse\"><div class=\"panel-body toggle-content post-content\"><p data-start=\"152\" data-end=\"320\">Ofrecemos un <strong data-start=\"163\" data-end=\"187\">periodo de cortes\u00eda de 48 horas<\/strong> tras realizar el dep\u00f3sito inicial. Si te pones en contacto con nosotros en este plazo, tienes derecho al <strong data-start=\"288\" data-end=\"319\">reembolso \u00edntegro de tu dep\u00f3sito<\/strong>. <\/p>\n<p data-start=\"322\" data-end=\"568\">Pasadas las 48 horas, los dep\u00f3sitos pasan a ser <strong data-start=\"354\" data-end=\"372\">no reembolsables<\/strong>, ya que tu fecha y hora quedan reservadas y se eliminan de nuestra disponibilidad. No obstante, entendemos que los planes pueden cambiar y, en muchos casos, <strong data-start=\"509\" data-end=\"541\">es posible reprogramar la sesi\u00f3n<\/strong> seg\u00fan la disponibilidad. <\/p>\n<p data-start=\"570\" data-end=\"680\">Ten en cuenta que las <strong data-start=\"587\" data-end=\"633\">comisiones por procesamiento de pagos no son reembolsables<\/strong>, ya que las cobran proveedores externos.<\/p>\n<p data-start=\"682\" data-end=\"947\">Ante circunstancias inesperadas o excepcionales, siempre estamos abiertos a revisar tu situaci\u00f3n y podemos ofrecerte un <strong data-start=\"790\" data-end=\"840\">reembolso parcial, un cr\u00e9dito o la opci\u00f3n de reprogramar<\/strong> a nuestra discreci\u00f3n. Te animamos a que contactes con nosotros directamente para que podamos encontrar la mejor soluci\u00f3n posible. <\/p>\n<\/div><\/div><\/div><div class=\"fusion-panel fusion-toggle-no-divider panel-default fusion-faq-post fusion-faq-post-8064 \"><span class=\"entry-title rich-snippet-hidden\">\u00bfPacific Photography viaja fuera de Costa Rica?<\/span><span class=\"vcard rich-snippet-hidden\"><span class=\"fn\"><a href=\"https:\/\/jacophotographer.com\/es\/author\/JacoPhotographer\/\" title=\"Entradas de JacoPhotographer\" rel=\"author\">JacoPhotographer<\/a><\/span><\/span><span class=\"updated rich-snippet-hidden\">2026-03-26T11:12:26-06:00<\/span><div class=\"panel-heading\"><h5 id=\"faq_1-8064\" class=\"panel-title toggle\"><a data-toggle=\"collapse\" class=\"collapsed\" data-parent=\"#accordian-1\" data-target=\"#collapse-1-8064\" href=\"#collapse-1-8064\" aria-expanded=\"false\"><div class=\"fusion-toggle-icon-wrapper\"><div class=\"fusion-toggle-icon-wrapper-main\"><div class=\"fusion-toggle-icon-wrapper-sub\"><i class=\"fa-fusion-box active-icon awb-icon-minus\" aria-hidden=\"true\"><\/i><i class=\"fa-fusion-box inactive-icon awb-icon-plus\" aria-hidden=\"true\"><\/i><\/div><\/div><\/div><div class=\"fusion-toggle-heading\">\u00bfPacific Photography viaja fuera de Costa Rica?<\/div><\/a><\/h5><\/div><div id=\"collapse-1-8064\" aria-labelledby=\"faq_1-8064\" class=\"panel-collapse collapse\"><div class=\"panel-body toggle-content post-content\"><p data-start=\"195\" data-end=\"312\">S\u00ed, por supuesto. Aunque tenemos nuestra base en Costa Rica, viajamos regularmente para proyectos tanto a nivel local como internacional. <\/p>\n<p data-start=\"314\" data-end=\"518\">Nuestro equipo ha prestado servicios en destinos como <strong data-start=\"369\" data-end=\"405\">Texas, Nueva York, Canad\u00e1, Jamaica<\/strong> y m\u00e1s all\u00e1. Siempre nos entusiasma trabajar en nuevas ubicaciones y llevar nuestros servicios donde nuestros clientes nos necesiten. <\/p>\n<p data-start=\"520\" data-end=\"729\">Si est\u00e1s planificando un proyecto fuera de Costa Rica, simplemente ponte en contacto con nosotros con los detalles y te proporcionaremos un <strong data-start=\"627\" data-end=\"643\">presupuesto personalizado<\/strong>, incluyendo toda la log\u00edstica de viaje para garantizar una experiencia impecable de principio a fin.<\/p>\n<\/div><\/div><\/div><div class=\"fusion-panel fusion-toggle-no-divider panel-default fusion-faq-post fusion-faq-post-8060 \"><span class=\"entry-title rich-snippet-hidden\">\u00bfPor qu\u00e9 los precios presupuestados son diferentes a los que aparecen en tu sitio web?<\/span><span class=\"vcard rich-snippet-hidden\"><span class=\"fn\"><a href=\"https:\/\/jacophotographer.com\/es\/author\/JacoPhotographer\/\" title=\"Entradas de JacoPhotographer\" rel=\"author\">JacoPhotographer<\/a><\/span><\/span><span class=\"updated rich-snippet-hidden\">2026-03-26T11:09:33-06:00<\/span><div class=\"panel-heading\"><h5 id=\"faq_1-8060\" class=\"panel-title toggle\"><a data-toggle=\"collapse\" class=\"collapsed\" data-parent=\"#accordian-1\" data-target=\"#collapse-1-8060\" href=\"#collapse-1-8060\" aria-expanded=\"false\"><div class=\"fusion-toggle-icon-wrapper\"><div class=\"fusion-toggle-icon-wrapper-main\"><div class=\"fusion-toggle-icon-wrapper-sub\"><i class=\"fa-fusion-box active-icon awb-icon-minus\" aria-hidden=\"true\"><\/i><i class=\"fa-fusion-box inactive-icon awb-icon-plus\" aria-hidden=\"true\"><\/i><\/div><\/div><\/div><div class=\"fusion-toggle-heading\">\u00bfPor qu\u00e9 los precios presupuestados son diferentes a los que aparecen en tu sitio web?<\/div><\/a><\/h5><\/div><div id=\"collapse-1-8060\" aria-labelledby=\"faq_1-8060\" class=\"panel-collapse collapse\"><div class=\"panel-body toggle-content post-content\"><p data-start=\"204\" data-end=\"335\">Nuestras tarifas est\u00e1ndar se basan en proyectos ubicados en las regiones del <strong data-start=\"265\" data-end=\"326\">Pac\u00edfico Central (zona de Jac\u00f3) y el Valle Central (San Jos\u00e9)<\/strong>.<\/p>\n<p data-start=\"337\" data-end=\"636\">Para ubicaciones fuera de estas zonas, los precios pueden variar debido a <strong data-start=\"399\" data-end=\"433\">requisitos de viaje adicionales<\/strong>, que pueden incluir transporte, alojamiento y tiempos de desplazamiento prolongados. Como cada proyecto es \u00fanico, estos factores se calculan de forma personalizada para garantizar una planificaci\u00f3n adecuada y la calidad del servicio. <\/p>\n<p data-start=\"638\" data-end=\"742\">Nuestro objetivo es siempre ofrecer presupuestos transparentes y personalizados para que sepas exactamente qu\u00e9 esperar, sin sorpresas.<\/p>\n<\/div><\/div><\/div><div class=\"fusion-panel fusion-toggle-no-divider panel-default fusion-faq-post fusion-faq-post-8051 \"><span class=\"entry-title rich-snippet-hidden\">C\u00f3mo pagamos?<\/span><span class=\"vcard rich-snippet-hidden\"><span class=\"fn\"><a href=\"https:\/\/jacophotographer.com\/es\/author\/JacoPhotographer\/\" title=\"Entradas de JacoPhotographer\" rel=\"author\">JacoPhotographer<\/a><\/span><\/span><span class=\"updated rich-snippet-hidden\">2026-03-26T11:03:24-06:00<\/span><div class=\"panel-heading\"><h5 id=\"faq_1-8051\" class=\"panel-title toggle\"><a data-toggle=\"collapse\" class=\"collapsed\" data-parent=\"#accordian-1\" data-target=\"#collapse-1-8051\" href=\"#collapse-1-8051\" aria-expanded=\"false\"><div class=\"fusion-toggle-icon-wrapper\"><div class=\"fusion-toggle-icon-wrapper-main\"><div class=\"fusion-toggle-icon-wrapper-sub\"><i class=\"fa-fusion-box active-icon awb-icon-minus\" aria-hidden=\"true\"><\/i><i class=\"fa-fusion-box inactive-icon awb-icon-plus\" aria-hidden=\"true\"><\/i><\/div><\/div><\/div><div class=\"fusion-toggle-heading\">C\u00f3mo pagamos?<\/div><\/a><\/h5><\/div><div id=\"collapse-1-8051\" aria-labelledby=\"faq_1-8051\" class=\"panel-collapse collapse\"><div class=\"panel-body toggle-content post-content\"><p data-start=\"111\" data-end=\"287\">Para asegurar tu reserva, requerimos un <strong data-start=\"148\" data-end=\"163\">dep\u00f3sito del 50%<\/strong>, lo que reserva oficialmente tu fecha en nuestro calendario. El <strong data-start=\"222\" data-end=\"286\">saldo restante se debe abonar el d\u00eda de tu sesi\u00f3n o evento<\/strong>. <\/p>\n<p data-start=\"289\" data-end=\"584\">Ofrecemos varias opciones de pago convenientes, incluyendo:<br data-start=\"345\" data-end=\"348\"><strong data-start=\"348\" data-end=\"437\">Tarjeta de Cr\u00e9dito (mediante factura segura), PayPal, Transferencia Bancaria Local y Efectivo (USD o CRC).<\/strong><br data-start=\"437\" data-end=\"440\">Ten en cuenta que los pagos pueden aparecer bajo <strong data-start=\"483\" data-end=\"547\">Pacific Marketing Agency, Pacific Photography o REY Design<\/strong>, dependiendo del m\u00e9todo de procesamiento.<\/p>\n<\/div><\/div><\/div><div class=\"fusion-panel fusion-toggle-no-divider panel-default fusion-faq-post fusion-faq-post-8046 \"><span class=\"entry-title rich-snippet-hidden\">Cu\u00e1ndo recibir\u00e9 nuestras fotos?<\/span><span class=\"vcard rich-snippet-hidden\"><span class=\"fn\"><a href=\"https:\/\/jacophotographer.com\/es\/author\/JacoPhotographer\/\" title=\"Entradas de JacoPhotographer\" rel=\"author\">JacoPhotographer<\/a><\/span><\/span><span class=\"updated rich-snippet-hidden\">2026-03-26T11:07:08-06:00<\/span><div class=\"panel-heading\"><h5 id=\"faq_1-8046\" class=\"panel-title toggle\"><a data-toggle=\"collapse\" class=\"collapsed\" data-parent=\"#accordian-1\" data-target=\"#collapse-1-8046\" href=\"#collapse-1-8046\" aria-expanded=\"false\"><div class=\"fusion-toggle-icon-wrapper\"><div class=\"fusion-toggle-icon-wrapper-main\"><div class=\"fusion-toggle-icon-wrapper-sub\"><i class=\"fa-fusion-box active-icon awb-icon-minus\" aria-hidden=\"true\"><\/i><i class=\"fa-fusion-box inactive-icon awb-icon-plus\" aria-hidden=\"true\"><\/i><\/div><\/div><\/div><div class=\"fusion-toggle-heading\">Cu\u00e1ndo recibir\u00e9 nuestras fotos?<\/div><\/a><\/h5><\/div><div id=\"collapse-1-8046\" aria-labelledby=\"faq_1-8046\" class=\"panel-collapse collapse\"><div class=\"panel-body toggle-content post-content\"><p data-start=\"157\" data-end=\"293\">Nuestros plazos de entrega est\u00e1n dise\u00f1ados para garantizar que cada imagen y v\u00eddeo sea cuidadosamente seleccionado, editado y presentado con la m\u00e1xima calidad:<\/p>\n<ul data-start=\"295\" data-end=\"501\">\n<li data-section-id=\"ci4ce5\" data-start=\"295\" data-end=\"369\"><strong data-start=\"297\" data-end=\"322\">Sesiones de fotograf\u00eda:<\/strong> Entregadas en aproximadamente <strong data-start=\"354\" data-end=\"367\">1\u20132 semanas<\/strong><\/li>\n<li data-section-id=\"1piq9vi\" data-start=\"370\" data-end=\"440\"><strong data-start=\"372\" data-end=\"393\">Producci\u00f3n de v\u00eddeo:<\/strong> Entregada en aproximadamente <strong data-start=\"425\" data-end=\"438\">2\u20134 semanas<\/strong><\/li>\n<li data-section-id=\"tbwj8q\" data-start=\"441\" data-end=\"501\"><strong data-start=\"443\" data-end=\"456\">Bodas:<\/strong> Entregadas en aproximadamente <strong data-start=\"488\" data-end=\"501\">4\u20135 semanas<\/strong><\/li>\n<\/ul>\n<p data-start=\"503\" data-end=\"759\">Todo el contenido final se entrega a trav\u00e9s de una <strong data-start=\"544\" data-end=\"570\">galer\u00eda privada en l\u00ednea<\/strong>, donde puedes ver, descargar y compartir tus archivos f\u00e1cilmente. Tu galer\u00eda permanecer\u00e1 activa durante <strong data-start=\"667\" data-end=\"679\">6 meses<\/strong>, por lo que te recomendamos descargar y hacer una copia de seguridad de tu contenido dentro de este plazo. <\/p>\n<p data-start=\"761\" data-end=\"965\">Ten en cuenta que el n\u00famero de im\u00e1genes proporcionadas representa una <strong data-start=\"821\" data-end=\"850\">cantidad m\u00ednima garantizada<\/strong>. En la mayor\u00eda de los casos, recibir\u00e1s m\u00e1s, ya que siempre buscamos entregar la mejor selecci\u00f3n de im\u00e1genes de tu sesi\u00f3n. <\/p>\n<\/div><\/div><\/div><\/div><\/div><\/div><\/div><\/div><\/div><\/div><\/div><div class=\"fusion-fullwidth fullwidth-box fusion-builder-row-10 fusion-flex-container has-pattern-background has-mask-background fusion-parallax-fixed nonhundred-percent-fullwidth non-hundred-percent-height-scrolling\" style=\"--awb-background-position:right center;--awb-background-position-small:center center;--awb-border-radius-top-left:0px;--awb-border-radius-top-right:0px;--awb-border-radius-bottom-right:0px;--awb-border-radius-bottom-left:0px;--awb-padding-top:100px;--awb-padding-right:5%;--awb-padding-bottom:100px;--awb-padding-left:5%;--awb-background-image:linear-gradient(180deg, hsla(var(--awb-color1-h),var(--awb-color1-s),var(--awb-color1-l),calc(var(--awb-color1-a) - 30%)) 0%,hsla(var(--awb-color1-h),var(--awb-color1-s),var(--awb-color1-l),calc(var(--awb-color1-a) - 30%)) 100%),url(http:\/\/jacophotographer.com\/wp-content\/uploads\/2023\/11\/Wedding-Trash-the-Dress-Photography-Costa-Rica.jpg);;--awb-background-size:cover;--awb-flex-wrap:wrap;background-attachment:fixed;\" ><div class=\"fusion-builder-row fusion-row fusion-flex-align-items-flex-start fusion-flex-content-wrap\" style=\"max-width:calc( 1280px + 20px );margin-left: calc(-20px \/ 2 );margin-right: calc(-20px \/ 2 );\"><div class=\"fusion-layout-column fusion_builder_column fusion-builder-column-18 fusion_builder_column_3_5 3_5 fusion-flex-column\" style=\"--awb-bg-size:cover;--awb-width-large:60%;--awb-margin-top-large:0px;--awb-spacing-right-large:10px;--awb-margin-bottom-large:0px;--awb-spacing-left-large:10px;--awb-width-medium:50%;--awb-order-medium:0;--awb-spacing-right-medium:10px;--awb-spacing-left-medium:10px;--awb-width-small:100%;--awb-order-small:0;--awb-spacing-right-small:10px;--awb-margin-bottom-small:0px;--awb-spacing-left-small:10px;\"><div class=\"fusion-column-wrapper fusion-column-has-shadow fusion-flex-justify-content-flex-start fusion-content-layout-column\"><div class=\"fusion-title title fusion-title-27 fusion-no-medium-visibility fusion-no-large-visibility fusion-sep-none fusion-title-text fusion-title-size-four\" style=\"--awb-text-color:hsla(var(--awb-color6-h),var(--awb-color6-s),var(--awb-color6-l),calc(var(--awb-color6-a) - 20%));--awb-margin-top-small:0px;--awb-margin-right-small:0px;--awb-margin-bottom-small:0px;--awb-margin-left-small:0px;--awb-font-size:20px;\"><h4 class=\"fusion-title-heading title-heading-left fusion-responsive-typography-calculated\" style=\"font-family:var(--awb-typography2-font-family);font-weight:var(--awb-typography2-font-weight);font-style:var(--awb-typography2-font-style);margin:0;letter-spacing:var(--awb-typography2-letter-spacing);text-transform:var(--awb-typography2-text-transform);font-size:1em;--fontSize:20;--minFontSize:20;line-height:var(--awb-typography2-line-height);\">Su Boda de Destino en Costa Rica<\/h4><\/div><div class=\"fusion-title title fusion-title-28 fusion-no-small-visibility fusion-sep-none fusion-title-text fusion-title-size-four\" style=\"--awb-text-color:hsla(var(--awb-color6-h),var(--awb-color6-s),var(--awb-color6-l),calc(var(--awb-color6-a) - 20%));--awb-margin-top-small:0px;--awb-margin-right-small:0px;--awb-margin-bottom-small:0px;--awb-margin-left-small:0px;--awb-font-size:var(--awb-typography2-font-size);\"><h4 class=\"fusion-title-heading title-heading-left fusion-responsive-typography-calculated\" style=\"font-family:var(--awb-typography2-font-family);font-weight:var(--awb-typography2-font-weight);font-style:var(--awb-typography2-font-style);margin:0;letter-spacing:var(--awb-typography2-letter-spacing);text-transform:var(--awb-typography2-text-transform);font-size:1em;--fontSize:25;--minFontSize:25;line-height:var(--awb-typography2-line-height);\">Su Boda de Destino en Costa Rica<\/h4><\/div><div class=\"fusion-title title fusion-title-29 fusion-sep-none fusion-title-text fusion-title-size-five\" style=\"--awb-text-color:var(--awb-color7);--awb-margin-top-small:0px;--awb-margin-right-small:0px;--awb-margin-bottom-small:0px;--awb-margin-left-small:0px;--awb-font-size:var(--awb-typography1-font-size);\"><h5 class=\"fusion-title-heading title-heading-left fusion-responsive-typography-calculated\" style=\"font-family:var(--awb-typography1-font-family);font-weight:var(--awb-typography1-font-weight);font-style:var(--awb-typography1-font-style);margin:0;letter-spacing:var(--awb-typography1-letter-spacing);text-transform:var(--awb-typography1-text-transform);font-size:1em;--fontSize:45;line-height:var(--awb-typography1-line-height);\">PLANIFICACI\u00d3N DE BODAS<\/h5><\/div><div class=\"fusion-title title fusion-title-30 fusion-sep-none fusion-title-text fusion-title-size-paragraph\" style=\"--awb-text-color:hsla(var(--awb-color6-h),var(--awb-color6-s),var(--awb-color6-l),calc(var(--awb-color6-a) - 20%));--awb-margin-right:0xp;--awb-margin-bottom:15px;--awb-margin-top-small:0px;--awb-margin-right-small:0px;--awb-margin-bottom-small:15px;--awb-margin-left-small:0px;--awb-font-size:var(--awb-typography3-font-size);\"><p class=\"fusion-title-heading title-heading-left title-heading-tag fusion-responsive-typography-calculated\" style=\"font-family:var(--awb-typography3-font-family);font-weight:var(--awb-typography3-font-weight);font-style:var(--awb-typography3-font-style);margin:0;letter-spacing:var(--awb-typography3-letter-spacing);text-transform:none;font-size:1em;--fontSize:20;--minFontSize:20;line-height:var(--awb-typography3-line-height);\">Por Pacific Weddings Costa Rica<\/p><\/div><div ><a class=\"fusion-button button-flat fusion-button-default-size button-default fusion-button-default button-20 fusion-button-default-span fusion-button-default-type\" target=\"_blank\" rel=\"noopener noreferrer\" title=\"Planifique su pr\u00f3xima boda de destino en Costa Rica con Pacific Weddings\" aria-label=\"Planifique su pr\u00f3xima boda de destino en Costa Rica con Pacific Weddings\" href=\"https:\/\/pacificweddingscr.com\"><span class=\"fusion-button-text awb-button__text awb-button__text--default\">Visite Pacific Weddings<\/span><i class=\"fa-external-link-alt fas awb-button__icon awb-button__icon--default button-icon-right\" aria-hidden=\"true\"><\/i><\/a><\/div><\/div><\/div><\/div><\/div><\/p>\n","protected":false},"excerpt":{"rendered":"","protected":false},"author":1,"featured_media":7036,"parent":0,"menu_order":0,"comment_status":"closed","ping_status":"closed","template":"100-width.php","meta":{"footnotes":""},"class_list":["post-7321","page","type-page","status-publish","has-post-thumbnail","hentry"],"aioseo_notices":[],"_links":{"self":[{"href":"https:\/\/jacophotographer.com\/es\/wp-json\/wp\/v2\/pages\/7321","targetHints":{"allow":["GET"]}}],"collection":[{"href":"https:\/\/jacophotographer.com\/es\/wp-json\/wp\/v2\/pages"}],"about":[{"href":"https:\/\/jacophotographer.com\/es\/wp-json\/wp\/v2\/types\/page"}],"author":[{"embeddable":true,"href":"https:\/\/jacophotographer.com\/es\/wp-json\/wp\/v2\/users\/1"}],"replies":[{"embeddable":true,"href":"https:\/\/jacophotographer.com\/es\/wp-json\/wp\/v2\/comments?post=7321"}],"version-history":[{"count":0,"href":"https:\/\/jacophotographer.com\/es\/wp-json\/wp\/v2\/pages\/7321\/revisions"}],"wp:featuredmedia":[{"embeddable":true,"href":"https:\/\/jacophotographer.com\/es\/wp-json\/wp\/v2\/media\/7036"}],"wp:attachment":[{"href":"https:\/\/jacophotographer.com\/es\/wp-json\/wp\/v2\/media?parent=7321"}],"curies":[{"name":"wp","href":"https:\/\/api.w.org\/{rel}","templated":true}]}}